{"id":2613,"date":"2023-04-03T13:25:04","date_gmt":"2023-04-03T09:25:04","guid":{"rendered":"https:\/\/www.villa-manaaki.com\/startseite\/"},"modified":"2024-12-04T14:59:47","modified_gmt":"2024-12-04T10:59:47","slug":"startseite","status":"publish","type":"page","link":"https:\/\/www.villa-manaaki.com\/de\/","title":{"rendered":"Startseite"},"content":{"rendered":"<p>[et_pb_section fb_built=&#8220;1&#8243; admin_label=&#8220;About&#8220; _builder_version=&#8220;4.20.2&#8243; custom_padding=&#8220;28px||0px||false|false&#8220; global_colors_info=&#8220;{}&#8220;][et_pb_row column_structure=&#8220;1_3,1_3,1_3&#8243; use_custom_gutter=&#8220;on&#8220; gutter_width=&#8220;1&#8243; make_equal=&#8220;on&#8220; disabled_on=&#8220;on|on|off&#8220; _builder_version=&#8220;4.22.0&#8243; width=&#8220;95%&#8220; max_width=&#8220;95%&#8220; module_alignment=&#8220;center&#8220; custom_margin=&#8220;||3%||false|false&#8220; global_colors_info=&#8220;{}&#8220;][et_pb_column type=&#8220;1_3&#8243; module_class=&#8220;centrer&#8220; _builder_version=&#8220;4.20.2&#8243; custom_padding=&#8220;|||&#8220; custom_css_main_element=&#8220;width:42%!important&#8220; global_colors_info=&#8220;{}&#8220; custom_padding__hover=&#8220;|||&#8220;][et_pb_text _builder_version=&#8220;4.20.2&#8243; _module_preset=&#8220;default&#8220; text_font=&#8220;|300|||||||&#8220; text_font_size=&#8220;19px&#8220; text_line_height=&#8220;1.8em&#8220; header_2_font=&#8220;Ubuntu||||||||&#8220; header_2_text_align=&#8220;center&#8220; header_2_text_color=&#8220;#97d700&#8243; header_2_font_size=&#8220;28px&#8220; header_2_line_height=&#8220;1.9em&#8220; custom_margin=&#8220;|-9%|||false|false&#8220; custom_padding=&#8220;|0%|||false|false&#8220; custom_padding_tablet=&#8220;|5%|||false|false&#8220; custom_padding_phone=&#8220;|5%|||false|false&#8220; custom_padding_last_edited=&#8220;on|desktop&#8220; global_colors_info=&#8220;{}&#8220;]<\/p>\n<p style=\"text-align: justify;\">Die Villa Manaaki liegt in Bois de N\u00e8fles in den H\u00f6hen von Saint-Paul im Westen der Insel R\u00e9union und empf\u00e4ngt Sie das ganze Jahr \u00fcber in ihrer Oase des <strong>Friedens<\/strong>.<\/p>\n<p>[\/et_pb_text][\/et_pb_column][et_pb_column type=&#8220;1_3&#8243; module_class=&#8220;centrer&#8220; _builder_version=&#8220;4.20.2&#8243; custom_padding=&#8220;|||&#8220; custom_css_main_element=&#8220;width:16%!important&#8220; global_colors_info=&#8220;{}&#8220; custom_padding__hover=&#8220;|||&#8220;][et_pb_image src=&#8220;https:\/\/www.villa-manaaki.com\/wp-content\/uploads\/2023\/03\/cropped-icon.webp&#8220; title_text=&#8220;cropped-icon.webp&#8220; align=&#8220;center&#8220; _builder_version=&#8220;4.22.0&#8243; _module_preset=&#8220;default&#8220; width=&#8220;35%&#8220; max_width=&#8220;35%&#8220; custom_margin=&#8220;0px||0px||false|false&#8220; custom_padding=&#8220;0px|0px||0px|false|true&#8220; animation_style=&#8220;fade&#8220; border_color_bottom=&#8220;#FFFFFF&#8220; global_colors_info=&#8220;{}&#8220;][\/et_pb_image][\/et_pb_column][et_pb_column type=&#8220;1_3&#8243; module_class=&#8220;centrer&#8220; _builder_version=&#8220;4.20.2&#8243; custom_padding=&#8220;|||&#8220; custom_css_main_element=&#8220;width:42%!important&#8220; global_colors_info=&#8220;{}&#8220; custom_padding__hover=&#8220;|||&#8220;][et_pb_text disabled_on=&#8220;off|off|off&#8220; _builder_version=&#8220;4.20.2&#8243; _module_preset=&#8220;default&#8220; text_font=&#8220;|300|||||||&#8220; text_font_size=&#8220;19px&#8220; text_line_height=&#8220;1.8em&#8220; header_2_font=&#8220;Ubuntu||||||||&#8220; header_2_text_align=&#8220;center&#8220; header_2_text_color=&#8220;#97d700&#8243; header_2_font_size=&#8220;28px&#8220; header_2_line_height=&#8220;1.9em&#8220; custom_margin=&#8220;|||-9%|false|false&#8220; custom_padding=&#8220;|0%||0px|false|false&#8220; custom_padding_tablet=&#8220;|5%|||false|false&#8220; custom_padding_phone=&#8220;|5%|||false|false&#8220; custom_padding_last_edited=&#8220;on|desktop&#8220; global_colors_info=&#8220;{}&#8220;]<\/p>\n<p style=\"text-align: justify;\">F\u00fcr einen kurzen oder l\u00e4ngeren Aufenthalt, entdecken Sie unsere Zimmer und genie\u00dfen Sie in aller Ruhe unsere <strong>luxuri\u00f6se und entspannende Umgebung<\/strong>.<\/p>\n<p>[\/et_pb_text][\/et_pb_column][\/et_pb_row][et_pb_row column_structure=&#8220;1_3,1_3,1_3&#8243; use_custom_gutter=&#8220;on&#8220; gutter_width=&#8220;1&#8243; make_equal=&#8220;on&#8220; disabled_on=&#8220;off|off|on&#8220; _builder_version=&#8220;4.20.2&#8243; max_width=&#8220;80%&#8220; module_alignment=&#8220;center&#8220; custom_margin=&#8220;||3%||false|false&#8220; global_colors_info=&#8220;{}&#8220;][et_pb_column type=&#8220;1_3&#8243; _builder_version=&#8220;4.20.2&#8243; custom_padding=&#8220;|||&#8220; global_colors_info=&#8220;{}&#8220; custom_padding__hover=&#8220;|||&#8220;][et_pb_text _builder_version=&#8220;4.22.0&#8243; _module_preset=&#8220;default&#8220; text_font=&#8220;|300|||||||&#8220; text_font_size=&#8220;19px&#8220; text_line_height=&#8220;1.8em&#8220; header_2_font=&#8220;Ubuntu||||||||&#8220; header_2_text_align=&#8220;center&#8220; header_2_text_color=&#8220;#97d700&#8243; header_2_font_size=&#8220;28px&#8220; header_2_line_height=&#8220;1.9em&#8220; custom_margin=&#8220;||||false|false&#8220; custom_padding=&#8220;|0%|||false|false&#8220; custom_padding_tablet=&#8220;|5%|||false|false&#8220; custom_padding_phone=&#8220;|5%|||false|false&#8220; custom_padding_last_edited=&#8220;on|desktop&#8220; global_colors_info=&#8220;{}&#8220;]<\/p>\n<p style=\"text-align: justify;\">Die Villa Manaaki liegt in Bois de N\u00e8fles in den H\u00f6hen von Saint-Paul im Westen der Insel R\u00e9union und empf\u00e4ngt Sie das ganze Jahr \u00fcber in ihrer Oase des <strong>Friedens<\/strong>.<\/p>\n<p>[\/et_pb_text][\/et_pb_column][et_pb_column type=&#8220;1_3&#8243; _builder_version=&#8220;4.20.2&#8243; custom_padding=&#8220;|||&#8220; global_colors_info=&#8220;{}&#8220; custom_padding__hover=&#8220;|||&#8220;][et_pb_image src=&#8220;https:\/\/www.villa-manaaki.com\/wp-content\/uploads\/2023\/03\/cropped-icon.webp&#8220; title_text=&#8220;cropped-icon.webp&#8220; align=&#8220;center&#8220; _builder_version=&#8220;4.20.2&#8243; _module_preset=&#8220;default&#8220; width=&#8220;35%&#8220; max_width=&#8220;35%&#8220; custom_margin=&#8220;0px||0px||false|false&#8220; custom_padding=&#8220;0px|0px||0px|false|true&#8220; animation_style=&#8220;fade&#8220; border_color_bottom=&#8220;#FFFFFF&#8220; global_colors_info=&#8220;{}&#8220;][\/et_pb_image][\/et_pb_column][et_pb_column type=&#8220;1_3&#8243; _builder_version=&#8220;4.20.2&#8243; custom_padding=&#8220;|||&#8220; global_colors_info=&#8220;{}&#8220; custom_padding__hover=&#8220;|||&#8220;][et_pb_text _builder_version=&#8220;4.22.0&#8243; _module_preset=&#8220;default&#8220; text_font=&#8220;|300|||||||&#8220; text_font_size=&#8220;19px&#8220; text_line_height=&#8220;1.8em&#8220; header_2_font=&#8220;Ubuntu||||||||&#8220; header_2_text_align=&#8220;center&#8220; header_2_text_color=&#8220;#97d700&#8243; header_2_font_size=&#8220;28px&#8220; header_2_line_height=&#8220;1.9em&#8220; custom_margin=&#8220;||||false|false&#8220; custom_padding=&#8220;|0%||0px|false|false&#8220; custom_padding_tablet=&#8220;|5%|||false|false&#8220; custom_padding_phone=&#8220;|5%|||false|false&#8220; custom_padding_last_edited=&#8220;on|desktop&#8220; global_colors_info=&#8220;{}&#8220;]<\/p>\n<p style=\"text-align: justify;\">F\u00fcr einen kurzen oder l\u00e4ngeren Aufenthalt, entdecken Sie unsere Zimmer und genie\u00dfen Sie in aller Ruhe unsere <strong>luxuri\u00f6se<\/strong> <strong>und entspannende<\/strong> <strong>Umgebung<\/strong>.<\/p>\n<p>[\/et_pb_text][\/et_pb_column][\/et_pb_row][et_pb_row column_structure=&#8220;3_5,2_5&#8243; make_equal=&#8220;on&#8220; disabled_on=&#8220;off|off|off&#8220; _builder_version=&#8220;4.20.2&#8243; _module_preset=&#8220;default&#8220; width=&#8220;100%&#8220; max_width=&#8220;100%&#8220; custom_margin=&#8220;||1%||false|false&#8220; global_colors_info=&#8220;{}&#8220;][et_pb_column type=&#8220;3_5&#8243; _builder_version=&#8220;4.20.2&#8243; _module_preset=&#8220;default&#8220; global_colors_info=&#8220;{}&#8220;][et_pb_image src=&#8220;https:\/\/www.villa-manaaki.com\/wp-content\/uploads\/2023\/05\/Vue-panoramique.webp&#8220; title_text=&#8220;Panoramablick&#8220; _builder_version=&#8220;4.20.2&#8243; _module_preset=&#8220;default&#8220; custom_margin=&#8220;|||3%|false|false&#8220; custom_margin_tablet=&#8220;|||3%|false|false&#8220; custom_margin_phone=&#8220;|||0%|false|false&#8220; custom_margin_last_edited=&#8220;on|phone&#8220; border_color_bottom=&#8220;#FFFFFF&#8220; box_shadow_style=&#8220;preset1&#8243; box_shadow_blur=&#8220;23px&#8220; box_shadow_spread=&#8220;4px&#8220; global_colors_info=&#8220;{}&#8220;][\/et_pb_image][\/et_pb_column][et_pb_column type=&#8220;2_5&#8243; module_class=&#8220;centrer&#8220; _builder_version=&#8220;4.20.2&#8243; _module_preset=&#8220;default&#8220; global_colors_info=&#8220;{}&#8220;][et_pb_text content_tablet=&#8220;<\/p>\n<h2>Ein Panoramablick auf die K\u00fcste<\/h2>\n<p style=%22text-align: justify;%22>Denken Sie an nichts mehr und genie\u00dfen Sie unseren atemberaubenden Blick auf die Westk\u00fcste von La R\u00e9union, von La Possession bis Saint-Paul. Tags\u00fcber und nachts bietet sich Ihnen ein magisches Panorama!<\/p>\n<p>&#8220; content_phone=&#8220;<\/p>\n<h2>Ein Panoramablick<\/h2>\n<h2>an der K\u00fcste<\/h2>\n<p style=%22text-align: justify;%22>Denken Sie an nichts mehr und genie\u00dfen Sie unseren atemberaubenden Blick auf die Westk\u00fcste von La R\u00e9union, von La Possession bis Saint-Paul. Tags\u00fcber und nachts bietet sich Ihnen ein <strong>magisches Panorama<\/strong>!<\/p>\n<p>&#8220; content_last_edited=&#8220;on|phone&#8220; _builder_version=&#8220;4.22.0&#8243; _module_preset=&#8220;default&#8220; text_font=&#8220;|300|||||||&#8220; text_font_size=&#8220;19px&#8220; text_line_height=&#8220;1.8em&#8220; header_2_font=&#8220;Ubuntu||||||||&#8220; header_2_text_align=&#8220;center&#8220; header_2_text_color=&#8220;#97d700&#8243; header_2_font_size=&#8220;28px&#8220; header_2_line_height=&#8220;1.3em&#8220; custom_padding=&#8220;|5%|||false|false&#8220; custom_padding_tablet=&#8220;|2%||2%|false|true&#8220; custom_padding_phone=&#8220;|2%||2%|false|true&#8220; custom_padding_last_edited=&#8220;on|tablet&#8220; locked=&#8220;off&#8220; global_colors_info=&#8220;{}&#8220;]<\/p>\n<h2><span style=\"color: #94c11e;\">Ein Panoramablick auf die K\u00fcste<\/span><\/h2>\n<p style=\"text-align: justify;\">Denken Sie an nichts mehr und genie\u00dfen Sie unseren atemberaubenden Blick auf die K\u00fcste von West R\u00e9union.<span style=\"color: #000000;\"><br \/>\n  <a href=\"https:\/\/www.villa-manaaki.com\/decouvrir-lile\/\" style=\"color: #000000;\"><br \/>\n    <span style=\"text-decoration: underline;\">West La R\u00e9union<\/span><br \/>\n  <\/a><br \/>\n<\/span>Von La Possession bis Saint-Paul. Tags\u00fcber und nachts bietet sich Ihnen ein <strong>magisches Panorama<\/strong>!<\/p>\n<p>[\/et_pb_text][\/et_pb_column][\/et_pb_row][et_pb_row column_structure=&#8220;2_5,3_5&#8243; make_equal=&#8220;on&#8220; disabled_on=&#8220;off|off|off&#8220; _builder_version=&#8220;4.20.2&#8243; _module_preset=&#8220;default&#8220; width=&#8220;100%&#8220; max_width=&#8220;100%&#8220; custom_margin=&#8220;||1%||false|false&#8220; global_colors_info=&#8220;{}&#8220;][et_pb_column type=&#8220;2_5&#8243; module_class=&#8220;centrer&#8220; _builder_version=&#8220;4.20.2&#8243; _module_preset=&#8220;default&#8220; global_colors_info=&#8220;{}&#8220;][et_pb_image src=&#8220;https:\/\/www.villa-manaaki.com\/wp-content\/uploads\/2023\/05\/Ecrin-de-verdure.webp&#8220; title_text=&#8220;Gr\u00fcne Umgebung&#8220; align=&#8220;right&#8220; disabled_on=&#8220;off|off|on&#8220; _builder_version=&#8220;4.20.2&#8243; _module_preset=&#8220;default&#8220; custom_margin=&#8220;|3%|||false|false&#8220; custom_margin_tablet=&#8220;|3%|||false|false&#8220; custom_margin_phone=&#8220;|0%|||false|false&#8220; custom_margin_last_edited=&#8220;on|phone&#8220; border_color_bottom=&#8220;#FFFFFF&#8220; box_shadow_style=&#8220;preset1&#8243; box_shadow_blur=&#8220;23px&#8220; box_shadow_spread=&#8220;4px&#8220; global_colors_info=&#8220;{}&#8220;][\/et_pb_image][et_pb_text _builder_version=&#8220;4.20.2&#8243; _module_preset=&#8220;default&#8220; text_font=&#8220;|300|||||||&#8220; text_font_size=&#8220;19px&#8220; text_line_height=&#8220;1.8em&#8220; header_2_font=&#8220;Ubuntu||||||||&#8220; header_2_text_align=&#8220;center&#8220; header_2_text_color=&#8220;#97d700&#8243; header_2_font_size=&#8220;28px&#8220; header_2_line_height=&#8220;1.9em&#8220; custom_padding=&#8220;|||5%|false|false&#8220; custom_padding_tablet=&#8220;|2%||2%|false|true&#8220; custom_padding_phone=&#8220;|2%|0px|2%|false|true&#8220; custom_padding_last_edited=&#8220;on|phone&#8220; global_colors_info=&#8220;{}&#8220;]<\/p>\n<h2><span style=\"color: #94c11e;\">Ein Schmuckk\u00e4stchen der Natur<\/span><\/h2>\n<p style=\"text-align: justify;\">Unser kreolisch inspirierter Garten mit zahlreichen Obst- und Blumenarten von der Insel R\u00e9union l\u00e4dt zum Flanieren und Entspannen ein. Eine inspirierende, beruhigende und erholsame <strong>tropische Umgebung<\/strong>, in der Sie auf Kardin\u00e4le, Strohhalme und mit etwas Gl\u00fcck auf einen Tangue oder einen Sleepy treffen werden.<\/p>\n<p>[\/et_pb_text][\/et_pb_column][et_pb_column type=&#8220;3_5&#8243; module_class=&#8220;centrer&#8220; _builder_version=&#8220;4.20.2&#8243; _module_preset=&#8220;default&#8220; global_colors_info=&#8220;{}&#8220;][et_pb_image src=&#8220;https:\/\/www.villa-manaaki.com\/wp-content\/uploads\/2023\/05\/Ecrin-de-verdure.webp&#8220; title_text=&#8220;Gr\u00fcne Umgebung&#8220; align=&#8220;right&#8220; disabled_on=&#8220;on|on|off&#8220; _builder_version=&#8220;4.20.2&#8243; _module_preset=&#8220;default&#8220; custom_margin=&#8220;|3%|||false|false&#8220; border_color_bottom=&#8220;#FFFFFF&#8220; box_shadow_style=&#8220;preset1&#8243; box_shadow_blur=&#8220;23px&#8220; box_shadow_spread=&#8220;4px&#8220; global_colors_info=&#8220;{}&#8220;][\/et_pb_image][\/et_pb_column][\/et_pb_row][et_pb_row column_structure=&#8220;3_5,2_5&#8243; make_equal=&#8220;on&#8220; disabled_on=&#8220;off|off|off&#8220; _builder_version=&#8220;4.22.0&#8243; _module_preset=&#8220;default&#8220; width=&#8220;100%&#8220; max_width=&#8220;100%&#8220; custom_margin=&#8220;||1%||false|false&#8220; custom_padding=&#8220;0px||||false|false&#8220; locked=&#8220;off&#8220; global_colors_info=&#8220;{}&#8220;][et_pb_column type=&#8220;3_5&#8243; _builder_version=&#8220;4.20.2&#8243; _module_preset=&#8220;default&#8220; global_colors_info=&#8220;{}&#8220;][et_pb_image src=&#8220;https:\/\/www.villa-manaaki.com\/wp-content\/uploads\/2023\/05\/Cadre-intimiste.webp&#8220; title_text=&#8220;Intime Umgebung&#8220; _builder_version=&#8220;4.20.2&#8243; _module_preset=&#8220;default&#8220; custom_margin=&#8220;|||3%|false|false&#8220; custom_margin_tablet=&#8220;|||3%|false|false&#8220; custom_margin_phone=&#8220;|||0%|false|false&#8220; custom_margin_last_edited=&#8220;on|phone&#8220; border_color_bottom=&#8220;#FFFFFF&#8220; box_shadow_style=&#8220;preset1&#8243; box_shadow_blur=&#8220;23px&#8220; box_shadow_spread=&#8220;4px&#8220; global_colors_info=&#8220;{}&#8220;][\/et_pb_image][\/et_pb_column][et_pb_column type=&#8220;2_5&#8243; module_class=&#8220;centrer&#8220; _builder_version=&#8220;4.20.2&#8243; _module_preset=&#8220;default&#8220; global_colors_info=&#8220;{}&#8220;][et_pb_text _builder_version=&#8220;4.20.2&#8243; _module_preset=&#8220;default&#8220; text_font=&#8220;|300|||||||&#8220; text_font_size=&#8220;19px&#8220; text_line_height=&#8220;1.8em&#8220; header_2_font=&#8220;Ubuntu||||||||&#8220; header_2_text_align=&#8220;center&#8220; header_2_text_color=&#8220;#97d700&#8243; header_2_font_size=&#8220;28px&#8220; header_2_line_height=&#8220;1.9em&#8220; custom_padding=&#8220;|5%|||false|false&#8220; custom_padding_tablet=&#8220;|2%||2%|false|true&#8220; custom_padding_phone=&#8220;|2%||2%|false|true&#8220; custom_padding_last_edited=&#8220;on|tablet&#8220; global_colors_info=&#8220;{}&#8220;]<\/p>\n<h2><span style=\"color: #94c11e;\">Ein intimer Rahmen<\/span><\/h2>\n<p style=\"text-align: justify;\">Die Villa Manaaki wurde so konzipiert, dass die Ruhe unserer G\u00e4ste gew\u00e4hrleistet ist. Unsere Zimmer haben alle einen eigenen Zugang und einen Blick auf den Ozean, um Ihnen einen <strong>au\u00dfergew\u00f6hnlichen Aufenthalt<\/strong> zu garantieren.<\/p>\n<p>[\/et_pb_text][\/et_pb_column][\/et_pb_row][et_pb_row column_structure=&#8220;2_5,3_5&#8243; make_equal=&#8220;on&#8220; disabled_on=&#8220;off|off|off&#8220; _builder_version=&#8220;4.20.2&#8243; _module_preset=&#8220;default&#8220; width=&#8220;100%&#8220; max_width=&#8220;100%&#8220; custom_margin=&#8220;||1%||false|false&#8220; locked=&#8220;off&#8220; global_colors_info=&#8220;{}&#8220;][et_pb_column type=&#8220;2_5&#8243; module_class=&#8220;centrer&#8220; _builder_version=&#8220;4.20.2&#8243; _module_preset=&#8220;default&#8220; global_colors_info=&#8220;{}&#8220;][et_pb_image src=&#8220;https:\/\/www.villa-manaaki.com\/wp-content\/uploads\/2023\/04\/piscine-900.webp&#8220; title_text=&#8220;Pool 900&#8243; align=&#8220;right&#8220; disabled_on=&#8220;off|off|on&#8220; _builder_version=&#8220;4.20.2&#8243; _module_preset=&#8220;default&#8220; custom_margin=&#8220;|3%|||false|false&#8220; custom_margin_tablet=&#8220;|3%|||false|false&#8220; custom_margin_phone=&#8220;|0%|||false|false&#8220; custom_margin_last_edited=&#8220;on|phone&#8220; border_color_bottom=&#8220;#FFFFFF&#8220; box_shadow_style=&#8220;preset1&#8243; box_shadow_blur=&#8220;23px&#8220; box_shadow_spread=&#8220;4px&#8220; global_colors_info=&#8220;{}&#8220;][\/et_pb_image][et_pb_text _builder_version=&#8220;4.20.2&#8243; _module_preset=&#8220;default&#8220; text_font=&#8220;|300|||||||&#8220; text_font_size=&#8220;19px&#8220; text_line_height=&#8220;1.8em&#8220; header_2_font=&#8220;Ubuntu||||||||&#8220; header_2_text_align=&#8220;center&#8220; header_2_text_color=&#8220;#97d700&#8243; header_2_font_size=&#8220;28px&#8220; header_2_line_height=&#8220;1.9em&#8220; custom_padding=&#8220;|||5%|false|false&#8220; custom_padding_tablet=&#8220;|2%||2%|false|true&#8220; custom_padding_phone=&#8220;|2%||2%|false|true&#8220; custom_padding_last_edited=&#8220;on|tablet&#8220; global_colors_info=&#8220;{}&#8220;]<\/p>\n<h2><span style=\"color: #94c11e;\">Ein herrlicher Pool<\/span><\/h2>\n<p style=\"text-align: justify;\">Unser gro\u00dfer <strong>Pool<\/strong> (10m x 4m) <strong>aus Naturstein<\/strong> ist von einem Strand mit Sonnenliegen umgeben und ist der perfekte Ort, um sich zu jeder Tageszeit zu erfrischen und zu entspannen!<\/p>\n<p>[\/et_pb_text][\/et_pb_column][et_pb_column type=&#8220;3_5&#8243; module_class=&#8220;centrer&#8220; _builder_version=&#8220;4.20.2&#8243; _module_preset=&#8220;default&#8220; global_colors_info=&#8220;{}&#8220;][et_pb_image src=&#8220;https:\/\/www.villa-manaaki.com\/wp-content\/uploads\/2023\/04\/piscine-900.webp&#8220; title_text=&#8220;Pool 900&#8243; align=&#8220;right&#8220; disabled_on=&#8220;on|on|off&#8220; _builder_version=&#8220;4.20.2&#8243; _module_preset=&#8220;default&#8220; custom_margin=&#8220;|3%|||false|false&#8220; border_color_bottom=&#8220;#FFFFFF&#8220; box_shadow_style=&#8220;preset1&#8243; box_shadow_blur=&#8220;23px&#8220; box_shadow_spread=&#8220;4px&#8220; global_colors_info=&#8220;{}&#8220;][\/et_pb_image][\/et_pb_column][\/et_pb_row][et_pb_row column_structure=&#8220;3_5,2_5&#8243; make_equal=&#8220;on&#8220; custom_padding_last_edited=&#8220;on|phone&#8220; disabled_on=&#8220;off|off|off&#8220; _builder_version=&#8220;4.22.0&#8243; _module_preset=&#8220;default&#8220; width=&#8220;100%&#8220; max_width=&#8220;100%&#8220; custom_margin=&#8220;||1%||false|false&#8220; custom_padding_tablet=&#8220;&#8220; custom_padding_phone=&#8220;0px||0px||false|false&#8220; locked=&#8220;off&#8220; global_colors_info=&#8220;{}&#8220;][et_pb_column type=&#8220;3_5&#8243; _builder_version=&#8220;4.20.2&#8243; _module_preset=&#8220;default&#8220; global_colors_info=&#8220;{}&#8220;][et_pb_image src=&#8220;https:\/\/www.villa-manaaki.com\/wp-content\/uploads\/2023\/04\/21-1.webp&#8220; title_text=&#8220;21&apos;&#8220; _builder_version=&#8220;4.20.2&#8243; _module_preset=&#8220;default&#8220; custom_margin=&#8220;|||3%|false|false&#8220; custom_margin_tablet=&#8220;|||3%|false|false&#8220; custom_margin_phone=&#8220;|||0%|false|false&#8220; custom_margin_last_edited=&#8220;on|phone&#8220; border_color_bottom=&#8220;#FFFFFF&#8220; box_shadow_style=&#8220;preset1&#8243; box_shadow_blur=&#8220;23px&#8220; box_shadow_spread=&#8220;4px&#8220; global_colors_info=&#8220;{}&#8220;][\/et_pb_image][\/et_pb_column][et_pb_column type=&#8220;2_5&#8243; module_class=&#8220;centrer&#8220; _builder_version=&#8220;4.20.2&#8243; _module_preset=&#8220;default&#8220; global_colors_info=&#8220;{}&#8220;][et_pb_text _builder_version=&#8220;4.20.2&#8243; _module_preset=&#8220;default&#8220; text_font=&#8220;|300|||||||&#8220; text_font_size=&#8220;19px&#8220; text_line_height=&#8220;1.8em&#8220; header_2_font=&#8220;Ubuntu||||||||&#8220; header_2_text_align=&#8220;center&#8220; header_2_text_color=&#8220;#97d700&#8243; header_2_font_size=&#8220;28px&#8220; header_2_line_height=&#8220;1.9em&#8220; header_6_font=&#8220;Ubuntu|300|||||||&#8220; header_6_font_size=&#8220;10px&#8220; header_6_line_height=&#8220;2em&#8220; custom_padding=&#8220;|5%|||false|false&#8220; custom_padding_tablet=&#8220;|2%||2%|false|true&#8220; custom_padding_phone=&#8220;|2%||2%|false|true&#8220; custom_padding_last_edited=&#8220;on|tablet&#8220; global_colors_info=&#8220;{}&#8220;]<\/p>\n<h2><span style=\"color: #94c11e;\">Ein lokales Fr\u00fchst\u00fcck<\/span><\/h2>\n<p style=\"text-align: justify;\">In der Villa Manaaki k\u00f6nnen Sie Ihren Tag mit einem <strong>Gourmet-Fr\u00fchst\u00fcck<\/strong> mit frischen Produkten beginnen, w\u00e4hrend Sie auf der \u00fcberdachten Veranda oder der Au\u00dfenterrasse mit Blick auf den Ozean sitzen.<\/p>\n<p>[\/et_pb_text][\/et_pb_column][\/et_pb_row][et_pb_row disabled_on=&#8220;on|on|on&#8220; _builder_version=&#8220;4.20.2&#8243; _module_preset=&#8220;default&#8220; width=&#8220;100%&#8220; max_width=&#8220;100%&#8220; disabled=&#8220;on&#8220; global_colors_info=&#8220;{}&#8220;][et_pb_column type=&#8220;4_4&#8243; _builder_version=&#8220;4.20.2&#8243; _module_preset=&#8220;default&#8220; animation_style=&#8220;fade&#8220; global_colors_info=&#8220;{}&#8220;][et_pb_slider arrows_custom_color=&#8220;#94C11F&#8220; dot_nav_custom_color=&#8220;#94C11F&#8220; _builder_version=&#8220;4.20.2&#8243; _module_preset=&#8220;default&#8220; body_font=&#8220;|300|||||||&#8220; body_line_height=&#8220;1.8em&#8220; custom_padding=&#8220;10%||10%||true|false&#8220; global_colors_info=&#8220;{}&#8220;][et_pb_slide heading=&#8220;180\u00b0 Blick auf die K\u00fcste&#8220; image=&#8220;https:\/\/www.villa-manaaki.com\/wp-content\/uploads\/2023\/04\/transparent.webp&#8220; _builder_version=&#8220;4.20.2&#8243; _module_preset=&#8220;default&#8220; header_text_color=&#8220;#94C11F&#8220; header_line_height=&#8220;1.5em&#8220; body_text_color=&#8220;#000000&#8243; body_font_size=&#8220;19px&#8220; background_enable_color=&#8220;off&#8220; use_background_color_gradient=&#8220;on&#8220; background_color_gradient_direction=&#8220;90deg&#8220; background_color_gradient_stops=&#8220;rgba(255,255,255,0) 20%|#ffffff 50%&#8220; background_color_gradient_overlays_image=&#8220;on&#8220; background_image=&#8220;https:\/\/www.villa-manaaki.com\/wp-content\/uploads\/2023\/04\/20-scaled.webp&#8220; background_enable_image=&#8220;on&#8220; background_size=&#8220;contain&#8220; background_position=&#8220;center_left&#8220; text_orientation=&#8220;left&#8220; custom_padding=&#8220;||||false|false&#8220; custom_padding_tablet=&#8220;||||false|false&#8220; custom_padding_phone=&#8220;|||50%|false|false&#8220; custom_padding_last_edited=&#8220;on|phone&#8220; global_colors_info=&#8220;{}&#8220; sticky_transition=&#8220;on&#8220;]<\/p>\n<p style=\"text-align: justify;\">Denken Sie an nichts mehr und genie\u00dfen Sie unseren atemberaubenden Blick auf die Westk\u00fcste von La R\u00e9union, von La Possession bis Saint-Paul. Tags\u00fcber und nachts bietet sich Ihnen ein magisches Panorama!<\/p>\n<p>[\/et_pb_slide][et_pb_slide heading=&#8220;Ein Schmuckk\u00e4stchen der Natur&#8220; image=&#8220;https:\/\/www.villa-manaaki.com\/wp-content\/uploads\/2023\/04\/transparent.webp&#8220; _builder_version=&#8220;4.20.2&#8243; _module_preset=&#8220;default&#8220; header_text_color=&#8220;#94C11F&#8220; header_line_height=&#8220;1.5em&#8220; body_text_color=&#8220;#000000&#8243; body_font_size=&#8220;19px&#8220; background_enable_color=&#8220;off&#8220; use_background_color_gradient=&#8220;on&#8220; background_color_gradient_direction=&#8220;90deg&#8220; background_color_gradient_stops=&#8220;rgba(255,255,255,0) 20%|#ffffff 50%&#8220; background_color_gradient_overlays_image=&#8220;on&#8220; background_image=&#8220;https:\/\/www.villa-manaaki.com\/wp-content\/uploads\/2023\/04\/14-scaled.webp&#8220; background_enable_image=&#8220;on&#8220; background_size=&#8220;contain&#8220; background_position=&#8220;center_left&#8220; background_horizontal_offset=&#8220;0%&#8220; text_orientation=&#8220;left&#8220; custom_padding=&#8220;||||false|false&#8220; custom_padding_tablet=&#8220;||||false|false&#8220; custom_padding_phone=&#8220;|||50%|false|false&#8220; custom_padding_last_edited=&#8220;on|phone&#8220; global_colors_info=&#8220;{}&#8220; sticky_transition=&#8220;on&#8220;]<\/p>\n<p style=\"text-align: justify;\">Unser kreolisch inspirierter Garten mit zahlreichen Obst- und Blumenarten von der Insel R\u00e9union l\u00e4dt zum Flanieren und Entspannen ein. Eine inspirierende, beruhigende und erholsame tropische Umgebung, in der Sie auf Kardin\u00e4le, Strohhalme und mit etwas Gl\u00fcck auf einen Tangue oder einen Sleepy treffen werden.<\/p>\n<p>[\/et_pb_slide][et_pb_slide heading=&#8220;Ein intimer Rahmen&#8220; image=&#8220;https:\/\/www.villa-manaaki.com\/wp-content\/uploads\/2023\/04\/transparent.webp&#8220; _builder_version=&#8220;4.20.2&#8243; _module_preset=&#8220;default&#8220; header_text_color=&#8220;#94C11F&#8220; header_line_height=&#8220;1.5em&#8220; body_text_color=&#8220;#000000&#8243; body_font_size=&#8220;19px&#8220; background_enable_color=&#8220;off&#8220; use_background_color_gradient=&#8220;on&#8220; background_color_gradient_direction=&#8220;90deg&#8220; background_color_gradient_stops=&#8220;rgba(255,255,255,0) 20%|#ffffff 50%&#8220; background_color_gradient_overlays_image=&#8220;on&#8220; background_image=&#8220;https:\/\/www.villa-manaaki.com\/wp-content\/uploads\/2023\/04\/12-2.webp&#8220; background_enable_image=&#8220;on&#8220; background_size=&#8220;contain&#8220; background_position=&#8220;center_left&#8220; background_horizontal_offset=&#8220;0%&#8220; text_orientation=&#8220;left&#8220; custom_padding=&#8220;||||false|false&#8220; custom_padding_tablet=&#8220;||||false|false&#8220; custom_padding_phone=&#8220;|||50%|false|false&#8220; custom_padding_last_edited=&#8220;on|phone&#8220; global_colors_info=&#8220;{}&#8220; sticky_transition=&#8220;on&#8220;]<\/p>\n<p style=\"text-align: justify;\">Die Villa Manaaki wurde so konzipiert, dass die Ruhe unserer G\u00e4ste gew\u00e4hrleistet ist. Unsere Zimmer, unser Bungalow und unser Studio sind unabh\u00e4ngig, um Ihnen einen au\u00dfergew\u00f6hnlichen Aufenthalt zu garantieren.<\/p>\n<p>[\/et_pb_slide][et_pb_slide heading=&#8220;Ein herrlicher Swimmingpool&#8220; image=&#8220;https:\/\/www.villa-manaaki.com\/wp-content\/uploads\/2023\/04\/transparent.webp&#8220; _builder_version=&#8220;4.20.2&#8243; _module_preset=&#8220;default&#8220; header_text_color=&#8220;#94C11F&#8220; header_line_height=&#8220;1.5em&#8220; body_text_color=&#8220;#000000&#8243; body_font_size=&#8220;19px&#8220; background_enable_color=&#8220;off&#8220; use_background_color_gradient=&#8220;on&#8220; background_color_gradient_direction=&#8220;90deg&#8220; background_color_gradient_stops=&#8220;rgba(255,255,255,0) 20%|#ffffff 50%&#8220; background_color_gradient_overlays_image=&#8220;on&#8220; background_image=&#8220;https:\/\/www.villa-manaaki.com\/wp-content\/uploads\/2023\/04\/P1011298-scaled.webp&#8220; background_enable_image=&#8220;on&#8220; background_size=&#8220;contain&#8220; background_position=&#8220;center_left&#8220; background_horizontal_offset=&#8220;0%&#8220; text_orientation=&#8220;left&#8220; custom_padding=&#8220;||||false|false&#8220; custom_padding_tablet=&#8220;||||false|false&#8220; custom_padding_phone=&#8220;|||50%|false|false&#8220; custom_padding_last_edited=&#8220;on|phone&#8220; global_colors_info=&#8220;{}&#8220; sticky_transition=&#8220;on&#8220;]<\/p>\n<p style=\"text-align: justify;\">Unser gro\u00dfer Pool (10m x 4m) aus Naturstein ist von einem Strand mit Sonnenliegen umgeben und ist der perfekte Ort, um sich zu jeder Tageszeit zu erfrischen und zu entspannen!<\/p>\n<p>[\/et_pb_slide][et_pb_slide heading=&#8220;Ein lokales Fr\u00fchst\u00fcck&#8220; image=&#8220;https:\/\/www.villa-manaaki.com\/wp-content\/uploads\/2023\/04\/transparent.webp&#8220; _builder_version=&#8220;4.20.2&#8243; _module_preset=&#8220;default&#8220; header_text_color=&#8220;#94C11F&#8220; header_line_height=&#8220;1.5em&#8220; body_text_color=&#8220;#000000&#8243; body_font_size=&#8220;19px&#8220; body_quote_border_color=&#8220;RGBA(255,255,255,0)&#8220; body_quote_text_color=&#8220;#000000&#8243; body_quote_font_size=&#8220;10px&#8220; background_enable_color=&#8220;off&#8220; use_background_color_gradient=&#8220;on&#8220; background_color_gradient_direction=&#8220;90deg&#8220; background_color_gradient_stops=&#8220;rgba(255,255,255,0) 20%|#ffffff 50%&#8220; background_color_gradient_overlays_image=&#8220;on&#8220; background_image=&#8220;https:\/\/www.villa-manaaki.com\/wp-content\/uploads\/2023\/04\/21-900.webp&#8220; background_enable_image=&#8220;on&#8220; background_size=&#8220;contain&#8220; background_position=&#8220;top_left&#8220; background_horizontal_offset=&#8220;0%&#8220; text_orientation=&#8220;left&#8220; custom_padding=&#8220;||||false|false&#8220; custom_padding_tablet=&#8220;||||false|false&#8220; custom_padding_phone=&#8220;|||50%|false|false&#8220; custom_padding_last_edited=&#8220;on|phone&#8220; background_last_edited=&#8220;on|phone&#8220; background_image_phone=&#8220;https:\/\/www.villa-manaaki.com\/wp-content\/uploads\/2023\/04\/21-scaled.webp&#8220; background_enable_image_phone=&#8220;on&#8220; background_size_phone=&#8220;cover&#8220; background_position_phone=&#8220;center&#8220; global_colors_info=&#8220;{}&#8220; sticky_transition=&#8220;on&#8220;]<\/p>\n<p style=\"text-align: justify;\">Beginnen Sie Ihren Tag in der Villa Manaaki mit einem Gourmet-Fr\u00fchst\u00fcck mit frischen Produkten, bequem mit Blick auf den Ozean, in unserer \u00fcberdachten Veranda oder auf unserer Au\u00dfenterrasse! *<\/p>\n<blockquote>\n<p style=\"text-align: justify;\">* Das Fr\u00fchst\u00fcck wird von 7.30 bis 9.00 Uhr serviert.<\/p>\n<\/blockquote>\n<p>[\/et_pb_slide][\/et_pb_slider][\/et_pb_column][\/et_pb_row][et_pb_row column_structure=&#8220;1_3,1_3,1_3&#8243; make_equal=&#8220;on&#8220; disabled_on=&#8220;on|on|off&#8220; _builder_version=&#8220;4.20.2&#8243; max_width=&#8220;80%&#8220; custom_margin=&#8220;||17px||false|false&#8220; custom_padding=&#8220;20px||20px||true|false&#8220; global_colors_info=&#8220;{}&#8220;][et_pb_column type=&#8220;1_3&#8243; module_class=&#8220;centrer&#8220; _builder_version=&#8220;4.20.2&#8243; custom_padding=&#8220;|||&#8220; custom_css_main_element=&#8220;width:30%!important&#8220; global_colors_info=&#8220;{}&#8220; custom_padding__hover=&#8220;|||&#8220;][\/et_pb_column][et_pb_column type=&#8220;1_3&#8243; module_class=&#8220;centrer&#8220; _builder_version=&#8220;4.20.2&#8243; custom_padding=&#8220;|||&#8220; custom_css_main_element=&#8220;width:20%!important&#8220; global_colors_info=&#8220;{}&#8220; custom_padding__hover=&#8220;|||&#8220;][et_pb_image src=&#8220;https:\/\/www.villa-manaaki.com\/wp-content\/uploads\/2023\/03\/cropped-icon.webp&#8220; title_text=&#8220;cropped-icon.webp&#8220; align=&#8220;right&#8220; _builder_version=&#8220;4.20.2&#8243; _module_preset=&#8220;default&#8220; width=&#8220;35%&#8220; max_width=&#8220;35%&#8220; custom_margin=&#8220;0px||0px||false|false&#8220; custom_padding=&#8220;0px||||false|false&#8220; animation_style=&#8220;fade&#8220; border_color_bottom=&#8220;#FFFFFF&#8220; global_colors_info=&#8220;{}&#8220;][\/et_pb_image][\/et_pb_column][et_pb_column type=&#8220;1_3&#8243; module_class=&#8220;centrer&#8220; _builder_version=&#8220;4.20.2&#8243; custom_padding=&#8220;|||&#8220; custom_css_main_element=&#8220;width:30%!important&#8220; global_colors_info=&#8220;{}&#8220; custom_padding__hover=&#8220;|||&#8220;][\/et_pb_column][\/et_pb_row][et_pb_row disabled_on=&#8220;off|off|on&#8220; _builder_version=&#8220;4.20.2&#8243; _module_preset=&#8220;default&#8220; global_colors_info=&#8220;{}&#8220;][et_pb_column type=&#8220;4_4&#8243; _builder_version=&#8220;4.20.2&#8243; _module_preset=&#8220;default&#8220; global_colors_info=&#8220;{}&#8220;][et_pb_image src=&#8220;https:\/\/www.villa-manaaki.com\/wp-content\/uploads\/2023\/03\/cropped-icon.webp&#8220; title_text=&#8220;cropped-icon.webp&#8220; align=&#8220;center&#8220; _builder_version=&#8220;4.20.2&#8243; _module_preset=&#8220;default&#8220; width=&#8220;35%&#8220; max_width=&#8220;35%&#8220; custom_margin=&#8220;0px||0px||false|false&#8220; custom_padding=&#8220;0px||||false|false&#8220; animation_style=&#8220;fade&#8220; border_color_bottom=&#8220;#FFFFFF&#8220; locked=&#8220;off&#8220; global_colors_info=&#8220;{}&#8220;][\/et_pb_image][\/et_pb_column][\/et_pb_row][\/et_pb_section][et_pb_section fb_built=&#8220;1&#8243; fullwidth=&#8220;on&#8220; _builder_version=&#8220;4.20.2&#8243; _module_preset=&#8220;default&#8220; width=&#8220;70%&#8220; width_tablet=&#8220;70%&#8220; width_phone=&#8220;100%&#8220; width_last_edited=&#8220;on|phone&#8220; max_width=&#8220;70%&#8220; max_width_tablet=&#8220;70%&#8220; max_width_phone=&#8220;100%&#8220; max_width_last_edited=&#8220;on|phone&#8220; module_alignment=&#8220;center&#8220; custom_margin=&#8220;||3%||false|false&#8220; global_colors_info=&#8220;{}&#8220;][et_pb_fullwidth_slider _builder_version=&#8220;4.20.2&#8243; _module_preset=&#8220;default&#8220; header_font=&#8220;||||||||&#8220; custom_padding_tablet=&#8220;&#8220; custom_padding_phone=&#8220;|0px||0px|false|false&#8220; custom_padding_last_edited=&#8220;on|phone&#8220; auto=&#8220;on&#8220; auto_speed=&#8220;5000&#8243; box_shadow_style=&#8220;preset1&#8243; box_shadow_blur=&#8220;31px&#8220; box_shadow_spread=&#8220;4px&#8220; box_shadow_color=&#8220;rgba(0,0,0,0.66)&#8220; box_shadow_blur_tablet=&#8220;31px&#8220; box_shadow_blur_phone=&#8220;14px&#8220; box_shadow_blur_last_edited=&#8220;on|desktop&#8220; box_shadow_spread_tablet=&#8220;4px&#8220; box_shadow_spread_phone=&#8220;-4px&#8220; box_shadow_spread_last_edited=&#8220;on|phone&#8220; global_colors_info=&#8220;{}&#8220;][et_pb_slide heading=&#8220;Bungalow PAILLE-EN-QUEUEUE&#8220; button_text=&#8220;Buchen Sie&#8220; button_link=&#8220;@ET-DC@eyJkeW5hbWljIjp0cnVlLCJjb250ZW50IjoicG9zdF9saW5rX3VybF9wYWdlIiwic2V0dGluZ3MiOnsicG9zdF9pZCI6IjExNTkifX0=@&#8220; _builder_version=&#8220;4.20.2&#8243; _dynamic_attributes=&#8220;button_link&#8220; _module_preset=&#8220;default&#8220; header_level=&#8220;h2&#8243; header_font_size=&#8220;52px&#8220; background_enable_color=&#8220;off&#8220; background_image=&#8220;https:\/\/www.villa-manaaki.com\/wp-content\/uploads\/2023\/05\/PEQ-Accueil.webp&#8220; background_enable_image=&#8220;on&#8220; custom_button=&#8220;on&#8220; button_text_color=&#8220;#FFFFFF&#8220; button_bg_color=&#8220;rgba(0,0,0,0.14)&#8220; button_border_width=&#8220;2px&#8220; button_border_color=&#8220;#FFFFFF&#8220; header_font_size_tablet=&#8220;36px&#8220; header_font_size_phone=&#8220;24px&#8220; header_font_size_last_edited=&#8220;on|tablet&#8220; header_text_shadow_style=&#8220;preset1&#8243; header_text_shadow_color=&#8220;#000000&#8243; global_colors_info=&#8220;{}&#8220; button_bg_color__hover_enabled=&#8220;on|hover&#8220; button_border_width__hover=&#8220;2px&#8220; button_border_width__hover_enabled=&#8220;on|hover&#8220; button_bg_color__hover=&#8220;rgba(0,0,0,0.14)&#8220; sticky_transition=&#8220;on&#8220;][\/et_pb_slide][et_pb_slide heading=&#8220;Zimmer CARDINAL&#8220; button_text=&#8220;Buchen Sie&#8220; button_link=&#8220;@ET-DC@eyJkeW5hbWljIjp0cnVlLCJjb250ZW50IjoicG9zdF9saW5rX3VybF9wYWdlIiwic2V0dGluZ3MiOnsicG9zdF9pZCI6IjExNTkifX0=@&#8220; _builder_version=&#8220;4.20.2&#8243; _dynamic_attributes=&#8220;button_link&#8220; _module_preset=&#8220;default&#8220; header_level=&#8220;h2&#8243; header_font_size=&#8220;52px&#8220; background_enable_color=&#8220;off&#8220; background_image=&#8220;https:\/\/www.villa-manaaki.com\/wp-content\/uploads\/2023\/05\/Cardinal-Accueil.webp&#8220; background_enable_image=&#8220;on&#8220; custom_button=&#8220;on&#8220; button_text_color=&#8220;#FFFFFF&#8220; button_bg_color=&#8220;rgba(0,0,0,0.14)&#8220; button_border_width=&#8220;2px&#8220; button_border_color=&#8220;#FFFFFF&#8220; header_font_size_tablet=&#8220;36px&#8220; header_font_size_phone=&#8220;24px&#8220; header_font_size_last_edited=&#8220;on|tablet&#8220; header_text_shadow_style=&#8220;preset1&#8243; header_text_shadow_color=&#8220;#000000&#8243; global_colors_info=&#8220;{}&#8220; button_bg_color__hover_enabled=&#8220;on|hover&#8220; button_bg_enable_color__hover=&#8220;on&#8220; button_border_width__hover_enabled=&#8220;on|hover&#8220; button_border_width__hover=&#8220;2px&#8220; button_bg_color__hover=&#8220;rgba(0,0,0,0.14)&#8220; sticky_transition=&#8220;on&#8220;][\/et_pb_slide][et_pb_slide heading=&#8220;Studio FILAO&#8220; button_text=&#8220;Buchen Sie&#8220; button_link=&#8220;@ET-DC@eyJkeW5hbWljIjp0cnVlLCJjb250ZW50IjoicG9zdF9saW5rX3VybF9wYWdlIiwic2V0dGluZ3MiOnsicG9zdF9pZCI6IjExNTkifX0=@&#8220; _builder_version=&#8220;4.20.2&#8243; _dynamic_attributes=&#8220;button_link&#8220; _module_preset=&#8220;default&#8220; header_level=&#8220;h2&#8243; header_font_size=&#8220;52px&#8220; background_enable_color=&#8220;off&#8220; background_image=&#8220;https:\/\/www.villa-manaaki.com\/wp-content\/uploads\/2023\/05\/Filao-Accueil.webp&#8220; background_enable_image=&#8220;on&#8220; custom_button=&#8220;on&#8220; button_text_color=&#8220;#FFFFFF&#8220; button_bg_color=&#8220;rgba(0,0,0,0.14)&#8220; button_border_width=&#8220;2px&#8220; button_border_color=&#8220;#FFFFFF&#8220; header_font_size_tablet=&#8220;36px&#8220; header_font_size_phone=&#8220;24px&#8220; header_font_size_last_edited=&#8220;on|tablet&#8220; header_text_shadow_style=&#8220;preset1&#8243; header_text_shadow_color=&#8220;#000000&#8243; global_colors_info=&#8220;{}&#8220; button_bg_color__hover_enabled=&#8220;on|hover&#8220; button_border_width__hover=&#8220;2px&#8220; button_border_width__hover_enabled=&#8220;on|hover&#8220; button_bg_enable_color__hover=&#8220;on&#8220; button_bg_color__hover=&#8220;rgba(0,0,0,0.14)&#8220; sticky_transition=&#8220;on&#8220;][\/et_pb_slide][\/et_pb_fullwidth_slider][\/et_pb_section][et_pb_section fb_built=&#8220;1&#8243; custom_padding_last_edited=&#8220;on|phone&#8220; _builder_version=&#8220;4.22.0&#8243; _module_preset=&#8220;default&#8220; custom_padding_tablet=&#8220;&#8220; custom_padding_phone=&#8220;0px||||false|false&#8220; global_colors_info=&#8220;{}&#8220;][et_pb_row column_structure=&#8220;1_3,1_3,1_3&#8243; make_equal=&#8220;on&#8220; custom_padding_last_edited=&#8220;on|phone&#8220; disabled_on=&#8220;off|off|on&#8220; _builder_version=&#8220;4.22.0&#8243; _module_preset=&#8220;default&#8220; width=&#8220;87%&#8220; max_width=&#8220;100%&#8220; custom_margin_tablet=&#8220;&#8220; custom_margin_phone=&#8220;||-25px||false|false&#8220; custom_margin_last_edited=&#8220;on|phone&#8220; custom_padding_tablet=&#8220;&#8220; custom_padding_phone=&#8220;||0px||false|false&#8220; custom_css_main_element=&#8220;display: flex&#8220; global_colors_info=&#8220;{}&#8220;][et_pb_column type=&#8220;1_3&#8243; module_class=&#8220;centrer&#8220; _builder_version=&#8220;4.22.0&#8243; _module_preset=&#8220;default&#8220; custom_css_main_element=&#8220;width:20%!important&#8220; global_colors_info=&#8220;{}&#8220;][et_pb_icon font_icon=&#8220;&#x7b;||divi||400&#8243; icon_color=&#8220;#94c11e&#8220; icon_width=&#8220;61px&#8220; _builder_version=&#8220;4.22.0&#8243; _module_preset=&#8220;default&#8220; global_colors_info=&#8220;{}&#8220;][\/et_pb_icon][\/et_pb_column][et_pb_column type=&#8220;1_3&#8243; module_class=&#8220;centrer&#8220; _builder_version=&#8220;4.22.0&#8243; _module_preset=&#8220;default&#8220; custom_css_main_element=&#8220;width:60%!important&#8220; global_colors_info=&#8220;{}&#8220;][et_pb_text _builder_version=&#8220;4.20.2&#8243; _module_preset=&#8220;default&#8220; header_2_font=&#8220;Ubuntu||||||||&#8220; header_2_text_align=&#8220;center&#8220; header_2_text_color=&#8220;#97d700&#8243; global_colors_info=&#8220;{}&#8220;]<\/p>\n<h2><span style=\"color: #94c11e;\">Sie sch\u00e4tzten<\/span><\/h2>\n<p>[\/et_pb_text][\/et_pb_column][et_pb_column type=&#8220;1_3&#8243; _builder_version=&#8220;4.22.0&#8243; _module_preset=&#8220;default&#8220; custom_css_main_element=&#8220;width:20%!important&#8220; global_colors_info=&#8220;{}&#8220;][et_pb_icon font_icon=&#8220;&#x7b;||divi||400&#8243; icon_color=&#8220;#94c11e&#8220; icon_width=&#8220;61px&#8220; _builder_version=&#8220;4.22.0&#8243; _module_preset=&#8220;default&#8220; locked=&#8220;off&#8220; global_colors_info=&#8220;{}&#8220;][\/et_pb_icon][\/et_pb_column][\/et_pb_row][et_pb_row column_structure=&#8220;1_3,1_3,1_3&#8243; make_equal=&#8220;on&#8220; disabled_on=&#8220;on|on|off&#8220; _builder_version=&#8220;4.20.2&#8243; _module_preset=&#8220;default&#8220; width=&#8220;85%&#8220; max_width=&#8220;85%&#8220; global_colors_info=&#8220;{}&#8220;][et_pb_column type=&#8220;1_3&#8243; module_class=&#8220;centrer&#8220; _builder_version=&#8220;4.20.2&#8243; _module_preset=&#8220;default&#8220; global_colors_info=&#8220;{}&#8220;][et_pb_icon font_icon=&#8220;&#x7b;||divi||400&#8243; icon_color=&#8220;#94c11e&#8220; _builder_version=&#8220;4.22.0&#8243; _module_preset=&#8220;default&#8220; global_colors_info=&#8220;{}&#8220;][\/et_pb_icon][\/et_pb_column][et_pb_column type=&#8220;1_3&#8243; module_class=&#8220;centrer&#8220; _builder_version=&#8220;4.20.2&#8243; _module_preset=&#8220;default&#8220; global_colors_info=&#8220;{}&#8220;][et_pb_text _builder_version=&#8220;4.22.0&#8243; _module_preset=&#8220;default&#8220; header_2_font=&#8220;Ubuntu||||||||&#8220; header_2_text_align=&#8220;center&#8220; header_2_text_color=&#8220;#97d700&#8243; header_2_font_size=&#8220;45px&#8220; global_colors_info=&#8220;{}&#8220;]<\/p>\n<h2><span style=\"color: #94c11e;\">Sie sch\u00e4tzten<\/span><\/h2>\n<p>[\/et_pb_text][\/et_pb_column][et_pb_column type=&#8220;1_3&#8243; module_class=&#8220;centrer&#8220; _builder_version=&#8220;4.20.2&#8243; _module_preset=&#8220;default&#8220; global_colors_info=&#8220;{}&#8220;][et_pb_icon font_icon=&#8220;&#x7b;||divi||400&#8243; icon_color=&#8220;#94c11e&#8220; _builder_version=&#8220;4.22.0&#8243; _module_preset=&#8220;default&#8220; locked=&#8220;off&#8220; global_colors_info=&#8220;{}&#8220;][\/et_pb_icon][\/et_pb_column][\/et_pb_row][et_pb_row column_structure=&#8220;1_3,1_3,1_3&#8243; custom_padding_last_edited=&#8220;on|phone&#8220; _builder_version=&#8220;4.22.0&#8243; _module_preset=&#8220;default&#8220; width=&#8220;85%&#8220; max_width=&#8220;85%&#8220; custom_padding_tablet=&#8220;&#8220; custom_padding_phone=&#8220;0px||||false|false&#8220; global_colors_info=&#8220;{}&#8220;][et_pb_column type=&#8220;1_3&#8243; module_class=&#8220;centrer&#8220; _builder_version=&#8220;4.20.2&#8243; _module_preset=&#8220;default&#8220; global_colors_info=&#8220;{}&#8220;][et_pb_text quote_border_color=&#8220;#94C11F&#8220; _builder_version=&#8220;4.22.0&#8243; _module_preset=&#8220;default&#8220; quote_font=&#8220;|300|||||||&#8220; quote_text_color=&#8220;#000000&#8243; header_font=&#8220;|300|||||||&#8220; header_2_text_color=&#8220;#97d700&#8243; hover_enabled=&#8220;0&#8243; global_colors_info=&#8220;{}&#8220; sticky_enabled=&#8220;0&#8243;]<\/p>\n<blockquote>\n<p style=\"text-align: justify;\"><em>&#8222;Wir waren auf der Insel und haben unseren Aufenthalt in der Villa Manaaki sehr genossen. Wir konnten den<strong>Westen von La R\u00e9union<\/strong> besuchen und gleichzeitig bei Catherine und Pascal entspannen. Wir empfehlen es!&#8220;<\/em><\/p>\n<\/blockquote>\n<p style=\"text-align: justify;\">Monique &amp; Philippe \ud83c\uddeb\ud83c\uddf7<\/p>\n<p>[\/et_pb_text][\/et_pb_column][et_pb_column type=&#8220;1_3&#8243; module_class=&#8220;centrer&#8220; _builder_version=&#8220;4.20.2&#8243; _module_preset=&#8220;default&#8220; global_colors_info=&#8220;{}&#8220;][et_pb_text quote_border_color=&#8220;#94C11F&#8220; _builder_version=&#8220;4.22.0&#8243; _module_preset=&#8220;default&#8220; quote_font=&#8220;|300|||||||&#8220; quote_text_color=&#8220;#000000&#8243; header_2_text_color=&#8220;#97d700&#8243; hover_enabled=&#8220;0&#8243; locked=&#8220;off&#8220; global_colors_info=&#8220;{}&#8220; sticky_enabled=&#8220;0&#8243;]<\/p>\n<blockquote>\n<p style=\"text-align: justify;\"><em>&#8222;Wir suchten f\u00fcr ein Wochenende zu zweit einen Ort, an dem wir uns ausruhen konnten. Wir sind sehr zufrieden mit unserer Zeit in der Villa Manaaki. Wir waren von der Ausstattung unseres Bungalows, der unglaublichen Aussicht auf den Ozean und der<strong>Gastfreundschaft<\/strong> von Catherine und Pascal begeistert. Nochmals vielen Dank!&#8220;<\/em><\/p>\n<\/blockquote>\n<p style=\"text-align: justify;\">Delphine &amp; Laurent \ud83c\uddeb\ud83c\uddf7<\/p>\n<p>[\/et_pb_text][\/et_pb_column][et_pb_column type=&#8220;1_3&#8243; module_class=&#8220;centrer&#8220; _builder_version=&#8220;4.20.2&#8243; _module_preset=&#8220;default&#8220; global_colors_info=&#8220;{}&#8220;][et_pb_text quote_border_color=&#8220;#94C11F&#8220; _builder_version=&#8220;4.22.0&#8243; _module_preset=&#8220;default&#8220; quote_font=&#8220;|300|||||||&#8220; quote_text_color=&#8220;#000000&#8243; header_2_text_color=&#8220;#97d700&#8243; hover_enabled=&#8220;0&#8243; locked=&#8220;off&#8220; global_colors_info=&#8220;{}&#8220; sticky_enabled=&#8220;0&#8243;]<\/p>\n<blockquote>\n<p style=\"text-align: justify;\"><em>&#8222;Im Rahmen einer vor\u00fcbergehenden beruflichen T\u00e4tigkeit mietete ich f\u00fcr drei Monate das Studio von Catherine und Pascal. Eine praktische und komfortable Unterkunft, die es mir erm\u00f6glichte, im Alltag unabh\u00e4ngig zu sein und gleichzeitig eine<strong> sehr angenehme Umgebung<\/strong> zu genie\u00dfen.&#8220;<\/em><\/p>\n<\/blockquote>\n<p style=\"text-align: justify;\">Jerome \ud83c\uddeb\ud83c\uddf7<\/p>\n<p>[\/et_pb_text][\/et_pb_column][\/et_pb_row][\/et_pb_section][et_pb_section fb_built=&#8220;1&#8243; fullwidth=&#8220;on&#8220; _builder_version=&#8220;4.20.2&#8243; _module_preset=&#8220;default&#8220; global_colors_info=&#8220;{}&#8220;][et_pb_fullwidth_image src=&#8220;https:\/\/www.villa-manaaki.com\/wp-content\/uploads\/2023\/06\/kiosque.webp&#8220; title_text=&#8220;Kiosk&#8220; _builder_version=&#8220;4.20.2&#8243; _module_preset=&#8220;default&#8220; custom_margin=&#8220;||||true|false&#8220; global_colors_info=&#8220;{}&#8220;][\/et_pb_fullwidth_image][\/et_pb_section]<\/p>\n","protected":false},"excerpt":{"rendered":"<p>Die Villa Manaaki liegt in Bois de N\u00e8fles in den H\u00f6hen von Saint-Paul im Westen der Insel R\u00e9union und empf\u00e4ngt Sie das ganze Jahr \u00fcber in ihrer Oase des Friedens.F\u00fcr einen kurzen oder l\u00e4ngeren Aufenthalt, entdecken Sie unsere Zimmer und genie\u00dfen Sie in aller Ruhe unsere luxuri\u00f6se und entspannende Umgebung.Die Villa Manaaki liegt in Bois [&hellip;]<\/p>\n","protected":false},"author":1,"featured_media":0,"parent":0,"menu_order":0,"comment_status":"closed","ping_status":"closed","template":"","meta":{"_et_pb_use_builder":"on","_et_pb_old_content":"","_et_gb_content_width":"","inline_featured_image":false,"footnotes":""},"class_list":["post-2613","page","type-page","status-publish","hentry"],"yoast_head":"<!-- This site is optimized with the Yoast SEO plugin v27.3 - https:\/\/yoast.com\/product\/yoast-seo-wordpress\/ -->\n<title>Villa Manaaki - Chambres d\u2019h\u00f4tes de charme \u00e0 Saint-Paul (La R\u00e9union)<\/title>\n<meta name=\"description\" content=\"Villa Manaaki, ein charmantes G\u00e4stezimmer f\u00fcr einen kurzen oder l\u00e4ngeren Aufenthalt in Saint-Paul de La R\u00e9union in einer luxuri\u00f6sen und exotischen Umgebung.\" \/>\n<meta name=\"robots\" content=\"index, follow, max-snippet:-1, max-image-preview:large, max-video-preview:-1\" \/>\n<link rel=\"canonical\" href=\"https:\/\/www.villa-manaaki.com\/de\/\" \/>\n<meta property=\"og:locale\" content=\"de_DE\" \/>\n<meta property=\"og:type\" content=\"article\" \/>\n<meta property=\"og:title\" content=\"Villa Manaaki - Chambres d\u2019h\u00f4tes de charme \u00e0 Saint-Paul (La R\u00e9union)\" \/>\n<meta property=\"og:description\" content=\"Villa Manaaki, ein charmantes G\u00e4stezimmer f\u00fcr einen kurzen oder l\u00e4ngeren Aufenthalt in Saint-Paul de La R\u00e9union in einer luxuri\u00f6sen und exotischen Umgebung.\" \/>\n<meta property=\"og:url\" content=\"https:\/\/www.villa-manaaki.com\/de\/\" \/>\n<meta property=\"og:site_name\" content=\"Villa Manaaki\" \/>\n<meta property=\"article:modified_time\" content=\"2024-12-04T10:59:47+00:00\" \/>\n<meta name=\"twitter:card\" content=\"summary_large_image\" \/>\n<meta name=\"twitter:label1\" content=\"Gesch\u00e4tzte Lesezeit\" \/>\n\t<meta name=\"twitter:data1\" content=\"23\u00a0Minuten\" \/>\n<script type=\"application\/ld+json\" class=\"yoast-schema-graph\">{\"@context\":\"https:\\\/\\\/schema.org\",\"@graph\":[{\"@type\":\"WebPage\",\"@id\":\"https:\\\/\\\/www.villa-manaaki.com\\\/de\\\/\",\"url\":\"https:\\\/\\\/www.villa-manaaki.com\\\/de\\\/\",\"name\":\"Villa Manaaki - Chambres d\u2019h\u00f4tes de charme \u00e0 Saint-Paul (La R\u00e9union)\",\"isPartOf\":{\"@id\":\"https:\\\/\\\/www.villa-manaaki.com\\\/de\\\/#website\"},\"datePublished\":\"2023-04-03T09:25:04+00:00\",\"dateModified\":\"2024-12-04T10:59:47+00:00\",\"description\":\"Villa Manaaki, ein charmantes G\u00e4stezimmer f\u00fcr einen kurzen oder l\u00e4ngeren Aufenthalt in Saint-Paul de La R\u00e9union in einer luxuri\u00f6sen und exotischen Umgebung.\",\"breadcrumb\":{\"@id\":\"https:\\\/\\\/www.villa-manaaki.com\\\/de\\\/#breadcrumb\"},\"inLanguage\":\"de\",\"potentialAction\":[{\"@type\":\"ReadAction\",\"target\":[\"https:\\\/\\\/www.villa-manaaki.com\\\/de\\\/\"]}]},{\"@type\":\"BreadcrumbList\",\"@id\":\"https:\\\/\\\/www.villa-manaaki.com\\\/de\\\/#breadcrumb\",\"itemListElement\":[{\"@type\":\"ListItem\",\"position\":1,\"name\":\"Accueil\",\"item\":\"https:\\\/\\\/www.villa-manaaki.com\\\/de\\\/\"},{\"@type\":\"ListItem\",\"position\":2,\"name\":\"Startseite\"}]},{\"@type\":\"WebSite\",\"@id\":\"https:\\\/\\\/www.villa-manaaki.com\\\/de\\\/#website\",\"url\":\"https:\\\/\\\/www.villa-manaaki.com\\\/de\\\/\",\"name\":\"Villa Manaaki\",\"description\":\"Chambres d\u2019h\u00f4tes de charme \u00e0 Saint-Paul (La R\u00e9union)\",\"publisher\":{\"@id\":\"https:\\\/\\\/www.villa-manaaki.com\\\/de\\\/#organization\"},\"potentialAction\":[{\"@type\":\"SearchAction\",\"target\":{\"@type\":\"EntryPoint\",\"urlTemplate\":\"https:\\\/\\\/www.villa-manaaki.com\\\/de\\\/?s={search_term_string}\"},\"query-input\":{\"@type\":\"PropertyValueSpecification\",\"valueRequired\":true,\"valueName\":\"search_term_string\"}}],\"inLanguage\":\"de\"},{\"@type\":\"Organization\",\"@id\":\"https:\\\/\\\/www.villa-manaaki.com\\\/de\\\/#organization\",\"name\":\"Villa Manaaki\",\"url\":\"https:\\\/\\\/www.villa-manaaki.com\\\/de\\\/\",\"logo\":{\"@type\":\"ImageObject\",\"inLanguage\":\"de\",\"@id\":\"https:\\\/\\\/www.villa-manaaki.com\\\/de\\\/#\\\/schema\\\/logo\\\/image\\\/\",\"url\":\"https:\\\/\\\/www.villa-manaaki.com\\\/wp-content\\\/uploads\\\/2023\\\/03\\\/LOGO.webp\",\"contentUrl\":\"https:\\\/\\\/www.villa-manaaki.com\\\/wp-content\\\/uploads\\\/2023\\\/03\\\/LOGO.webp\",\"width\":899,\"height\":446,\"caption\":\"Villa Manaaki\"},\"image\":{\"@id\":\"https:\\\/\\\/www.villa-manaaki.com\\\/de\\\/#\\\/schema\\\/logo\\\/image\\\/\"}}]}<\/script>\n<!-- \/ Yoast SEO plugin. -->","yoast_head_json":{"title":"Villa Manaaki - Chambres d\u2019h\u00f4tes de charme \u00e0 Saint-Paul (La R\u00e9union)","description":"Villa Manaaki, ein charmantes G\u00e4stezimmer f\u00fcr einen kurzen oder l\u00e4ngeren Aufenthalt in Saint-Paul de La R\u00e9union in einer luxuri\u00f6sen und exotischen Umgebung.","robots":{"index":"index","follow":"follow","max-snippet":"max-snippet:-1","max-image-preview":"max-image-preview:large","max-video-preview":"max-video-preview:-1"},"canonical":"https:\/\/www.villa-manaaki.com\/de\/","og_locale":"de_DE","og_type":"article","og_title":"Villa Manaaki - Chambres d\u2019h\u00f4tes de charme \u00e0 Saint-Paul (La R\u00e9union)","og_description":"Villa Manaaki, ein charmantes G\u00e4stezimmer f\u00fcr einen kurzen oder l\u00e4ngeren Aufenthalt in Saint-Paul de La R\u00e9union in einer luxuri\u00f6sen und exotischen Umgebung.","og_url":"https:\/\/www.villa-manaaki.com\/de\/","og_site_name":"Villa Manaaki","article_modified_time":"2024-12-04T10:59:47+00:00","twitter_card":"summary_large_image","twitter_misc":{"Gesch\u00e4tzte Lesezeit":"23\u00a0Minuten"},"schema":{"@context":"https:\/\/schema.org","@graph":[{"@type":"WebPage","@id":"https:\/\/www.villa-manaaki.com\/de\/","url":"https:\/\/www.villa-manaaki.com\/de\/","name":"Villa Manaaki - Chambres d\u2019h\u00f4tes de charme \u00e0 Saint-Paul (La R\u00e9union)","isPartOf":{"@id":"https:\/\/www.villa-manaaki.com\/de\/#website"},"datePublished":"2023-04-03T09:25:04+00:00","dateModified":"2024-12-04T10:59:47+00:00","description":"Villa Manaaki, ein charmantes G\u00e4stezimmer f\u00fcr einen kurzen oder l\u00e4ngeren Aufenthalt in Saint-Paul de La R\u00e9union in einer luxuri\u00f6sen und exotischen Umgebung.","breadcrumb":{"@id":"https:\/\/www.villa-manaaki.com\/de\/#breadcrumb"},"inLanguage":"de","potentialAction":[{"@type":"ReadAction","target":["https:\/\/www.villa-manaaki.com\/de\/"]}]},{"@type":"BreadcrumbList","@id":"https:\/\/www.villa-manaaki.com\/de\/#breadcrumb","itemListElement":[{"@type":"ListItem","position":1,"name":"Accueil","item":"https:\/\/www.villa-manaaki.com\/de\/"},{"@type":"ListItem","position":2,"name":"Startseite"}]},{"@type":"WebSite","@id":"https:\/\/www.villa-manaaki.com\/de\/#website","url":"https:\/\/www.villa-manaaki.com\/de\/","name":"Villa Manaaki","description":"Chambres d\u2019h\u00f4tes de charme \u00e0 Saint-Paul (La R\u00e9union)","publisher":{"@id":"https:\/\/www.villa-manaaki.com\/de\/#organization"},"potentialAction":[{"@type":"SearchAction","target":{"@type":"EntryPoint","urlTemplate":"https:\/\/www.villa-manaaki.com\/de\/?s={search_term_string}"},"query-input":{"@type":"PropertyValueSpecification","valueRequired":true,"valueName":"search_term_string"}}],"inLanguage":"de"},{"@type":"Organization","@id":"https:\/\/www.villa-manaaki.com\/de\/#organization","name":"Villa Manaaki","url":"https:\/\/www.villa-manaaki.com\/de\/","logo":{"@type":"ImageObject","inLanguage":"de","@id":"https:\/\/www.villa-manaaki.com\/de\/#\/schema\/logo\/image\/","url":"https:\/\/www.villa-manaaki.com\/wp-content\/uploads\/2023\/03\/LOGO.webp","contentUrl":"https:\/\/www.villa-manaaki.com\/wp-content\/uploads\/2023\/03\/LOGO.webp","width":899,"height":446,"caption":"Villa Manaaki"},"image":{"@id":"https:\/\/www.villa-manaaki.com\/de\/#\/schema\/logo\/image\/"}}]}},"_links":{"self":[{"href":"https:\/\/www.villa-manaaki.com\/de\/wp-json\/wp\/v2\/pages\/2613","targetHints":{"allow":["GET"]}}],"collection":[{"href":"https:\/\/www.villa-manaaki.com\/de\/wp-json\/wp\/v2\/pages"}],"about":[{"href":"https:\/\/www.villa-manaaki.com\/de\/wp-json\/wp\/v2\/types\/page"}],"author":[{"embeddable":true,"href":"https:\/\/www.villa-manaaki.com\/de\/wp-json\/wp\/v2\/users\/1"}],"replies":[{"embeddable":true,"href":"https:\/\/www.villa-manaaki.com\/de\/wp-json\/wp\/v2\/comments?post=2613"}],"version-history":[{"count":5,"href":"https:\/\/www.villa-manaaki.com\/de\/wp-json\/wp\/v2\/pages\/2613\/revisions"}],"predecessor-version":[{"id":2831,"href":"https:\/\/www.villa-manaaki.com\/de\/wp-json\/wp\/v2\/pages\/2613\/revisions\/2831"}],"wp:attachment":[{"href":"https:\/\/www.villa-manaaki.com\/de\/wp-json\/wp\/v2\/media?parent=2613"}],"curies":[{"name":"wp","href":"https:\/\/api.w.org\/{rel}","templated":true}]}}