{"id":2627,"date":"2023-04-24T10:58:46","date_gmt":"2023-04-24T06:58:46","guid":{"rendered":"https:\/\/www.villa-manaaki.com\/sala-cardinal\/"},"modified":"2024-06-10T18:43:09","modified_gmt":"2024-06-10T14:43:09","slug":"sala-cardinal","status":"publish","type":"page","link":"https:\/\/www.villa-manaaki.com\/es\/sala-cardinal\/","title":{"rendered":"sala CARDINAL"},"content":{"rendered":"<p>[et_pb_section fb_built=\u00bb1&#8243; fullwidth=\u00bbon\u00bb _builder_version=\u00bb4.20.2&#8243; _module_preset=\u00bbdefault\u00bb background_enable_image=\u00bboff\u00bb locked=\u00bboff\u00bb global_colors_info=\u00bb{}\u00bb][et_pb_fullwidth_header title=\u00bbsala CARDINAL\u00bb _builder_version=\u00bb4.22.0&#8243; _module_preset=\u00bbdefault\u00bb title_font=\u00bbUbuntu||||||||\u00bb title_text_align=\u00bbcenter\u00bb title_text_color=\u00bb#94c11f\u00bb title_font_size=\u00bb50px\u00bb background_enable_color=\u00bboff\u00bb use_background_color_gradient=\u00bbon\u00bb background_color_gradient_stops=\u00bbrgba(255,255,255,0.59) 0%|rgba(255,255,255,0.59) 100%\u00bb background_color_gradient_overlays_image=\u00bbon\u00bb background_image=\u00bbhttps:\/\/www.villa-manaaki.com\/wp-content\/uploads\/2023\/06\/fond-titre.webp\u00bb background_size=\u00bbcontain\u00bb custom_margin=\u00bb||||false|false\u00bb custom_padding_tablet=\u00bb\u00bb custom_padding_phone=\u00bb0px||0px||false|false\u00bb custom_padding_last_edited=\u00bbon|phone\u00bb hover_enabled=\u00bb0&#8243; title_font_size_tablet=\u00bb50px\u00bb title_font_size_phone=\u00bb35px\u00bb title_font_size_last_edited=\u00bbon|phone\u00bb background_last_edited=\u00bbon|phone\u00bb background_size_phone=\u00bbcustom\u00bb background_image_width_phone=\u00bb20%\u00bb global_colors_info=\u00bb{}\u00bb sticky_enabled=\u00bb0&#8243;][\/et_pb_fullwidth_header][\/et_pb_section][et_pb_section fb_built=\u00bb1&#8243; theme_builder_area=\u00bbpost_content\u00bb _builder_version=\u00bb4.22.0&#8243; _module_preset=\u00bbdefault\u00bb custom_padding=\u00bb||0px|||\u00bb][et_pb_row _builder_version=\u00bb4.22.0&#8243; _module_preset=\u00bbdefault\u00bb theme_builder_area=\u00bbpost_content\u00bb][et_pb_column _builder_version=\u00bb4.22.0&#8243; _module_preset=\u00bbdefault\u00bb type=\u00bb4_4&#8243; theme_builder_area=\u00bbpost_content\u00bb][et_pb_text _builder_version=\u00bb4.22.0&#8243; _module_preset=\u00bbdefault\u00bb theme_builder_area=\u00bbpost_content\u00bb text_font=\u00bbUbuntu|300|||||||\u00bb text_font_size=\u00bb19px\u00bb text_line_height=\u00bb1.8em\u00bb hover_enabled=\u00bb0&#8243; sticky_enabled=\u00bb0&#8243;]En el coraz\u00f3n de nuestra <b>casa criolla<\/b>, la sala Cardinal, luminosa y espaciosa, te sumerge en el oc\u00e9ano \u00cdndico y te garantiza una hermosa evasi\u00f3n.[\/et_pb_text][\/et_pb_column][\/et_pb_row][\/et_pb_section][et_pb_section fb_built=\u00bb1&#8243; make_equal=\u00bbon\u00bb use_custom_gutter=\u00bbon\u00bb gutter_width=\u00bb1&#8243; padding_right_1=\u00bb2%\u00bb padding_right_2=\u00bb2%\u00bb padding_left_1=\u00bb2%\u00bb padding_left_2=\u00bb2%\u00bb padding_top_bottom_link_1=\u00bbfalse\u00bb padding_top_bottom_link_2=\u00bbfalse\u00bb padding_left_right_link_1=\u00bbfalse\u00bb padding_left_right_link_2=\u00bbtrue\u00bb module_class=\u00bbfullwidth-specialty\u00bb _builder_version=\u00bb4.20.2&#8243; _module_preset=\u00bbdefault\u00bb custom_margin=\u00bb|4%||4%|false|true\u00bb custom_margin_tablet=\u00bb|4%||4%|false|true\u00bb custom_margin_phone=\u00bb|0%||0%|false|true\u00bb custom_margin_last_edited=\u00bbon|phone\u00bb custom_padding=\u00bb0px|0%|0px|0%|true|true\u00bb border_color_all=\u00bb#97D700&#8243; border_color_top=\u00bb#97D700&#8243; border_color_bottom=\u00bb#97D700&#8243; locked=\u00bboff\u00bb global_colors_info=\u00bb{}\u00bb][et_pb_row custom_padding_last_edited=\u00bbon|phone\u00bb disabled_on=\u00bboff|off|off\u00bb _builder_version=\u00bb4.20.2&#8243; _module_preset=\u00bbdefault\u00bb width_tablet=\u00bb\u00bb width_phone=\u00bb100%\u00bb width_last_edited=\u00bbon|phone\u00bb max_width_tablet=\u00bb\u00bb max_width_phone=\u00bb100%\u00bb max_width_last_edited=\u00bbon|phone\u00bb custom_padding_tablet=\u00bb\u00bb custom_padding_phone=\u00bb||0px||false|false\u00bb global_colors_info=\u00bb{}\u00bb max_width__hover_enabled=\u00bboff|desktop\u00bb][et_pb_column type=\u00bb4_4&#8243; _builder_version=\u00bb4.20.2&#8243; _module_preset=\u00bbdefault\u00bb global_colors_info=\u00bb{}\u00bb][et_pb_slider _builder_version=\u00bb4.20.2&#8243; _module_preset=\u00bbdefault\u00bb custom_padding_tablet=\u00bb\u00bb custom_padding_phone=\u00bb||0px||false|false\u00bb custom_padding_last_edited=\u00bbon|phone\u00bb auto=\u00bbon\u00bb auto_speed=\u00bb5000&#8243; global_colors_info=\u00bb{}\u00bb][et_pb_slide _builder_version=\u00bb4.20.2&#8243; _module_preset=\u00bbdefault\u00bb background_enable_color=\u00bboff\u00bb background_image=\u00bbhttps:\/\/www.villa-manaaki.com\/wp-content\/uploads\/2023\/06\/Photo-1.webp\u00bb background_enable_image=\u00bbon\u00bb global_colors_info=\u00bb{}\u00bb sticky_transition=\u00bbon\u00bb][\/et_pb_slide][et_pb_slide _builder_version=\u00bb4.20.2&#8243; _module_preset=\u00bbdefault\u00bb background_enable_color=\u00bboff\u00bb background_image=\u00bbhttps:\/\/www.villa-manaaki.com\/wp-content\/uploads\/2023\/06\/Photo-2.webp\u00bb background_enable_image=\u00bbon\u00bb custom_padding=\u00bb30%||30%||true|false\u00bb global_colors_info=\u00bb{}\u00bb sticky_transition=\u00bbon\u00bb][\/et_pb_slide][et_pb_slide _builder_version=\u00bb4.20.2&#8243; _module_preset=\u00bbdefault\u00bb background_enable_color=\u00bboff\u00bb background_image=\u00bbhttps:\/\/www.villa-manaaki.com\/wp-content\/uploads\/2023\/06\/Photo-3.webp\u00bb background_enable_image=\u00bbon\u00bb custom_padding=\u00bb30%||30%||true|false\u00bb global_colors_info=\u00bb{}\u00bb sticky_transition=\u00bbon\u00bb][\/et_pb_slide][et_pb_slide _builder_version=\u00bb4.20.2&#8243; _module_preset=\u00bbdefault\u00bb background_enable_color=\u00bboff\u00bb background_image=\u00bbhttps:\/\/www.villa-manaaki.com\/wp-content\/uploads\/2023\/06\/Photo-4.webp\u00bb background_enable_image=\u00bbon\u00bb custom_padding=\u00bb30%||30%||true|false\u00bb global_colors_info=\u00bb{}\u00bb sticky_transition=\u00bbon\u00bb][\/et_pb_slide][et_pb_slide _builder_version=\u00bb4.20.2&#8243; _module_preset=\u00bbdefault\u00bb background_enable_color=\u00bboff\u00bb background_image=\u00bbhttps:\/\/www.villa-manaaki.com\/wp-content\/uploads\/2023\/06\/Photo-5.webp\u00bb background_enable_image=\u00bbon\u00bb custom_padding=\u00bb30%||30%||true|false\u00bb global_colors_info=\u00bb{}\u00bb sticky_transition=\u00bbon\u00bb][\/et_pb_slide][\/et_pb_slider][\/et_pb_column][\/et_pb_row][et_pb_row column_structure=\u00bb1_3,1_3,1_3&#8243; use_custom_gutter=\u00bbon\u00bb custom_padding_last_edited=\u00bbon|phone\u00bb _builder_version=\u00bb4.20.2&#8243; _module_preset=\u00bbdefault\u00bb width_tablet=\u00bb\u00bb width_phone=\u00bb100%\u00bb width_last_edited=\u00bbon|phone\u00bb max_width_tablet=\u00bb\u00bb max_width_phone=\u00bb100%\u00bb max_width_last_edited=\u00bbon|phone\u00bb custom_margin=\u00bb3%||||false|false\u00bb custom_margin_tablet=\u00bb3%||||false|false\u00bb custom_margin_phone=\u00bb3%||0px||false|false\u00bb custom_margin_last_edited=\u00bbon|phone\u00bb custom_padding_tablet=\u00bb\u00bb custom_padding_phone=\u00bb||0px||false|false\u00bb global_colors_info=\u00bb{}\u00bb custom_css_main_element_last_edited=\u00bbon|phone\u00bb custom_css_main_element_phone=\u00bbdisplay: flex\u00bb][et_pb_column type=\u00bb1_3&#8243; _builder_version=\u00bb4.20.2&#8243; _module_preset=\u00bbdefault\u00bb global_colors_info=\u00bb{}\u00bb][et_pb_image src=\u00bbhttps:\/\/www.villa-manaaki.com\/wp-content\/uploads\/2023\/06\/cardinal-vert-1.webp\u00bb title_text=\u00bbcardinal vert 1&#8243; show_in_lightbox=\u00bbon\u00bb _builder_version=\u00bb4.20.2&#8243; _module_preset=\u00bbdefault\u00bb border_color_all=\u00bb#FFFFFF\u00bb border_width_all_tablet=\u00bb\u00bb border_width_all_phone=\u00bb8px\u00bb border_width_all_last_edited=\u00bbon|phone\u00bb global_colors_info=\u00bb{}\u00bb][\/et_pb_image][\/et_pb_column][et_pb_column type=\u00bb1_3&#8243; _builder_version=\u00bb4.20.2&#8243; _module_preset=\u00bbdefault\u00bb global_colors_info=\u00bb{}\u00bb][et_pb_image src=\u00bbhttps:\/\/www.villa-manaaki.com\/wp-content\/uploads\/2023\/06\/cardinal-vert-2.webp\u00bb title_text=\u00bbcardinal vert 2&#8243; show_in_lightbox=\u00bbon\u00bb _builder_version=\u00bb4.20.2&#8243; _module_preset=\u00bbdefault\u00bb border_color_all=\u00bb#FFFFFF\u00bb border_width_all_tablet=\u00bb\u00bb border_width_all_phone=\u00bb8px\u00bb border_width_all_last_edited=\u00bbon|phone\u00bb global_colors_info=\u00bb{}\u00bb][\/et_pb_image][\/et_pb_column][et_pb_column type=\u00bb1_3&#8243; _builder_version=\u00bb4.20.2&#8243; _module_preset=\u00bbdefault\u00bb global_colors_info=\u00bb{}\u00bb][et_pb_image src=\u00bbhttps:\/\/www.villa-manaaki.com\/wp-content\/uploads\/2023\/06\/cardinal-vert-3.webp\u00bb title_text=\u00bbcardinal vert 3&#8243; show_in_lightbox=\u00bbon\u00bb _builder_version=\u00bb4.20.2&#8243; _module_preset=\u00bbdefault\u00bb border_color_all=\u00bb#FFFFFF\u00bb border_width_all_tablet=\u00bb\u00bb border_width_all_phone=\u00bb8px\u00bb border_width_all_last_edited=\u00bbon|phone\u00bb global_colors_info=\u00bb{}\u00bb][\/et_pb_image][\/et_pb_column][\/et_pb_row][\/et_pb_section][et_pb_section fb_built=\u00bb1&#8243; make_equal=\u00bbon\u00bb use_custom_gutter=\u00bbon\u00bb gutter_width=\u00bb1&#8243; specialty=\u00bbon\u00bb padding_right_1=\u00bb2%\u00bb padding_right_2=\u00bb2%\u00bb padding_left_1=\u00bb2%\u00bb padding_left_2=\u00bb2%\u00bb padding_top_bottom_link_1=\u00bbfalse\u00bb padding_top_bottom_link_2=\u00bbfalse\u00bb padding_left_right_link_1=\u00bbtrue\u00bb padding_left_right_link_2=\u00bbtrue\u00bb custom_css_main_1=\u00bbborder: solid 3px #94C11E;||border-right: none\u00bb custom_css_main_2=\u00bbborder: solid 3px #94C11E;\u00bb disabled_on=\u00bbon|on|off\u00bb module_class=\u00bbfullwidth-specialty\u00bb _builder_version=\u00bb4.22.0&#8243; _module_preset=\u00bbdefault\u00bb custom_margin=\u00bb|4%||4%|false|true\u00bb custom_padding=\u00bb0px|0%|0px|0%|true|true\u00bb hover_enabled=\u00bb0&#8243; border_color_all=\u00bb#94c11f\u00bb border_color_top=\u00bb#97D700&#8243; border_color_bottom=\u00bb#97D700&#8243; locked=\u00bboff\u00bb global_colors_info=\u00bb{}\u00bb sticky_enabled=\u00bb0&#8243;][et_pb_column type=\u00bb1_3&#8243; _builder_version=\u00bb4.16&#8243; custom_padding=\u00bb|||\u00bb global_colors_info=\u00bb{}\u00bb custom_padding__hover=\u00bb|||\u00bb][et_pb_image src=\u00bbhttps:\/\/www.villa-manaaki.com\/wp-content\/uploads\/2023\/06\/Cardinal-texte-2.webp\u00bb title_text=\u00bbTexto cardinal 2&#8243; align=\u00bbcenter\u00bb _builder_version=\u00bb4.20.2&#8243; _module_preset=\u00bbdefault\u00bb custom_margin=\u00bb||0px||false|false\u00bb custom_padding=\u00bb||||false|false\u00bb locked=\u00bboff\u00bb global_colors_info=\u00bb{}\u00bb][\/et_pb_image][et_pb_text _builder_version=\u00bb4.20.2&#8243; _module_preset=\u00bbdefault\u00bb text_font=\u00bb|300|||||||\u00bb text_font_size=\u00bb20px\u00bb text_line_height=\u00bb1.8em\u00bb custom_margin=\u00bb||-5%||false|false\u00bb custom_padding=\u00bb||0px||false|false\u00bb locked=\u00bboff\u00bb global_colors_info=\u00bb{}\u00bb]<\/p>\n<p style=\"text-align: justify;\"><strong>Cardenal<\/strong>, ave de magn\u00edfico plumaje rojo en su \u00e9poca de celo. A menudo est\u00e1 ah\u00ed, sentada en una rama, alegrando nuestros d\u00edas.<\/p>\n<p>[\/et_pb_text][\/et_pb_column][et_pb_column type=\u00bb2_3&#8243; specialty_columns=\u00bb2&#8243; _builder_version=\u00bb4.16&#8243; custom_padding=\u00bb|||\u00bb global_colors_info=\u00bb{}\u00bb custom_padding__hover=\u00bb|||\u00bb][et_pb_row_inner _builder_version=\u00bb4.20.2&#8243; _module_preset=\u00bbdefault\u00bb custom_padding=\u00bb||26px|||\u00bb locked=\u00bboff\u00bb global_colors_info=\u00bb{}\u00bb][et_pb_column_inner saved_specialty_column_type=\u00bb2_3&#8243; _builder_version=\u00bb4.20.2&#8243; _module_preset=\u00bbdefault\u00bb global_colors_info=\u00bb{}\u00bb][et_pb_text _builder_version=\u00bb4.20.2&#8243; _module_preset=\u00bbdefault\u00bb text_font=\u00bb|300|||||||\u00bb text_text_color=\u00bb#000000&#8243; text_font_size=\u00bb19px\u00bb text_line_height=\u00bb1.8em\u00bb global_colors_info=\u00bb{}\u00bb]<\/p>\n<p style=\"text-align: center;\"><span style=\"text-decoration: underline;\"><strong>LOS PEQUE\u00d1OS EXTRAS<\/strong><\/span><\/p>\n<p>[\/et_pb_text][\/et_pb_column_inner][\/et_pb_row_inner][et_pb_row_inner column_structure=\u00bb1_2,1_2&#8243; use_custom_gutter=\u00bbon\u00bb gutter_width=\u00bb2&#8243; _builder_version=\u00bb4.20.2&#8243; _module_preset=\u00bbdefault\u00bb custom_padding=\u00bb0px||0px||false|false\u00bb locked=\u00bboff\u00bb global_colors_info=\u00bb{}\u00bb][et_pb_column_inner type=\u00bb1_2&#8243; saved_specialty_column_type=\u00bb2_3&#8243; _builder_version=\u00bb4.20.2&#8243; _module_preset=\u00bbdefault\u00bb global_colors_info=\u00bb{}\u00bb][et_pb_text _builder_version=\u00bb4.20.2&#8243; _module_preset=\u00bbdefault\u00bb text_font=\u00bb|300|||||||\u00bb text_text_color=\u00bb#000000&#8243; text_font_size=\u00bb19px\u00bb text_line_height=\u00bb1.8em\u00bb global_colors_info=\u00bb{}\u00bb]<\/p>\n<ul>\n<li>Vistas panor\u00e1micas al oc\u00e9ano<\/li>\n<li><span>Dormitorio de 30m2<\/span><\/li>\n<li><span>Acceso directo a la piscina<\/span><\/li>\n<\/ul>\n<p>[\/et_pb_text][\/et_pb_column_inner][et_pb_column_inner type=\u00bb1_2&#8243; saved_specialty_column_type=\u00bb2_3&#8243; _builder_version=\u00bb4.20.2&#8243; _module_preset=\u00bbdefault\u00bb global_colors_info=\u00bb{}\u00bb][et_pb_text _builder_version=\u00bb4.20.2&#8243; _module_preset=\u00bbdefault\u00bb text_font=\u00bb|300|||||||\u00bb text_text_color=\u00bb#000000&#8243; text_font_size=\u00bb19px\u00bb text_line_height=\u00bb1.8em\u00bb global_colors_info=\u00bb{}\u00bb]<\/p>\n<ul>\n<li><span>Gran cuarto de ducha<\/span><\/li>\n<li>Aparcamiento privado gratuito<\/li>\n<\/ul>\n<p>[\/et_pb_text][\/et_pb_column_inner][\/et_pb_row_inner][et_pb_row_inner _builder_version=\u00bb4.20.2&#8243; _module_preset=\u00bbdefault\u00bb custom_padding=\u00bb||13px|||\u00bb locked=\u00bboff\u00bb global_colors_info=\u00bb{}\u00bb][et_pb_column_inner saved_specialty_column_type=\u00bb2_3&#8243; _builder_version=\u00bb4.20.2&#8243; _module_preset=\u00bbdefault\u00bb global_colors_info=\u00bb{}\u00bb][et_pb_text _builder_version=\u00bb4.20.2&#8243; _module_preset=\u00bbdefault\u00bb text_font=\u00bb|300|||||||\u00bb text_text_color=\u00bb#000000&#8243; text_font_size=\u00bb19px\u00bb text_line_height=\u00bb1.8em\u00bb global_colors_info=\u00bb{}\u00bb]<\/p>\n<p style=\"text-align: center;\"><span style=\"text-decoration: underline;\"><strong>PODEMOS PROPORCIONARTE<\/strong><\/span><\/p>\n<p>[\/et_pb_text][\/et_pb_column_inner][\/et_pb_row_inner][et_pb_row_inner column_structure=\u00bb1_2,1_2&#8243; use_custom_gutter=\u00bbon\u00bb gutter_width=\u00bb2&#8243; _builder_version=\u00bb4.20.2&#8243; _module_preset=\u00bbdefault\u00bb custom_padding=\u00bb0px||0px||false|false\u00bb locked=\u00bboff\u00bb global_colors_info=\u00bb{}\u00bb][et_pb_column_inner type=\u00bb1_2&#8243; saved_specialty_column_type=\u00bb2_3&#8243; _builder_version=\u00bb4.20.2&#8243; _module_preset=\u00bbdefault\u00bb global_colors_info=\u00bb{}\u00bb][et_pb_text _builder_version=\u00bb4.20.2&#8243; _module_preset=\u00bbdefault\u00bb text_font=\u00bb|300|||||||\u00bb text_text_color=\u00bb#000000&#8243; text_font_size=\u00bb19px\u00bb text_line_height=\u00bb1.8em\u00bb global_colors_info=\u00bb{}\u00bb]<\/p>\n<ul>\n<li>Cama doble grande<\/li>\n<li>Ropa de cama y s\u00e1banas de calidad<\/li>\n<li>Albornoces<\/li>\n<li>Secador de pelo<\/li>\n<li>Gran vestidor<\/li>\n<li>Ventilador de techo<\/li>\n<\/ul>\n<p>[\/et_pb_text][\/et_pb_column_inner][et_pb_column_inner type=\u00bb1_2&#8243; saved_specialty_column_type=\u00bb2_3&#8243; _builder_version=\u00bb4.20.2&#8243; _module_preset=\u00bbdefault\u00bb global_colors_info=\u00bb{}\u00bb][et_pb_text _builder_version=\u00bb4.20.2&#8243; _module_preset=\u00bbdefault\u00bb text_font=\u00bb|300|||||||\u00bb text_text_color=\u00bb#000000&#8243; text_font_size=\u00bb19px\u00bb text_line_height=\u00bb1.8em\u00bb global_colors_info=\u00bb{}\u00bb]<\/p>\n<ul>\n<li>WIFI gratuito<\/li>\n<li>TV conectada<\/li>\n<li>Mosquiteras<\/li>\n<li>Mini caja fuerte<\/li>\n<li>Bandeja de cortes\u00eda<\/li>\n<li>Minibar<\/li>\n<\/ul>\n<p>[\/et_pb_text][\/et_pb_column_inner][\/et_pb_row_inner][\/et_pb_column][\/et_pb_section][et_pb_section fb_built=\u00bb1&#8243; custom_padding_last_edited=\u00bbon|phone\u00bb disabled_on=\u00bboff|off|on\u00bb _builder_version=\u00bb4.20.2&#8243; _module_preset=\u00bbdefault\u00bb custom_padding_tablet=\u00bb\u00bb custom_padding_phone=\u00bb0px||0px||false|false\u00bb locked=\u00bboff\u00bb global_colors_info=\u00bb{}\u00bb][et_pb_row disabled_on=\u00bboff|off|on\u00bb _builder_version=\u00bb4.20.2&#8243; _module_preset=\u00bbdefault\u00bb custom_padding=\u00bb|3%|14%|3%|false|true\u00bb hover_enabled=\u00bb0&#8243; border_width_all=\u00bb0px\u00bb border_width_bottom=\u00bb3px\u00bb border_color_bottom=\u00bb#97D700&#8243; global_colors_info=\u00bb{}\u00bb sticky_enabled=\u00bb0&#8243;][et_pb_column type=\u00bb4_4&#8243; _builder_version=\u00bb4.20.2&#8243; _module_preset=\u00bbdefault\u00bb global_colors_info=\u00bb{}\u00bb][et_pb_image src=\u00bbhttps:\/\/www.villa-manaaki.com\/wp-content\/uploads\/2023\/06\/Cardinal-texte-2.webp\u00bb title_text=\u00bbTexto cardinal 2&#8243; align=\u00bbcenter\u00bb _builder_version=\u00bb4.20.2&#8243; _module_preset=\u00bbdefault\u00bb custom_margin=\u00bb||0px||false|false\u00bb locked=\u00bboff\u00bb global_colors_info=\u00bb{}\u00bb][\/et_pb_image][et_pb_text _builder_version=\u00bb4.20.2&#8243; _module_preset=\u00bbdefault\u00bb text_font=\u00bb|300|||||||\u00bb text_font_size=\u00bb20px\u00bb text_line_height=\u00bb1.8em\u00bb custom_margin=\u00bb||-5%||false|false\u00bb custom_padding=\u00bb||0px||false|false\u00bb locked=\u00bboff\u00bb global_colors_info=\u00bb{}\u00bb]<\/p>\n<p style=\"text-align: justify;\"><strong>Cardenal<\/strong>, ave de magn\u00edfico plumaje rojo en su \u00e9poca de celo. A menudo est\u00e1 ah\u00ed, sentada en una rama, alegrando nuestros d\u00edas.<\/p>\n<p>[\/et_pb_text][\/et_pb_column][\/et_pb_row][et_pb_row _builder_version=\u00bb4.20.2&#8243; _module_preset=\u00bbdefault\u00bb custom_padding=\u00bb4%||||false|false\u00bb hover_enabled=\u00bb0&#8243; global_colors_info=\u00bb{}\u00bb sticky_enabled=\u00bb0&#8243;][et_pb_column type=\u00bb4_4&#8243; _builder_version=\u00bb4.20.2&#8243; _module_preset=\u00bbdefault\u00bb global_colors_info=\u00bb{}\u00bb][et_pb_text _builder_version=\u00bb4.22.0&#8243; _module_preset=\u00bbdefault\u00bb text_font=\u00bb|300|||||||\u00bb text_text_color=\u00bb#000000&#8243; text_font_size=\u00bb17px\u00bb text_line_height=\u00bb1.8em\u00bb locked=\u00bboff\u00bb global_colors_info=\u00bb{}\u00bb]<\/p>\n<p style=\"text-align: center;\"><span style=\"text-decoration: underline;\"><strong>LOS PEQUE\u00d1OS EXTRAS<\/strong><\/span><\/p>\n<p>[\/et_pb_text][et_pb_text _builder_version=\u00bb4.20.2&#8243; _module_preset=\u00bbdefault\u00bb text_font=\u00bb|300|||||||\u00bb text_text_color=\u00bb#000000&#8243; text_font_size=\u00bb17px\u00bb text_line_height=\u00bb1.8em\u00bb custom_padding=\u00bb|10px||10px|false|true\u00bb locked=\u00bboff\u00bb global_colors_info=\u00bb{}\u00bb]<\/p>\n<ul>\n<li>Vistas panor\u00e1micas al oc\u00e9ano<\/li>\n<li>Dormitorio de 30m2<\/li>\n<li>Acceso directo a la piscina<\/li>\n<li><span>Gran cuarto de ducha<\/span><\/li>\n<li>Aparcamiento privado gratuito<\/li>\n<\/ul>\n<p>[\/et_pb_text][et_pb_text _builder_version=\u00bb4.20.2&#8243; _module_preset=\u00bbdefault\u00bb text_font=\u00bb|300|||||||\u00bb text_text_color=\u00bb#000000&#8243; text_font_size=\u00bb17px\u00bb text_line_height=\u00bb1.8em\u00bb locked=\u00bboff\u00bb global_colors_info=\u00bb{}\u00bb]<\/p>\n<p style=\"text-align: center;\"><span style=\"text-decoration: underline;\"><strong>PODEMOS PROPORCIONARTE<\/strong><\/span><\/p>\n<p>[\/et_pb_text][et_pb_text _builder_version=\u00bb4.20.2&#8243; _module_preset=\u00bbdefault\u00bb text_font=\u00bb|300|||||||\u00bb text_text_color=\u00bb#000000&#8243; text_font_size=\u00bb17px\u00bb text_line_height=\u00bb1.8em\u00bb custom_padding=\u00bb|10px||10px|false|true\u00bb locked=\u00bboff\u00bb global_colors_info=\u00bb{}\u00bb]<\/p>\n<ul>\n<li>Cama doble grande<\/li>\n<li>Ropa de cama y s\u00e1banas de calidad<\/li>\n<li>Albornoces<\/li>\n<li>Secador de pelo<\/li>\n<li>Gran vestidor<\/li>\n<li>Ventilador de techo<\/li>\n<li>WIFI gratuito<\/li>\n<li>TV conectada<\/li>\n<li>Mosquiteras<\/li>\n<li>Mini caja fuerte<\/li>\n<li>Bandeja de cortes\u00eda<\/li>\n<\/ul>\n<p>[\/et_pb_text][\/et_pb_column][\/et_pb_row][\/et_pb_section][et_pb_section fb_built=\u00bb1&#8243; custom_padding_last_edited=\u00bbon|phone\u00bb _builder_version=\u00bb4.20.2&#8243; _module_preset=\u00bbdefault\u00bb custom_padding_tablet=\u00bb\u00bb custom_padding_phone=\u00bb0px||||false|false\u00bb border_color_top=\u00bb#97D700&#8243; global_colors_info=\u00bb{}\u00bb][et_pb_row column_structure=\u00bb2_5,3_5&#8243; make_equal=\u00bbon\u00bb _builder_version=\u00bb4.20.2&#8243; _module_preset=\u00bbdefault\u00bb global_colors_info=\u00bb{}\u00bb][et_pb_column type=\u00bb2_5&#8243; module_class=\u00bbcentrer\u00bb _builder_version=\u00bb4.20.2&#8243; _module_preset=\u00bbdefault\u00bb global_colors_info=\u00bb{}\u00bb][et_pb_button button_url=\u00bbhttps:\/\/www.villa-manaaki.com\/reservation\/#cardinal\u00bb button_text=\u00bbLibro\u00bb button_alignment=\u00bbcenter\u00bb _builder_version=\u00bb4.22.0&#8243; _module_preset=\u00bbdefault\u00bb custom_button=\u00bbon\u00bb button_text_size=\u00bb28px\u00bb button_text_color=\u00bb#94c11f\u00bb button_font=\u00bb|||on|||||\u00bb hover_enabled=\u00bb0&#8243; locked=\u00bboff\u00bb global_colors_info=\u00bb{}\u00bb button_bg_color__hover=\u00bbRGBA(255,255,255,0)\u00bb button_bg_color__hover_enabled=\u00bbon|hover\u00bb sticky_enabled=\u00bb0&#8243;][\/et_pb_button][\/et_pb_column][et_pb_column type=\u00bb3_5&#8243; _builder_version=\u00bb4.20.2&#8243; _module_preset=\u00bbdefault\u00bb global_colors_info=\u00bb{}\u00bb][et_pb_text _builder_version=\u00bb4.22.0&#8243; _module_preset=\u00bbdefault\u00bb text_font=\u00bb|300|||||||\u00bb text_text_color=\u00bb#94c11f\u00bb text_font_size=\u00bb40px\u00bb hover_enabled=\u00bb0&#8243; global_colors_info=\u00bb{}\u00bb sticky_enabled=\u00bb0&#8243;]<\/p>\n<p style=\"text-align: center;\"><strong>170<b>\u20ac<\/b>\/noche<\/strong><\/p>\n<p>[\/et_pb_text][et_pb_text _builder_version=\u00bb4.22.0&#8243; _module_preset=\u00bbdefault\u00bb text_font=\u00bb|300|||||||\u00bb text_text_color=\u00bb#94c11f\u00bb text_font_size=\u00bb30px\u00bb hover_enabled=\u00bb0&#8243; global_colors_info=\u00bb{}\u00bb sticky_enabled=\u00bb0&#8243;]<\/p>\n<p style=\"text-align: center;\"><strong>(m\u00ednimo 2 noches)<\/strong><\/p>\n<p>[\/et_pb_text][et_pb_text _builder_version=\u00bb4.20.2&#8243; _module_preset=\u00bbdefault\u00bb text_font=\u00bb|300|||||||\u00bb global_colors_info=\u00bb{}\u00bb]<\/p>\n<p style=\"text-align: center;\">Desayuno incluido \/ Tasa tur\u00edstica no incluida: 0,80 \u20ac\/noche\/persona<br \/>Entrada: de 15:00 a 19:00 \/ Salida: antes de las 11:00<\/p>\n<p>[\/et_pb_text][et_pb_text _builder_version=\u00bb4.20.2&#8243; _module_preset=\u00bbdefault\u00bb text_font=\u00bb|300|||||||\u00bb text_font_size=\u00bb19px\u00bb text_line_height=\u00bb1.8em\u00bb locked=\u00bboff\u00bb global_colors_info=\u00bb{}\u00bb]<\/p>\n<p style=\"text-align: center;\">Benef\u00edciate de un <strong>descuento del 10%<\/strong> para estancias de m\u00e1s de 6 noches.  <br \/>Para estancias m\u00e1s largas, \u00a1contacta directamente con nosotros!<\/p>\n<p>[\/et_pb_text][\/et_pb_column][\/et_pb_row][\/et_pb_section][et_pb_section fb_built=\u00bb1&#8243; fullwidth=\u00bbon\u00bb _builder_version=\u00bb4.20.2&#8243; _module_preset=\u00bbdefault\u00bb global_colors_info=\u00bb{}\u00bb][et_pb_fullwidth_image src=\u00bbhttps:\/\/www.villa-manaaki.com\/wp-content\/uploads\/2023\/06\/carte-cardinal-v4-scaled.webp\u00bb title_text=\u00bbcardinal v4&#8243; show_in_lightbox=\u00bbon\u00bb _builder_version=\u00bb4.20.2&#8243; _module_preset=\u00bbdefault\u00bb global_colors_info=\u00bb{}\u00bb][\/et_pb_fullwidth_image][\/et_pb_section][et_pb_section fb_built=\u00bb1&#8243; fullwidth=\u00bbon\u00bb _builder_version=\u00bb4.20.2&#8243; _module_preset=\u00bbdefault\u00bb global_colors_info=\u00bb{}\u00bb][et_pb_fullwidth_image title_text=\u00bbPlan\u00bb _builder_version=\u00bb4.20.2&#8243; _module_preset=\u00bbdefault\u00bb global_colors_info=\u00bb{}\u00bb][\/et_pb_fullwidth_image][\/et_pb_section]<\/p>\n","protected":false},"excerpt":{"rendered":"<p>En el coraz\u00f3n de nuestra casa criolla, la sala Cardinal, luminosa y espaciosa, te sumerge en el oc\u00e9ano \u00cdndico y te garantiza una hermosa evasi\u00f3n.Cardenal, ave de magn\u00edfico plumaje rojo en su \u00e9poca de celo. A menudo est\u00e1 ah\u00ed, sentada en una rama, alegrando nuestros d\u00edas.LOS PEQUE\u00d1OS EXTRAS Vistas panor\u00e1micas al oc\u00e9ano Dormitorio de 30m2 [&hellip;]<\/p>\n","protected":false},"author":1,"featured_media":2436,"parent":0,"menu_order":0,"comment_status":"closed","ping_status":"closed","template":"","meta":{"_et_pb_use_builder":"on","_et_pb_old_content":"","_et_gb_content_width":"","inline_featured_image":false,"footnotes":""},"class_list":["post-2627","page","type-page","status-publish","has-post-thumbnail","hentry"],"yoast_head":"<!-- This site is optimized with the Yoast SEO plugin v27.3 - https:\/\/yoast.com\/product\/yoast-seo-wordpress\/ -->\n<title>sala CARDINAL - Villa Manaaki<\/title>\n<meta name=\"robots\" content=\"index, follow, max-snippet:-1, max-image-preview:large, max-video-preview:-1\" \/>\n<link rel=\"canonical\" href=\"https:\/\/www.villa-manaaki.com\/es\/sala-cardinal\/\" \/>\n<meta property=\"og:locale\" content=\"es_ES\" \/>\n<meta property=\"og:type\" content=\"article\" \/>\n<meta property=\"og:title\" content=\"sala CARDINAL - Villa Manaaki\" \/>\n<meta property=\"og:description\" content=\"En el coraz\u00f3n de nuestra casa criolla, la sala Cardinal, luminosa y espaciosa, te sumerge en el oc\u00e9ano \u00cdndico y te garantiza una hermosa evasi\u00f3n.Cardenal, ave de magn\u00edfico plumaje rojo en su \u00e9poca de celo. A menudo est\u00e1 ah\u00ed, sentada en una rama, alegrando nuestros d\u00edas.LOS PEQUE\u00d1OS EXTRAS Vistas panor\u00e1micas al oc\u00e9ano Dormitorio de 30m2 [&hellip;]\" \/>\n<meta property=\"og:url\" content=\"https:\/\/www.villa-manaaki.com\/es\/sala-cardinal\/\" \/>\n<meta property=\"og:site_name\" content=\"Villa Manaaki\" \/>\n<meta property=\"article:modified_time\" content=\"2024-06-10T14:43:09+00:00\" \/>\n<meta property=\"og:image\" content=\"https:\/\/www.villa-manaaki.com\/wp-content\/uploads\/2023\/06\/Photo-1.webp\" \/>\n\t<meta property=\"og:image:width\" content=\"1080\" \/>\n\t<meta property=\"og:image:height\" content=\"540\" \/>\n\t<meta property=\"og:image:type\" content=\"image\/webp\" \/>\n<meta name=\"twitter:card\" content=\"summary_large_image\" \/>\n<meta name=\"twitter:label1\" content=\"Tiempo de lectura\" \/>\n\t<meta name=\"twitter:data1\" content=\"12 minutos\" \/>\n<script type=\"application\/ld+json\" class=\"yoast-schema-graph\">{\"@context\":\"https:\\\/\\\/schema.org\",\"@graph\":[{\"@type\":\"WebPage\",\"@id\":\"https:\\\/\\\/www.villa-manaaki.com\\\/es\\\/sala-cardinal\\\/\",\"url\":\"https:\\\/\\\/www.villa-manaaki.com\\\/es\\\/sala-cardinal\\\/\",\"name\":\"sala CARDINAL - Villa Manaaki\",\"isPartOf\":{\"@id\":\"https:\\\/\\\/www.villa-manaaki.com\\\/es\\\/#website\"},\"primaryImageOfPage\":{\"@id\":\"https:\\\/\\\/www.villa-manaaki.com\\\/es\\\/sala-cardinal\\\/#primaryimage\"},\"image\":{\"@id\":\"https:\\\/\\\/www.villa-manaaki.com\\\/es\\\/sala-cardinal\\\/#primaryimage\"},\"thumbnailUrl\":\"https:\\\/\\\/www.villa-manaaki.com\\\/wp-content\\\/uploads\\\/2023\\\/06\\\/Photo-1.webp\",\"datePublished\":\"2023-04-24T06:58:46+00:00\",\"dateModified\":\"2024-06-10T14:43:09+00:00\",\"breadcrumb\":{\"@id\":\"https:\\\/\\\/www.villa-manaaki.com\\\/es\\\/sala-cardinal\\\/#breadcrumb\"},\"inLanguage\":\"es\",\"potentialAction\":[{\"@type\":\"ReadAction\",\"target\":[\"https:\\\/\\\/www.villa-manaaki.com\\\/es\\\/sala-cardinal\\\/\"]}]},{\"@type\":\"ImageObject\",\"inLanguage\":\"es\",\"@id\":\"https:\\\/\\\/www.villa-manaaki.com\\\/es\\\/sala-cardinal\\\/#primaryimage\",\"url\":\"https:\\\/\\\/www.villa-manaaki.com\\\/wp-content\\\/uploads\\\/2023\\\/06\\\/Photo-1.webp\",\"contentUrl\":\"https:\\\/\\\/www.villa-manaaki.com\\\/wp-content\\\/uploads\\\/2023\\\/06\\\/Photo-1.webp\",\"width\":1080,\"height\":540},{\"@type\":\"BreadcrumbList\",\"@id\":\"https:\\\/\\\/www.villa-manaaki.com\\\/es\\\/sala-cardinal\\\/#breadcrumb\",\"itemListElement\":[{\"@type\":\"ListItem\",\"position\":1,\"name\":\"Accueil\",\"item\":\"https:\\\/\\\/www.villa-manaaki.com\\\/es\\\/\"},{\"@type\":\"ListItem\",\"position\":2,\"name\":\"sala CARDINAL\"}]},{\"@type\":\"WebSite\",\"@id\":\"https:\\\/\\\/www.villa-manaaki.com\\\/es\\\/#website\",\"url\":\"https:\\\/\\\/www.villa-manaaki.com\\\/es\\\/\",\"name\":\"Villa Manaaki\",\"description\":\"Chambres d\u2019h\u00f4tes de charme \u00e0 Saint-Paul (La R\u00e9union)\",\"publisher\":{\"@id\":\"https:\\\/\\\/www.villa-manaaki.com\\\/es\\\/#organization\"},\"potentialAction\":[{\"@type\":\"SearchAction\",\"target\":{\"@type\":\"EntryPoint\",\"urlTemplate\":\"https:\\\/\\\/www.villa-manaaki.com\\\/es\\\/?s={search_term_string}\"},\"query-input\":{\"@type\":\"PropertyValueSpecification\",\"valueRequired\":true,\"valueName\":\"search_term_string\"}}],\"inLanguage\":\"es\"},{\"@type\":\"Organization\",\"@id\":\"https:\\\/\\\/www.villa-manaaki.com\\\/es\\\/#organization\",\"name\":\"Villa Manaaki\",\"url\":\"https:\\\/\\\/www.villa-manaaki.com\\\/es\\\/\",\"logo\":{\"@type\":\"ImageObject\",\"inLanguage\":\"es\",\"@id\":\"https:\\\/\\\/www.villa-manaaki.com\\\/es\\\/#\\\/schema\\\/logo\\\/image\\\/\",\"url\":\"https:\\\/\\\/www.villa-manaaki.com\\\/wp-content\\\/uploads\\\/2023\\\/03\\\/LOGO.webp\",\"contentUrl\":\"https:\\\/\\\/www.villa-manaaki.com\\\/wp-content\\\/uploads\\\/2023\\\/03\\\/LOGO.webp\",\"width\":899,\"height\":446,\"caption\":\"Villa Manaaki\"},\"image\":{\"@id\":\"https:\\\/\\\/www.villa-manaaki.com\\\/es\\\/#\\\/schema\\\/logo\\\/image\\\/\"}}]}<\/script>\n<!-- \/ Yoast SEO plugin. -->","yoast_head_json":{"title":"sala CARDINAL - Villa Manaaki","robots":{"index":"index","follow":"follow","max-snippet":"max-snippet:-1","max-image-preview":"max-image-preview:large","max-video-preview":"max-video-preview:-1"},"canonical":"https:\/\/www.villa-manaaki.com\/es\/sala-cardinal\/","og_locale":"es_ES","og_type":"article","og_title":"sala CARDINAL - Villa Manaaki","og_description":"En el coraz\u00f3n de nuestra casa criolla, la sala Cardinal, luminosa y espaciosa, te sumerge en el oc\u00e9ano \u00cdndico y te garantiza una hermosa evasi\u00f3n.Cardenal, ave de magn\u00edfico plumaje rojo en su \u00e9poca de celo. A menudo est\u00e1 ah\u00ed, sentada en una rama, alegrando nuestros d\u00edas.LOS PEQUE\u00d1OS EXTRAS Vistas panor\u00e1micas al oc\u00e9ano Dormitorio de 30m2 [&hellip;]","og_url":"https:\/\/www.villa-manaaki.com\/es\/sala-cardinal\/","og_site_name":"Villa Manaaki","article_modified_time":"2024-06-10T14:43:09+00:00","og_image":[{"width":1080,"height":540,"url":"https:\/\/www.villa-manaaki.com\/wp-content\/uploads\/2023\/06\/Photo-1.webp","type":"image\/webp"}],"twitter_card":"summary_large_image","twitter_misc":{"Tiempo de lectura":"12 minutos"},"schema":{"@context":"https:\/\/schema.org","@graph":[{"@type":"WebPage","@id":"https:\/\/www.villa-manaaki.com\/es\/sala-cardinal\/","url":"https:\/\/www.villa-manaaki.com\/es\/sala-cardinal\/","name":"sala CARDINAL - Villa Manaaki","isPartOf":{"@id":"https:\/\/www.villa-manaaki.com\/es\/#website"},"primaryImageOfPage":{"@id":"https:\/\/www.villa-manaaki.com\/es\/sala-cardinal\/#primaryimage"},"image":{"@id":"https:\/\/www.villa-manaaki.com\/es\/sala-cardinal\/#primaryimage"},"thumbnailUrl":"https:\/\/www.villa-manaaki.com\/wp-content\/uploads\/2023\/06\/Photo-1.webp","datePublished":"2023-04-24T06:58:46+00:00","dateModified":"2024-06-10T14:43:09+00:00","breadcrumb":{"@id":"https:\/\/www.villa-manaaki.com\/es\/sala-cardinal\/#breadcrumb"},"inLanguage":"es","potentialAction":[{"@type":"ReadAction","target":["https:\/\/www.villa-manaaki.com\/es\/sala-cardinal\/"]}]},{"@type":"ImageObject","inLanguage":"es","@id":"https:\/\/www.villa-manaaki.com\/es\/sala-cardinal\/#primaryimage","url":"https:\/\/www.villa-manaaki.com\/wp-content\/uploads\/2023\/06\/Photo-1.webp","contentUrl":"https:\/\/www.villa-manaaki.com\/wp-content\/uploads\/2023\/06\/Photo-1.webp","width":1080,"height":540},{"@type":"BreadcrumbList","@id":"https:\/\/www.villa-manaaki.com\/es\/sala-cardinal\/#breadcrumb","itemListElement":[{"@type":"ListItem","position":1,"name":"Accueil","item":"https:\/\/www.villa-manaaki.com\/es\/"},{"@type":"ListItem","position":2,"name":"sala CARDINAL"}]},{"@type":"WebSite","@id":"https:\/\/www.villa-manaaki.com\/es\/#website","url":"https:\/\/www.villa-manaaki.com\/es\/","name":"Villa Manaaki","description":"Chambres d\u2019h\u00f4tes de charme \u00e0 Saint-Paul (La R\u00e9union)","publisher":{"@id":"https:\/\/www.villa-manaaki.com\/es\/#organization"},"potentialAction":[{"@type":"SearchAction","target":{"@type":"EntryPoint","urlTemplate":"https:\/\/www.villa-manaaki.com\/es\/?s={search_term_string}"},"query-input":{"@type":"PropertyValueSpecification","valueRequired":true,"valueName":"search_term_string"}}],"inLanguage":"es"},{"@type":"Organization","@id":"https:\/\/www.villa-manaaki.com\/es\/#organization","name":"Villa Manaaki","url":"https:\/\/www.villa-manaaki.com\/es\/","logo":{"@type":"ImageObject","inLanguage":"es","@id":"https:\/\/www.villa-manaaki.com\/es\/#\/schema\/logo\/image\/","url":"https:\/\/www.villa-manaaki.com\/wp-content\/uploads\/2023\/03\/LOGO.webp","contentUrl":"https:\/\/www.villa-manaaki.com\/wp-content\/uploads\/2023\/03\/LOGO.webp","width":899,"height":446,"caption":"Villa Manaaki"},"image":{"@id":"https:\/\/www.villa-manaaki.com\/es\/#\/schema\/logo\/image\/"}}]}},"_links":{"self":[{"href":"https:\/\/www.villa-manaaki.com\/es\/wp-json\/wp\/v2\/pages\/2627","targetHints":{"allow":["GET"]}}],"collection":[{"href":"https:\/\/www.villa-manaaki.com\/es\/wp-json\/wp\/v2\/pages"}],"about":[{"href":"https:\/\/www.villa-manaaki.com\/es\/wp-json\/wp\/v2\/types\/page"}],"author":[{"embeddable":true,"href":"https:\/\/www.villa-manaaki.com\/es\/wp-json\/wp\/v2\/users\/1"}],"replies":[{"embeddable":true,"href":"https:\/\/www.villa-manaaki.com\/es\/wp-json\/wp\/v2\/comments?post=2627"}],"version-history":[{"count":4,"href":"https:\/\/www.villa-manaaki.com\/es\/wp-json\/wp\/v2\/pages\/2627\/revisions"}],"predecessor-version":[{"id":2633,"href":"https:\/\/www.villa-manaaki.com\/es\/wp-json\/wp\/v2\/pages\/2627\/revisions\/2633"}],"wp:featuredmedia":[{"embeddable":true,"href":"https:\/\/www.villa-manaaki.com\/es\/wp-json\/wp\/v2\/media\/2436"}],"wp:attachment":[{"href":"https:\/\/www.villa-manaaki.com\/es\/wp-json\/wp\/v2\/media?parent=2627"}],"curies":[{"name":"wp","href":"https:\/\/api.w.org\/{rel}","templated":true}]}}