{"id":2660,"date":"2023-05-30T16:00:16","date_gmt":"2023-05-30T12:00:16","guid":{"rendered":"https:\/\/www.villa-manaaki.com\/descubre-la-isla\/"},"modified":"2024-07-18T15:30:38","modified_gmt":"2024-07-18T11:30:38","slug":"descubre-la-isla","status":"publish","type":"page","link":"https:\/\/www.villa-manaaki.com\/es\/descubre-la-isla\/","title":{"rendered":"Descubre la isla"},"content":{"rendered":"<p>[et_pb_section fb_built=\u00bb1&#8243; fullwidth=\u00bbon\u00bb _builder_version=\u00bb4.20.2&#8243; _module_preset=\u00bbdefault\u00bb background_enable_image=\u00bboff\u00bb locked=\u00bboff\u00bb global_colors_info=\u00bb{}\u00bb][et_pb_fullwidth_header title=\u00bbDescubre la isla\u00bb _builder_version=\u00bb4.22.0&#8243; _module_preset=\u00bbdefault\u00bb title_font=\u00bbUbuntu||||||||\u00bb title_text_align=\u00bbcenter\u00bb title_text_color=\u00bb#94c11e\u00bb title_font_size=\u00bb50px\u00bb background_enable_color=\u00bboff\u00bb use_background_color_gradient=\u00bbon\u00bb background_color_gradient_stops=\u00bbrgba(255,255,255,0.59) 0%|rgba(255,255,255,0.59) 100%\u00bb background_color_gradient_overlays_image=\u00bbon\u00bb background_image=\u00bbhttps:\/\/www.villa-manaaki.com\/wp-content\/uploads\/2023\/06\/fond-titre.webp\u00bb background_size=\u00bbcontain\u00bb custom_margin=\u00bb||||false|false\u00bb custom_padding=\u00bb0px||0px||true|false\u00bb title_font_size_tablet=\u00bb50px\u00bb title_font_size_phone=\u00bb35px\u00bb title_font_size_last_edited=\u00bbon|phone\u00bb background_last_edited=\u00bbon|phone\u00bb background_size_phone=\u00bbcustom\u00bb background_image_width_phone=\u00bb20%\u00bb global_colors_info=\u00bb{}\u00bb][\/et_pb_fullwidth_header][\/et_pb_section][et_pb_section fb_built=\u00bb1&#8243; admin_label=\u00bbSection\u00bb _builder_version=\u00bb4.22.0&#8243; _module_preset=\u00bbdefault\u00bb custom_padding=\u00bb0px||0px|||\u00bb global_colors_info=\u00bb{}\u00bb][et_pb_row _builder_version=\u00bb4.22.0&#8243; _module_preset=\u00bbdefault\u00bb global_colors_info=\u00bb{}\u00bb][et_pb_column type=\u00bb4_4&#8243; _builder_version=\u00bb4.22.0&#8243; _module_preset=\u00bbdefault\u00bb global_colors_info=\u00bb{}\u00bb][et_pb_text _builder_version=\u00bb4.22.0&#8243; _module_preset=\u00bbdefault\u00bb text_font=\u00bbUbuntu|300|||||||\u00bb text_font_size=\u00bb19px\u00bb text_line_height=\u00bb1.8em\u00bb global_colors_info=\u00bb{}\u00bb]<\/p>\n<p>Para una estancia inolvidable en la isla intensa: descubre sus grandiosos paisajes, sus rutas de senderismo <span style=\"color: #000000;\"><a href=\"https:\/\/randopitons.re\/\" style=\"color: #000000;\"><span style=\"text-decoration: underline;\"><b>rutas de senderismo<\/b><\/span><\/a><\/span>tesoros escondidos, su rica cultura, la<b>hospitalidad<\/b> reunionense&#8230;<\/p>\n<p>[\/et_pb_text][\/et_pb_column][\/et_pb_row][\/et_pb_section][et_pb_section fb_built=\u00bb1&#8243; fullwidth=\u00bbon\u00bb _builder_version=\u00bb4.22.0&#8243; _module_preset=\u00bbdefault\u00bb global_colors_info=\u00bb{}\u00bb][et_pb_fullwidth_header title=\u00bbA nuestro alrededor\u00bb _builder_version=\u00bb4.22.0&#8243; _module_preset=\u00bbdefault\u00bb title_level=\u00bbh2&#8243; title_font=\u00bbUbuntu||||||||\u00bb title_text_align=\u00bbcenter\u00bb title_text_color=\u00bb#94c11f\u00bb title_font_size=\u00bb32px\u00bb background_enable_color=\u00bboff\u00bb use_background_color_gradient=\u00bbon\u00bb background_color_gradient_stops=\u00bbrgba(255,255,255,0.59) 0%|rgba(255,255,255,0.59) 100%\u00bb background_color_gradient_overlays_image=\u00bbon\u00bb background_image=\u00bbhttps:\/\/www.villa-manaaki.com\/wp-content\/uploads\/2023\/06\/fond-titre.webp\u00bb background_size=\u00bbcontain\u00bb custom_padding=\u00bb9px||10px|||\u00bb background_last_edited=\u00bbon|phone\u00bb background_size_phone=\u00bbcustom\u00bb background_image_width_phone=\u00bb20%\u00bb global_colors_info=\u00bb{}\u00bb][\/et_pb_fullwidth_header][\/et_pb_section][et_pb_section fb_built=\u00bb1&#8243; disabled_on=\u00bbon|on|off\u00bb _builder_version=\u00bb4.20.2&#8243; _module_preset=\u00bbdefault\u00bb custom_padding=\u00bb0%||||false|false\u00bb global_colors_info=\u00bb{}\u00bb][et_pb_row _builder_version=\u00bb4.20.2&#8243; _module_preset=\u00bbdefault\u00bb global_colors_info=\u00bb{}\u00bb][et_pb_column type=\u00bb4_4&#8243; _builder_version=\u00bb4.20.2&#8243; _module_preset=\u00bbdefault\u00bb global_colors_info=\u00bb{}\u00bb][et_pb_text _builder_version=\u00bb4.20.2&#8243; _module_preset=\u00bbdefault\u00bb text_font=\u00bb|300|||||||\u00bb text_font_size=\u00bb19px\u00bb text_line_height=\u00bb1.8em\u00bb header_2_font=\u00bbUbuntu||||||||\u00bb header_2_text_align=\u00bbcenter\u00bb header_2_text_color=\u00bb#97d700&#8243; header_2_font_size=\u00bb28px\u00bb header_2_line_height=\u00bb1.9em\u00bb custom_margin=\u00bb|6px|||false|false\u00bb custom_padding=\u00bb|5%|||false|false\u00bb custom_padding_tablet=\u00bb|5%|||false|false\u00bb custom_padding_phone=\u00bb|5%|||false|false\u00bb custom_padding_last_edited=\u00bbon|desktop\u00bb border_color_all=\u00bbRGBA(255,255,255,0)\u00bb global_colors_info=\u00bb{}\u00bb]<\/p>\n<p style=\"text-align: justify;\">Tanto si te gusta el <strong>senderismo<\/strong>, los paseos cortos, las <strong>playas<\/strong>, visitar jardines, museos, mercados&#8230; \u00a1encontrar\u00e1s lo que buscas a nuestro alrededor!<br \/>Ven a descubrir las muchas y variadas bellezas que ofrece la<strong>intensa isla<\/strong>, tanto a nuestro alrededor como un poco m\u00e1s lejos&#8230;<\/p>\n<p>[\/et_pb_text][et_pb_text _builder_version=\u00bb4.20.2&#8243; _module_preset=\u00bbdefault\u00bb text_font=\u00bb||||||||\u00bb text_font_size=\u00bb33px\u00bb text_line_height=\u00bb1.8em\u00bb header_2_font=\u00bbUbuntu||||||||\u00bb header_2_text_align=\u00bbcenter\u00bb header_2_text_color=\u00bb#97d700&#8243; header_2_font_size=\u00bb28px\u00bb header_2_line_height=\u00bb1.9em\u00bb custom_margin=\u00bb|6px|||false|false\u00bb custom_padding=\u00bb||0px||false|false\u00bb custom_padding_tablet=\u00bb|5%|||false|false\u00bb custom_padding_phone=\u00bb|5%|||false|false\u00bb custom_padding_last_edited=\u00bboff|desktop\u00bb text_font_size_tablet=\u00bb33px\u00bb text_font_size_phone=\u00bb22px\u00bb text_font_size_last_edited=\u00bbon|phone\u00bb border_color_all=\u00bbRGBA(255,255,255,0)\u00bb global_colors_info=\u00bb{}\u00bb]<\/p>\n<p style=\"text-align: center;\">12 lugares de <strong>inter\u00e9s<\/strong> cerca de Villa Manaaki :<\/p>\n<p>[\/et_pb_text][\/et_pb_column][\/et_pb_row][et_pb_row column_structure=\u00bb1_4,1_4,1_4,1_4&#8243; use_custom_gutter=\u00bbon\u00bb gutter_width=\u00bb1&#8243; disabled_on=\u00bbon|on|off\u00bb _builder_version=\u00bb4.20.2&#8243; _module_preset=\u00bbdefault\u00bb width=\u00bb90%\u00bb max_width=\u00bb90%\u00bb custom_padding=\u00bb||6px||false|false\u00bb global_colors_info=\u00bb{}\u00bb][et_pb_column type=\u00bb1_4&#8243; _builder_version=\u00bb4.20.2&#8243; _module_preset=\u00bbdefault\u00bb global_colors_info=\u00bb{}\u00bb][et_pb_text _builder_version=\u00bb4.20.2&#8243; _module_preset=\u00bbdefault\u00bb text_font=\u00bbUbuntu||||||||\u00bb text_text_color=\u00bbRGBA(255,255,255,0)\u00bb text_font_size=\u00bb18px\u00bb background_image=\u00bbhttps:\/\/www.villa-manaaki.com\/wp-content\/uploads\/2023\/06\/Cap-La-Houssaye.webp\u00bb max_height=\u00bb308px\u00bb custom_margin=\u00bb|6px|||false|false\u00bb custom_padding=\u00bb35%|1%|35%|1%|true|true\u00bb link_option_url=\u00bbhttps:\/\/www.reunion.fr\/decouvrez\/randonnees-a-la-reunion-decouvrez-les-sentiers-de-l-ile\/google-street-view-trekker-en-montagne\/les-sentiers-proche-du-littoral-de-la-reunion\/tour-de-la-savane-du-cap-la-houssaye-google-street-view\/\u00bb link_option_url_new_window=\u00bbon\u00bb border_radii=\u00bbon|5px|5px|5px|5px\u00bb border_color_all=\u00bbRGBA(255,255,255,0)\u00bb global_colors_info=\u00bb{}\u00bb background__hover_enabled=\u00bbon|hover\u00bb background_color_gradient_stops__hover=\u00bbrgba(140,140,140,0.61) 0%|rgba(140,140,140,0.61) 100%\u00bb use_background_color_gradient__hover=\u00bbon\u00bb background_color_gradient_overlays_image__hover=\u00bbon\u00bb text_text_color__hover_enabled=\u00bbon|desktop\u00bb text_text_color__hover=\u00bb#FFFFFF\u00bb content__hover_enabled=\u00bbon|hover\u00bb content__hover=\u00bb<\/p>\n<p style=%22text-align: center;%22>Cap La Houssaye, San Pablo<\/p>\n<p style=%22text-align: center;%22><img src=%22https:\/\/www.villa-manaaki.com\/wp-content\/uploads\/2023\/06\/gps.webp%22 width=%2216%22 height=%2216%22 alt=%22%22 class=%22wp-image-1393 alignnone size-full%22>  16 km<\/p>\n<p style=%22text-align: center;%22><span class=%22et-pb-icon%22>\ue02c<\/span><\/p>\n<p>\u00ab]<\/p>\n<p style=\"text-align: center;\">Cap La Houssaye, San Pablo<\/p>\n<p style=\"text-align: center;\">  16 km<\/p>\n<p style=\"text-align: center;\"><span class=\"et-pb-icon\">\ue02c<\/span><\/p>\n<p>[\/et_pb_text][\/et_pb_column][et_pb_column type=\u00bb1_4&#8243; _builder_version=\u00bb4.20.2&#8243; _module_preset=\u00bbdefault\u00bb global_colors_info=\u00bb{}\u00bb][et_pb_text content_last_edited=\u00bboff|desktop\u00bb _builder_version=\u00bb4.22.0&#8243; _module_preset=\u00bbdefault\u00bb text_font=\u00bbUbuntu||||||||\u00bb text_text_color=\u00bbRGBA(255,255,255,0)\u00bb text_font_size=\u00bb18px\u00bb background_image=\u00bbhttps:\/\/www.villa-manaaki.com\/wp-content\/uploads\/2023\/06\/Cimetiere-marin.webp\u00bb max_height=\u00bb308px\u00bb custom_margin=\u00bb|6px|||false|false\u00bb custom_padding=\u00bb35%|1%|35%|1%|true|true\u00bb link_option_url=\u00bbhttps:\/\/www.reunion.fr\/offres\/cimetiere-marin-de-saint-paul-saint-paul-fr-817936\/\u00bb link_option_url_new_window=\u00bbon\u00bb border_radii=\u00bbon|5px|5px|5px|5px\u00bb border_color_all=\u00bbRGBA(255,255,255,0)\u00bb locked=\u00bboff\u00bb global_colors_info=\u00bb{}\u00bb background__hover_enabled=\u00bbon|hover\u00bb background_color_gradient_stops__hover=\u00bbrgba(140,140,140,0.61) 0%|rgba(140,140,140,0.61) 100%\u00bb use_background_color_gradient__hover=\u00bbon\u00bb background_color_gradient_overlays_image__hover=\u00bbon\u00bb text_text_color__hover_enabled=\u00bbon|desktop\u00bb text_text_color__hover=\u00bb#FFFFFF\u00bb content__hover_enabled=\u00bbon|hover\u00bb content__hover=\u00bb<\/p>\n<p style=%22text-align: center;%22>Cementerio marino de San Pablo<\/p>\n<p style=%22text-align: center;%22><img src=%22https:\/\/www.villa-manaaki.com\/wp-content\/uploads\/2023\/06\/gps.webp%22 width=%2216%22 height=%2216%22 alt=%22%22 class=%22wp-image-1393 alignnone size-full%22>  13 km<\/p>\n<p style=%22text-align: center;%22><span class=%22et-pb-icon%22>\ue02c<\/span><\/p>\n<p>\u00ab]<\/p>\n<p style=\"text-align: center;\">Cementerio marino de San Pablo<\/p>\n<p style=\"text-align: center;\">13 km<\/p>\n<p style=\"text-align: center;\"><span class=\"et-pb-icon\">\ue02c<\/span><\/p>\n<p>[\/et_pb_text][\/et_pb_column][et_pb_column type=\u00bb1_4&#8243; _builder_version=\u00bb4.20.2&#8243; _module_preset=\u00bbdefault\u00bb global_colors_info=\u00bb{}\u00bb][et_pb_text _builder_version=\u00bb4.20.2&#8243; _module_preset=\u00bbdefault\u00bb text_font=\u00bbUbuntu||||||||\u00bb text_text_color=\u00bbRGBA(255,255,255,0)\u00bb text_font_size=\u00bb18px\u00bb background_image=\u00bbhttps:\/\/www.villa-manaaki.com\/wp-content\/uploads\/2023\/06\/Dos-dAne.webp\u00bb max_height=\u00bb308px\u00bb custom_margin=\u00bb|6px|||false|false\u00bb custom_padding=\u00bb35%|1%|35%|1%|true|true\u00bb link_option_url=\u00bb<br \/>\nhttps:\/\/www.reunion.fr\/offres\/dos-d-ane-cap-noir-la-possession-fr-575466\/\u00bb link_option_url_new_window=\u00bbon\u00bb border_radii=\u00bbon|5px|5px|5px|5px\u00bb border_color_all=\u00bbRGBA(255,255,255,0)\u00bb locked=\u00bboff\u00bb global_colors_info=\u00bb{}\u00bb background__hover_enabled=\u00bbon|hover\u00bb background_color_gradient_stops__hover=\u00bbrgba(140,140,140,0.61) 0%|rgba(140,140,140,0.61) 100%\u00bb use_background_color_gradient__hover=\u00bbon\u00bb background_color_gradient_overlays_image__hover=\u00bbon\u00bb text_text_color__hover_enabled=\u00bbon|desktop\u00bb text_text_color__hover=\u00bb#FFFFFF\u00bb content__hover_enabled=\u00bbon|hover\u00bb content__hover=\u00bb<\/p>\n<p style=%22text-align: center;%22>Dos d&apos;\u00c2ne, La Possession<\/p>\n<p style=%22text-align: center;%22><img src=%22https:\/\/www.villa-manaaki.com\/wp-content\/uploads\/2023\/06\/gps.webp%22 width=%2216%22 height=%2216%22 alt=%22%22 class=%22wp-image-1393 alignnone size-full%22>  26 km<\/p>\n<p style=%22text-align: center;%22><span class=%22et-pb-icon%22>\ue02c<\/span><\/p>\n<p>\u00ab]<\/p>\n<p style=\"text-align: center;\">Dos d&#8217;\u00c2ne, La Possession<\/p>\n<p style=\"text-align: center;\">26 km<\/p>\n<p style=\"text-align: center;\"><span class=\"et-pb-icon\">\ue02c<\/span><\/p>\n<p>[\/et_pb_text][\/et_pb_column][et_pb_column type=\u00bb1_4&#8243; _builder_version=\u00bb4.20.2&#8243; _module_preset=\u00bbdefault\u00bb global_colors_info=\u00bb{}\u00bb][et_pb_text _builder_version=\u00bb4.20.2&#8243; _module_preset=\u00bbdefault\u00bb text_font=\u00bbUbuntu||||||||\u00bb text_text_color=\u00bbRGBA(255,255,255,0)\u00bb text_font_size=\u00bb18px\u00bb background_image=\u00bbhttps:\/\/www.villa-manaaki.com\/wp-content\/uploads\/2023\/06\/Marche-St-Paul.webp\u00bb max_height=\u00bb308px\u00bb custom_margin=\u00bb|6px|||false|false\u00bb custom_padding=\u00bb35%|1%|35%|1%|true|true\u00bb link_option_url=\u00bbhttps:\/\/www.reunion.fr\/organisez\/vos-activites\/pendant-votre-voyage\/les-marches-de-la-reunion\/\u00bb link_option_url_new_window=\u00bbon\u00bb border_radii=\u00bbon|5px|5px|5px|5px\u00bb border_color_all=\u00bbRGBA(255,255,255,0)\u00bb locked=\u00bboff\u00bb global_colors_info=\u00bb{}\u00bb background__hover_enabled=\u00bbon|hover\u00bb background_color_gradient_stops__hover=\u00bbrgba(140,140,140,0.61) 0%|rgba(140,140,140,0.61) 100%\u00bb use_background_color_gradient__hover=\u00bbon\u00bb background_color_gradient_overlays_image__hover=\u00bbon\u00bb text_text_color__hover_enabled=\u00bbon|desktop\u00bb text_text_color__hover=\u00bb#FFFFFF\u00bb content__hover_enabled=\u00bbon|hover\u00bb content__hover=\u00bb<\/p>\n<p style=%22text-align: center;%22>Mercado justo de San Pablo<\/p>\n<p style=%22text-align: center;%22><img src=%22https:\/\/www.villa-manaaki.com\/wp-content\/uploads\/2023\/06\/gps.webp%22 width=%2216%22 height=%2216%22 alt=%22%22 class=%22wp-image-1393 alignnone size-full%22>  12 km<\/p>\n<p style=%22text-align: center;%22><span class=%22et-pb-icon%22>\ue02c<\/span><\/p>\n<p>\u00ab]<\/p>\n<p style=\"text-align: center;\">Feria de San Pablo:<\/p>\n<p style=\"text-align: center;\">12 km<\/p>\n<p style=\"text-align: center;\"><span class=\"et-pb-icon\">\ue02c<\/span><\/p>\n<p>[\/et_pb_text][\/et_pb_column][\/et_pb_row][et_pb_row column_structure=\u00bb1_4,1_4,1_4,1_4&#8243; use_custom_gutter=\u00bbon\u00bb gutter_width=\u00bb1&#8243; _builder_version=\u00bb4.20.2&#8243; _module_preset=\u00bbdefault\u00bb width=\u00bb90%\u00bb max_width=\u00bb90%\u00bb custom_padding=\u00bb0%||6px||false|false\u00bb global_colors_info=\u00bb{}\u00bb][et_pb_column type=\u00bb1_4&#8243; _builder_version=\u00bb4.20.2&#8243; _module_preset=\u00bbdefault\u00bb global_colors_info=\u00bb{}\u00bb][et_pb_text _builder_version=\u00bb4.20.2&#8243; _module_preset=\u00bbdefault\u00bb text_font=\u00bbUbuntu||||||||\u00bb text_text_color=\u00bbRGBA(255,255,255,0)\u00bb text_font_size=\u00bb18px\u00bb background_image=\u00bbhttps:\/\/www.villa-manaaki.com\/wp-content\/uploads\/2023\/06\/Etang-St-Paul.webp\u00bb max_height=\u00bb308px\u00bb custom_margin=\u00bb|6px|||false|false\u00bb custom_padding=\u00bb35%|1%|35%|1%|true|true\u00bb link_option_url=\u00bbhttps:\/\/www.reunion.fr\/decouvrez\/la-reserve-naturelle-nationale-de-l-etang-saint-paul\/<br \/>\n \u00bb link_option_url_new_window=\u00bbon\u00bb border_radii=\u00bbon|5px|5px|5px|5px\u00bb border_color_all=\u00bbRGBA(255,255,255,0)\u00bb global_colors_info=\u00bb{}\u00bb background__hover_enabled=\u00bbon|hover\u00bb background_color_gradient_stops__hover=\u00bbrgba(140,140,140,0.61) 0%|rgba(140,140,140,0.61) 100%\u00bb use_background_color_gradient__hover=\u00bbon\u00bb background_color_gradient_overlays_image__hover=\u00bbon\u00bb text_text_color__hover_enabled=\u00bbon|desktop\u00bb text_text_color__hover=\u00bb#FFFFFF\u00bb content__hover_enabled=\u00bbon|hover\u00bb content__hover=\u00bb<\/p>\n<p style=%22text-align: center;%22>El estanque de San Pablo<\/p>\n<p style=%22text-align: center;%22><img src=%22https:\/\/www.villa-manaaki.com\/wp-content\/uploads\/2023\/06\/gps.webp%22 width=%2216%22 height=%2216%22 alt=%22%22 class=%22wp-image-1393 alignnone size-full%22>  9 km<\/p>\n<p style=%22text-align: center;%22><span class=%22et-pb-icon%22>\ue02c<\/span><\/p>\n<p>\u00ab]<\/p>\n<p style=\"text-align: center;\">Isla de San Pablo :<\/p>\n<p style=\"text-align: center;\">9 km<\/p>\n<p style=\"text-align: center;\"><span class=\"et-pb-icon\">\ue02c<\/span><\/p>\n<p>[\/et_pb_text][\/et_pb_column][et_pb_column type=\u00bb1_4&#8243; _builder_version=\u00bb4.20.2&#8243; _module_preset=\u00bbdefault\u00bb global_colors_info=\u00bb{}\u00bb][et_pb_text content_last_edited=\u00bboff|desktop\u00bb _builder_version=\u00bb4.20.2&#8243; _module_preset=\u00bbdefault\u00bb text_font=\u00bbUbuntu||||||||\u00bb text_text_color=\u00bbRGBA(255,255,255,0)\u00bb text_font_size=\u00bb18px\u00bb background_image=\u00bbhttps:\/\/www.villa-manaaki.com\/wp-content\/uploads\/2023\/06\/Le-jardin-de-Paulo.webp\u00bb max_height=\u00bb308px\u00bb custom_margin=\u00bb|6px|||false|false\u00bb custom_padding=\u00bb35%|1%|35%|1%|true|true\u00bb link_option_url=\u00bbhttps:\/\/www.ouest-lareunion.com\/le-jardin-de-paulo-saint-paul\u00bb link_option_url_new_window=\u00bbon\u00bb border_radii=\u00bbon|5px|5px|5px|5px\u00bb border_color_all=\u00bbRGBA(255,255,255,0)\u00bb locked=\u00bboff\u00bb global_colors_info=\u00bb{}\u00bb background__hover_enabled=\u00bbon|hover\u00bb background_color_gradient_stops__hover=\u00bbrgba(140,140,140,0.61) 0%|rgba(140,140,140,0.61) 100%\u00bb use_background_color_gradient__hover=\u00bbon\u00bb background_color_gradient_overlays_image__hover=\u00bbon\u00bb text_text_color__hover_enabled=\u00bbon|desktop\u00bb text_text_color__hover=\u00bb#FFFFFF\u00bb content__hover_enabled=\u00bbon|hover\u00bb content__hover=\u00bb<\/p>\n<p style=%22text-align: center;%22>Jard\u00edn de Paulo, San Pablo<\/p>\n<p style=%22text-align: center;%22><img src=%22https:\/\/www.villa-manaaki.com\/wp-content\/uploads\/2023\/06\/gps.webp%22 width=%2216%22 height=%2216%22 alt=%22%22 class=%22wp-image-1393 alignnone size-full%22>  10 km<\/p>\n<p style=%22text-align: center;%22><span class=%22et-pb-icon%22>\ue02c<\/span><\/p>\n<p>\u00ab]<\/p>\n<p style=\"text-align: center;\">Jard\u00edn de Paulo, San Pablo :<\/p>\n<p style=\"text-align: center;\">10 km<\/p>\n<p style=\"text-align: center;\"><span class=\"et-pb-icon\">\ue02c<\/span><\/p>\n<p>[\/et_pb_text][\/et_pb_column][et_pb_column type=\u00bb1_4&#8243; _builder_version=\u00bb4.20.2&#8243; _module_preset=\u00bbdefault\u00bb global_colors_info=\u00bb{}\u00bb][et_pb_text _builder_version=\u00bb4.20.2&#8243; _module_preset=\u00bbdefault\u00bb text_font=\u00bbUbuntu||||||||\u00bb text_text_color=\u00bbRGBA(255,255,255,0)\u00bb text_font_size=\u00bb18px\u00bb background_image=\u00bbhttps:\/\/www.villa-manaaki.com\/wp-content\/uploads\/2023\/06\/Tour-des-Roches-.webp\u00bb max_height=\u00bb308px\u00bb custom_margin=\u00bb|6px|||false|false\u00bb custom_padding=\u00bb35%|1%|35%|1%|true|true\u00bb link_option_url=\u00bbhttps:\/\/www.reunion.fr\/offres\/tour-des-roches-le-moulin-a-eau-saint-paul-fr-586376\/\u00bb link_option_url_new_window=\u00bbon\u00bb border_radii=\u00bbon|5px|5px|5px|5px\u00bb border_color_all=\u00bbRGBA(255,255,255,0)\u00bb locked=\u00bboff\u00bb global_colors_info=\u00bb{}\u00bb background__hover_enabled=\u00bbon|hover\u00bb background_color_gradient_stops__hover=\u00bbrgba(140,140,140,0.61) 0%|rgba(140,140,140,0.61) 100%\u00bb use_background_color_gradient__hover=\u00bbon\u00bb background_color_gradient_overlays_image__hover=\u00bbon\u00bb text_text_color__hover_enabled=\u00bbon|desktop\u00bb text_text_color__hover=\u00bb#FFFFFF\u00bb content__hover_enabled=\u00bbon|hover\u00bb content__hover=\u00bb<\/p>\n<p style=%22text-align: center;%22>Tour des Roches, San Pablo<\/p>\n<p style=%22text-align: center;%22><img src=%22https:\/\/www.villa-manaaki.com\/wp-content\/uploads\/2023\/06\/gps.webp%22 width=%2216%22 height=%2216%22 alt=%22%22 class=%22wp-image-1393 alignnone size-full%22>  9 km<\/p>\n<p style=%22text-align: center;%22><span class=%22et-pb-icon%22>\ue02c<\/span><\/p>\n<p>\u00ab]<\/p>\n<p style=\"text-align: center;\">Tour des Roches, San Pablo :<\/p>\n<p style=\"text-align: center;\">9 km<\/p>\n<p style=\"text-align: center;\"><span class=\"et-pb-icon\">\ue02c<\/span><\/p>\n<p>[\/et_pb_text][\/et_pb_column][et_pb_column type=\u00bb1_4&#8243; _builder_version=\u00bb4.20.2&#8243; _module_preset=\u00bbdefault\u00bb global_colors_info=\u00bb{}\u00bb][et_pb_text _builder_version=\u00bb4.22.0&#8243; _module_preset=\u00bbdefault\u00bb text_font=\u00bbUbuntu||||||||\u00bb text_text_color=\u00bbRGBA(255,255,255,0)\u00bb text_font_size=\u00bb18px\u00bb background_image=\u00bbhttps:\/\/www.villa-manaaki.com\/wp-content\/uploads\/2023\/07\/montagne_mafate15_cirque-CREDIT-IRT-emmanuel_virin.webp\u00bb max_height=\u00bb308px\u00bb custom_margin=\u00bb|6px|||false|false\u00bb custom_padding=\u00bb35%|1%|35%|1%|true|true\u00bb link_option_url=\u00bbhttps:\/\/www.reunion.fr\/offres\/canalisation-des-orangers-saint-paul-fr-575459\/\u00bb link_option_url_new_window=\u00bbon\u00bb border_radii=\u00bbon|5px|5px|5px|5px\u00bb border_color_all=\u00bbRGBA(255,255,255,0)\u00bb locked=\u00bboff\u00bb global_colors_info=\u00bb{}\u00bb background__hover_enabled=\u00bbon|hover\u00bb background_color_gradient_stops__hover=\u00bbrgba(140,140,140,0.61) 0%|rgba(140,140,140,0.61) 100%\u00bb use_background_color_gradient__hover=\u00bbon\u00bb background_color_gradient_overlays_image__hover=\u00bbon\u00bb text_text_color__hover_enabled=\u00bbon|desktop\u00bb text_text_color__hover=\u00bb#FFFFFF\u00bb content__hover_enabled=\u00bbon|hover\u00bb content__hover=\u00bb<\/p>\n<p style=%22text-align: center;%22>Mafate por Canalisation des Orangers, St Paul<\/p>\n<p style=%22text-align: center;%22><img src=%22https:\/\/www.villa-manaaki.com\/wp-content\/uploads\/2023\/06\/gps.webp%22 width=%2216%22 height=%2216%22 alt=%22%22 class=%22wp-image-1393 alignnone size-full%22>  7 km<\/p>\n<p style=%22text-align: center;%22><span class=%22et-pb-icon%22>\ue02c<\/span><\/p>\n<p>\u00ab]<\/p>\n<p style=\"text-align: center;\">Mafate por Canalisation des Orangers, St Paul<\/p>\n<p style=\"text-align: center;\">  7 km<\/p>\n<p style=\"text-align: center;\"><span class=\"et-pb-icon\">\ue02c<\/span><\/p>\n<p>[\/et_pb_text][\/et_pb_column][\/et_pb_row][et_pb_row column_structure=\u00bb1_4,1_4,1_4,1_4&#8243; use_custom_gutter=\u00bbon\u00bb gutter_width=\u00bb1&#8243; _builder_version=\u00bb4.20.2&#8243; _module_preset=\u00bbdefault\u00bb width=\u00bb90%\u00bb max_width=\u00bb90%\u00bb custom_padding=\u00bb0%||||false|false\u00bb global_colors_info=\u00bb{}\u00bb][et_pb_column type=\u00bb1_4&#8243; _builder_version=\u00bb4.20.2&#8243; _module_preset=\u00bbdefault\u00bb global_colors_info=\u00bb{}\u00bb][et_pb_text _builder_version=\u00bb4.20.2&#8243; _module_preset=\u00bbdefault\u00bb text_font=\u00bbUbuntu||||||||\u00bb text_text_color=\u00bbRGBA(255,255,255,0)\u00bb text_font_size=\u00bb18px\u00bb background_image=\u00bbhttps:\/\/www.villa-manaaki.com\/wp-content\/uploads\/2023\/06\/Le-Maido.webp\u00bb max_height=\u00bb308px\u00bb custom_margin=\u00bb|6px|||false|false\u00bb custom_padding=\u00bb35%|1%|35%|1%|true|true\u00bb link_option_url=\u00bbhttps:\/\/www.reunion.fr\/decouvrez\/le-maido-le-balcon-de-la-reunion\/\u00bb link_option_url_new_window=\u00bbon\u00bb border_radii=\u00bbon|5px|5px|5px|5px\u00bb border_color_all=\u00bbRGBA(255,255,255,0)\u00bb global_colors_info=\u00bb{}\u00bb background__hover_enabled=\u00bbon|hover\u00bb background_color_gradient_stops__hover=\u00bbrgba(140,140,140,0.61) 0%|rgba(140,140,140,0.61) 100%\u00bb use_background_color_gradient__hover=\u00bbon\u00bb background_color_gradient_overlays_image__hover=\u00bbon\u00bb text_text_color__hover_enabled=\u00bbon|desktop\u00bb text_text_color__hover=\u00bb#FFFFFF\u00bb content__hover_enabled=\u00bbon|hover\u00bb content__hover=\u00bb<\/p>\n<p style=%22text-align: center;%22>Le Ma\u00efdo, San Pablo<\/p>\n<p style=%22text-align: center;%22><img src=%22https:\/\/www.villa-manaaki.com\/wp-content\/uploads\/2023\/06\/gps.webp%22 width=%2216%22 height=%2216%22 alt=%22%22 class=%22wp-image-1393 alignnone size-full%22>  24 km<\/p>\n<p style=%22text-align: center;%22><span class=%22et-pb-icon%22>\ue02c<\/span><\/p>\n<p>\u00ab]<\/p>\n<p style=\"text-align: center;\">Le Ma\u00efdo, San Pablo :<\/p>\n<p style=\"text-align: center;\">24 km<\/p>\n<p style=\"text-align: center;\"><span class=\"et-pb-icon\">\ue02c<\/span><\/p>\n<p>[\/et_pb_text][\/et_pb_column][et_pb_column type=\u00bb1_4&#8243; _builder_version=\u00bb4.20.2&#8243; _module_preset=\u00bbdefault\u00bb global_colors_info=\u00bb{}\u00bb][et_pb_text content_last_edited=\u00bboff|desktop\u00bb _builder_version=\u00bb4.20.2&#8243; _module_preset=\u00bbdefault\u00bb text_font=\u00bbUbuntu||||||||\u00bb text_text_color=\u00bbRGBA(255,255,255,0)\u00bb text_font_size=\u00bb18px\u00bb background_image=\u00bbhttps:\/\/www.villa-manaaki.com\/wp-content\/uploads\/2023\/06\/Chemin-pave-de-Bellemene.webp\u00bb max_height=\u00bb308px\u00bb custom_margin=\u00bb|6px|||false|false\u00bb custom_padding=\u00bb35%|1%|35%|1%|true|true\u00bb link_option_url=\u00bbhttps:\/\/randopitons.re\/randonnee\/1082-chemin-pave-lougnon-ou-bellemene-depuis-tour-roches\u00bb link_option_url_new_window=\u00bbon\u00bb border_radii=\u00bbon|5px|5px|5px|5px\u00bb border_color_all=\u00bbRGBA(255,255,255,0)\u00bb locked=\u00bboff\u00bb global_colors_info=\u00bb{}\u00bb background__hover_enabled=\u00bbon|hover\u00bb background_color_gradient_stops__hover=\u00bbrgba(140,140,140,0.61) 0%|rgba(140,140,140,0.61) 100%\u00bb use_background_color_gradient__hover=\u00bbon\u00bb background_color_gradient_overlays_image__hover=\u00bbon\u00bb text_text_color__hover_enabled=\u00bbon|desktop\u00bb text_text_color__hover=\u00bb#FFFFFF\u00bb content__hover_enabled=\u00bbon|hover\u00bb content__hover=\u00bb<\/p>\n<p style=%22text-align: center;%22>Carretera asfaltada en Bellem\u00e8ne, St Paul<\/p>\n<p style=%22text-align: center;%22><img src=%22https:\/\/www.villa-manaaki.com\/wp-content\/uploads\/2023\/06\/gps.webp%22 width=%2216%22 height=%2216%22 alt=%22%22 class=%22wp-image-1393 alignnone size-full%22>  4 km<\/p>\n<p style=%22text-align: center;%22><span class=%22et-pb-icon%22>\ue02c<\/span><\/p>\n<p>\u00ab]<\/p>\n<p style=\"text-align: center;\">Camino pavimentado de Bellem\u00e8ne, San Pablo :<\/p>\n<p style=\"text-align: center;\">4 km<\/p>\n<p style=\"text-align: center;\"><span class=\"et-pb-icon\">\ue02c<\/span><\/p>\n<p>[\/et_pb_text][\/et_pb_column][et_pb_column type=\u00bb1_4&#8243; _builder_version=\u00bb4.20.2&#8243; _module_preset=\u00bbdefault\u00bb global_colors_info=\u00bb{}\u00bb][et_pb_text _builder_version=\u00bb4.20.2&#8243; _module_preset=\u00bbdefault\u00bb text_font=\u00bbUbuntu||||||||\u00bb text_text_color=\u00bbRGBA(255,255,255,0)\u00bb text_font_size=\u00bb18px\u00bb background_image=\u00bbhttps:\/\/www.villa-manaaki.com\/wp-content\/uploads\/2023\/06\/Musee-de-Villele.webp\u00bb max_height=\u00bb308px\u00bb custom_margin=\u00bb|6px|||false|false\u00bb custom_padding=\u00bb35%|1%|35%|1%|true|true\u00bb link_option_url=\u00bbhttps:\/\/www.reunion.fr\/offres\/musee-de-villele-saint-gilles-les-hauts-saint-paul-fr-559630\/\u00bb link_option_url_new_window=\u00bbon\u00bb border_radii=\u00bbon|5px|5px|5px|5px\u00bb border_color_all=\u00bbRGBA(255,255,255,0)\u00bb locked=\u00bboff\u00bb global_colors_info=\u00bb{}\u00bb background__hover_enabled=\u00bbon|hover\u00bb background_color_gradient_stops__hover=\u00bbrgba(140,140,140,0.61) 0%|rgba(140,140,140,0.61) 100%\u00bb use_background_color_gradient__hover=\u00bbon\u00bb background_color_gradient_overlays_image__hover=\u00bbon\u00bb text_text_color__hover_enabled=\u00bbon|desktop\u00bb text_text_color__hover=\u00bb#FFFFFF\u00bb content__hover_enabled=\u00bbon|hover\u00bb content__hover=\u00bb<\/p>\n<p style=%22text-align: center;%22>Museo Vill\u00e8le, St Gilles<\/p>\n<p style=%22text-align: center;%22><img src=%22https:\/\/www.villa-manaaki.com\/wp-content\/uploads\/2023\/06\/gps.webp%22 width=%2216%22 height=%2216%22 alt=%22%22 class=%22wp-image-1393 alignnone size-full%22>  14 km<\/p>\n<p style=%22text-align: center;%22><span class=%22et-pb-icon%22>\ue02c<\/span><\/p>\n<p>\u00ab]<\/p>\n<p style=\"text-align: center;\">Museo Vill\u00e8le, St Gilles :<\/p>\n<p style=\"text-align: center;\">14 km<\/p>\n<p style=\"text-align: center;\"><span class=\"et-pb-icon\">\ue02c<\/span><\/p>\n<p>[\/et_pb_text][\/et_pb_column][et_pb_column type=\u00bb1_4&#8243; _builder_version=\u00bb4.20.2&#8243; _module_preset=\u00bbdefault\u00bb global_colors_info=\u00bb{}\u00bb][et_pb_text _builder_version=\u00bb4.20.2&#8243; _module_preset=\u00bbdefault\u00bb text_font=\u00bbUbuntu||||||||\u00bb text_text_color=\u00bbRGBA(255,255,255,0)\u00bb text_font_size=\u00bb18px\u00bb background_image=\u00bbhttps:\/\/www.villa-manaaki.com\/wp-content\/uploads\/2023\/06\/Lagon-St-Gilles.webp\u00bb max_height=\u00bb308px\u00bb custom_margin=\u00bb|6px|||false|false\u00bb custom_padding=\u00bb35%|1%|35%|1%|true|true\u00bb link_option_url=\u00bb<br \/>\nhttps:\/\/www.reunion.fr\/decouvrez\/le-lagon\/\u00bb link_option_url_new_window=\u00bbon\u00bb border_radii=\u00bbon|5px|5px|5px|5px\u00bb border_color_all=\u00bbRGBA(255,255,255,0)\u00bb locked=\u00bboff\u00bb global_colors_info=\u00bb{}\u00bb background__hover_enabled=\u00bbon|hover\u00bb background_color_gradient_stops__hover=\u00bbrgba(140,140,140,0.61) 0%|rgba(140,140,140,0.61) 100%\u00bb use_background_color_gradient__hover=\u00bbon\u00bb background_color_gradient_overlays_image__hover=\u00bbon\u00bb text_text_color__hover_enabled=\u00bbon|desktop\u00bb text_text_color__hover=\u00bb#FFFFFF\u00bb content__hover_enabled=\u00bbon|hover\u00bb content__hover=\u00bb<\/p>\n<p style=%22text-align: center;%22>La laguna y las playas de St Gilles<\/p>\n<p style=%22text-align: center;%22><img src=%22https:\/\/www.villa-manaaki.com\/wp-content\/uploads\/2023\/06\/gps.webp%22 width=%2216%22 height=%2216%22 alt=%22%22 class=%22wp-image-1393 alignnone size-full%22>  25 km<\/p>\n<p style=%22text-align: center;%22><span class=%22et-pb-icon%22>\ue02c<\/span><\/p>\n<p>\u00ab]<\/p>\n<p style=\"text-align: center;\">La laguna y las playas de St Gilles :<\/p>\n<p style=\"text-align: center;\">25 km<\/p>\n<p style=\"text-align: center;\"><span class=\"et-pb-icon\">\ue02c<\/span><\/p>\n<p>[\/et_pb_text][\/et_pb_column][\/et_pb_row][\/et_pb_section][et_pb_section fb_built=\u00bb1&#8243; custom_padding_last_edited=\u00bbon|phone\u00bb disabled_on=\u00bboff|off|on\u00bb _builder_version=\u00bb4.22.0&#8243; _module_preset=\u00bbdefault\u00bb custom_padding=\u00bb0%||||false|false\u00bb custom_padding_tablet=\u00bb0%||||false|false\u00bb custom_padding_phone=\u00bb||0px||false|false\u00bb global_colors_info=\u00bb{}\u00bb][et_pb_row _builder_version=\u00bb4.20.2&#8243; _module_preset=\u00bbdefault\u00bb global_colors_info=\u00bb{}\u00bb][et_pb_column type=\u00bb4_4&#8243; _builder_version=\u00bb4.20.2&#8243; _module_preset=\u00bbdefault\u00bb global_colors_info=\u00bb{}\u00bb][et_pb_text _builder_version=\u00bb4.22.0&#8243; _module_preset=\u00bbdefault\u00bb text_font=\u00bb|300|||||||\u00bb text_font_size=\u00bb19px\u00bb text_line_height=\u00bb1.8em\u00bb header_2_font=\u00bbUbuntu||||||||\u00bb header_2_text_align=\u00bbcenter\u00bb header_2_text_color=\u00bb#97d700&#8243; header_2_font_size=\u00bb28px\u00bb header_2_line_height=\u00bb1.9em\u00bb custom_margin=\u00bb|6px|3%||false|false\u00bb custom_padding=\u00bb|5%|||false|false\u00bb custom_padding_tablet=\u00bb|5%|||false|false\u00bb custom_padding_phone=\u00bb|5%|||false|false\u00bb custom_padding_last_edited=\u00bbon|desktop\u00bb hover_enabled=\u00bb0&#8243; border_color_all=\u00bbRGBA(255,255,255,0)\u00bb global_colors_info=\u00bb{}\u00bb sticky_enabled=\u00bb0&#8243;]<\/p>\n<p style=\"text-align: justify;\">Tanto si te gusta el <strong>senderismo<\/strong>, los paseos cortos, las <strong>playas<\/strong>, visitar jardines, museos, mercados&#8230; \u00a1encontrar\u00e1s lo que buscas a nuestro alrededor!<br \/>Ven a descubrir las muchas y variadas bellezas que ofrece <strong>la intensa isla<\/strong>, tanto a nuestro alrededor como un poco m\u00e1s lejos &#8230;<\/p>\n<p>[\/et_pb_text][et_pb_text _builder_version=\u00bb4.20.2&#8243; _module_preset=\u00bbdefault\u00bb text_font=\u00bb||||||||\u00bb text_font_size=\u00bb33px\u00bb text_line_height=\u00bb1.8em\u00bb header_2_font=\u00bbUbuntu||||||||\u00bb header_2_text_align=\u00bbcenter\u00bb header_2_text_color=\u00bb#97d700&#8243; header_2_font_size=\u00bb28px\u00bb header_2_line_height=\u00bb1.9em\u00bb custom_margin=\u00bb|6px|3%||false|false\u00bb custom_padding=\u00bb||0px||false|false\u00bb custom_padding_tablet=\u00bb|5%|||false|false\u00bb custom_padding_phone=\u00bb|5%|||false|false\u00bb custom_padding_last_edited=\u00bboff|desktop\u00bb text_font_size_tablet=\u00bb33px\u00bb text_font_size_phone=\u00bb22px\u00bb text_font_size_last_edited=\u00bbon|phone\u00bb border_color_all=\u00bbRGBA(255,255,255,0)\u00bb global_colors_info=\u00bb{}\u00bb]<\/p>\n<p style=\"text-align: center;\">12 lugares de inter\u00e9s cerca de Villa Manaaki :<\/p>\n<p>[\/et_pb_text][\/et_pb_column][\/et_pb_row][et_pb_row column_structure=\u00bb1_4,1_4,1_4,1_4&#8243; use_custom_gutter=\u00bbon\u00bb gutter_width=\u00bb1&#8243; disabled_on=\u00bboff|off|on\u00bb _builder_version=\u00bb4.20.2&#8243; _module_preset=\u00bbdefault\u00bb width=\u00bb90%\u00bb max_width=\u00bb90%\u00bb custom_padding=\u00bb||0px||false|false\u00bb global_colors_info=\u00bb{}\u00bb][et_pb_column type=\u00bb1_4&#8243; _builder_version=\u00bb4.20.2&#8243; _module_preset=\u00bbdefault\u00bb global_colors_info=\u00bb{}\u00bb][et_pb_text disabled_on=\u00bboff|off|on\u00bb _builder_version=\u00bb4.20.2&#8243; _module_preset=\u00bbdefault\u00bb text_font=\u00bbUbuntu||||||||\u00bb text_text_color=\u00bbRGBA(255,255,255,0)\u00bb text_font_size=\u00bb18px\u00bb background_image=\u00bbhttps:\/\/www.villa-manaaki.com\/wp-content\/uploads\/2023\/06\/Cap-La-Houssaye.webp\u00bb max_height=\u00bb308px\u00bb custom_margin=\u00bb|6px|3%||false|false\u00bb custom_padding=\u00bb35%|1%|35%|1%|true|true\u00bb link_option_url_new_window=\u00bbon\u00bb border_radii=\u00bbon|5px|5px|5px|5px\u00bb border_color_all=\u00bbRGBA(255,255,255,0)\u00bb global_colors_info=\u00bb{}\u00bb background__hover_enabled=\u00bbon|hover\u00bb background_color_gradient_stops__hover=\u00bbrgba(140,140,140,0.61) 0%|rgba(140,140,140,0.61) 100%\u00bb use_background_color_gradient__hover=\u00bbon\u00bb background_color_gradient_overlays_image__hover=\u00bbon\u00bb text_text_color__hover_enabled=\u00bbon|desktop\u00bb text_text_color__hover=\u00bb#FFFFFF\u00bb content__hover_enabled=\u00bbon|desktop\u00bb content__hover=\u00bb<\/p>\n<p style=%22text-align: center;%22>Cap La Houssaye, San Pablo<\/p>\n<p style=%22text-align: center;%22><span class=%22et-pb-icon%22>\ue081 <\/span>16 km<\/p>\n<p>\u00ab]<\/p>\n<p style=\"text-align: center;\">Cap La Houssaye, San Pablo<\/p>\n<p style=\"text-align: center;\"><span class=\"et-pb-icon\">\ue081 <\/span>16 km<\/p>\n<p>[\/et_pb_text][et_pb_button button_url=\u00bbhttps:\/\/www.reunion.fr\/decouvrez\/randonnees-a-la-reunion-decouvrez-les-sentiers-de-l-ile\/google-street-view-trekker-en-montagne\/les-sentiers-proche-du-littoral-de-la-reunion\/tour-de-la-savane-du-cap-la-houssaye-google-street-view\/\u00bb url_new_window=\u00bbon\u00bb button_text=\u00bbU\u00bb button_alignment=\u00bbcenter\u00bb _builder_version=\u00bb4.20.2&#8243; _module_preset=\u00bbdefault\u00bb custom_button=\u00bbon\u00bb button_font=\u00bbElegant font|900|||||||\u00bb button_use_icon=\u00bboff\u00bb custom_margin=\u00bb0px||3%||false|false\u00bb custom_padding=\u00bb|25%||25%|false|true\u00bb button_text_color_tablet=\u00bb\u00bb button_text_color_phone=\u00bb\u00bb button_text_color_last_edited=\u00bbon|desktop\u00bb global_colors_info=\u00bb{}\u00bb button_text_color__hover_enabled=\u00bbon|hover\u00bb button_text_color__hover=\u00bb#97D700&#8243; button_border_width__hover_enabled=\u00bbon|desktop\u00bb button_border_width__hover=\u00bb0px\u00bb button_bg_color__hover_enabled=\u00bbon|hover\u00bb button_bg_color__hover=\u00bbRGBA(255,255,255,0)\u00bb button_bg_enable_color__hover=\u00bbon\u00bb][\/et_pb_button][\/et_pb_column][et_pb_column type=\u00bb1_4&#8243; _builder_version=\u00bb4.20.2&#8243; _module_preset=\u00bbdefault\u00bb global_colors_info=\u00bb{}\u00bb][et_pb_text content_last_edited=\u00bboff|desktop\u00bb _builder_version=\u00bb4.20.2&#8243; _module_preset=\u00bbdefault\u00bb text_font=\u00bbUbuntu||||||||\u00bb text_text_color=\u00bbRGBA(255,255,255,0)\u00bb text_font_size=\u00bb18px\u00bb background_image=\u00bbhttps:\/\/www.villa-manaaki.com\/wp-content\/uploads\/2023\/06\/Cimetiere-marin.webp\u00bb max_height=\u00bb308px\u00bb custom_margin=\u00bb|6px|3%||false|false\u00bb custom_padding=\u00bb35%|1%|35%|1%|true|true\u00bb link_option_url_new_window=\u00bbon\u00bb border_radii=\u00bbon|5px|5px|5px|5px\u00bb border_color_all=\u00bbRGBA(255,255,255,0)\u00bb locked=\u00bboff\u00bb global_colors_info=\u00bb{}\u00bb background__hover_enabled=\u00bbon|hover\u00bb background_color_gradient_stops__hover=\u00bbrgba(140,140,140,0.61) 0%|rgba(140,140,140,0.61) 100%\u00bb use_background_color_gradient__hover=\u00bbon\u00bb background_color_gradient_overlays_image__hover=\u00bbon\u00bb text_text_color__hover_enabled=\u00bbon|desktop\u00bb text_text_color__hover=\u00bb#FFFFFF\u00bb content__hover_enabled=\u00bbon|desktop\u00bb content__hover=\u00bb<\/p>\n<p style=%22text-align: center;%22>Cementerio marino de San Pablo<\/p>\n<p style=%22text-align: center;%22>\n<p style=%22text-align: center;%22><span class=%22et-pb-icon%22>\ue081 <\/span>13 km<\/p>\n<p style=%22text-align: center;%22>\u00ab]<\/p>\n<p style=\"text-align: center;\">Cementerio marino de San Pablo<\/p>\n<p style=\"text-align: center;\">\n<p style=\"text-align: center;\"><span class=\"et-pb-icon\">\ue081 <\/span>13 km<\/p>\n<p style=\"text-align: center;\">[\/et_pb_text][et_pb_button button_url=\u00bbhttps:\/\/www.reunion.fr\/offres\/cimetiere-marin-de-saint-paul-saint-paul-fr-817936\/\u00bb url_new_window=\u00bbon\u00bb button_text=\u00bbU\u00bb button_alignment=\u00bbcenter\u00bb _builder_version=\u00bb4.20.2&#8243; _module_preset=\u00bbdefault\u00bb custom_button=\u00bbon\u00bb button_font=\u00bbElegant font|900|||||||\u00bb button_use_icon=\u00bboff\u00bb custom_margin=\u00bb0px||3%||false|false\u00bb custom_padding=\u00bb|25%||25%|false|true\u00bb button_text_color_tablet=\u00bb\u00bb button_text_color_phone=\u00bb\u00bb button_text_color_last_edited=\u00bbon|desktop\u00bb locked=\u00bboff\u00bb global_colors_info=\u00bb{}\u00bb button_text_color__hover_enabled=\u00bbon|hover\u00bb button_text_color__hover=\u00bb#97D700&#8243; button_border_width__hover_enabled=\u00bbon|desktop\u00bb button_border_width__hover=\u00bb0px\u00bb button_bg_color__hover_enabled=\u00bbon|hover\u00bb button_bg_color__hover=\u00bbRGBA(255,255,255,0)\u00bb button_bg_enable_color__hover=\u00bbon\u00bb][\/et_pb_button][\/et_pb_column][et_pb_column type=\u00bb1_4&#8243; _builder_version=\u00bb4.20.2&#8243; _module_preset=\u00bbdefault\u00bb global_colors_info=\u00bb{}\u00bb][et_pb_text _builder_version=\u00bb4.20.2&#8243; _module_preset=\u00bbdefault\u00bb text_font=\u00bbUbuntu||||||||\u00bb text_text_color=\u00bbRGBA(255,255,255,0)\u00bb text_font_size=\u00bb18px\u00bb background_image=\u00bbhttps:\/\/www.villa-manaaki.com\/wp-content\/uploads\/2023\/06\/Dos-dAne.webp\u00bb max_height=\u00bb308px\u00bb custom_margin=\u00bb|6px|3%||false|false\u00bb custom_padding=\u00bb35%|1%|35%|1%|true|true\u00bb link_option_url_new_window=\u00bbon\u00bb border_radii=\u00bbon|5px|5px|5px|5px\u00bb border_color_all=\u00bbRGBA(255,255,255,0)\u00bb locked=\u00bboff\u00bb global_colors_info=\u00bb{}\u00bb background__hover_enabled=\u00bbon|hover\u00bb background_color_gradient_stops__hover=\u00bbrgba(140,140,140,0.61) 0%|rgba(140,140,140,0.61) 100%\u00bb use_background_color_gradient__hover=\u00bbon\u00bb background_color_gradient_overlays_image__hover=\u00bbon\u00bb text_text_color__hover_enabled=\u00bbon|desktop\u00bb text_text_color__hover=\u00bb#FFFFFF\u00bb content__hover_enabled=\u00bbon|desktop\u00bb content__hover=\u00bb<\/p>\n<p style=%22text-align: center;%22>Dos d&apos;\u00c2ne, La Possession<\/p>\n<p style=%22text-align: center;%22><span class=%22et-pb-icon%22>\ue081 <\/span>26 km<\/p>\n<p>\u00ab]<\/p>\n<p style=\"text-align: center;\">Dos d&#8217;\u00c2ne, La Possession<\/p>\n<p style=\"text-align: center;\"><span class=\"et-pb-icon\">\ue081 <\/span>26 km<\/p>\n<p>[\/et_pb_text][et_pb_button button_url=\u00bbhttps:\/\/www.reunion.fr\/offres\/dos-d-ane-cap-noir-la-possession-fr-575466\/\u00bb url_new_window=\u00bbon\u00bb button_text=\u00bbU\u00bb button_alignment=\u00bbcenter\u00bb _builder_version=\u00bb4.20.2&#8243; _module_preset=\u00bbdefault\u00bb custom_button=\u00bbon\u00bb button_font=\u00bbElegant font|900|||||||\u00bb button_use_icon=\u00bboff\u00bb custom_margin=\u00bb0px||3%||false|false\u00bb custom_padding=\u00bb|25%||25%|false|true\u00bb button_text_color_tablet=\u00bb\u00bb button_text_color_phone=\u00bb\u00bb button_text_color_last_edited=\u00bbon|desktop\u00bb locked=\u00bboff\u00bb global_colors_info=\u00bb{}\u00bb button_text_color__hover_enabled=\u00bbon|hover\u00bb button_text_color__hover=\u00bb#97D700&#8243; button_border_width__hover_enabled=\u00bbon|desktop\u00bb button_border_width__hover=\u00bb0px\u00bb button_bg_color__hover_enabled=\u00bbon|hover\u00bb button_bg_color__hover=\u00bbRGBA(255,255,255,0)\u00bb button_bg_enable_color__hover=\u00bbon\u00bb][\/et_pb_button][\/et_pb_column][et_pb_column type=\u00bb1_4&#8243; _builder_version=\u00bb4.20.2&#8243; _module_preset=\u00bbdefault\u00bb global_colors_info=\u00bb{}\u00bb][et_pb_text _builder_version=\u00bb4.20.2&#8243; _module_preset=\u00bbdefault\u00bb text_font=\u00bbUbuntu||||||||\u00bb text_text_color=\u00bbRGBA(255,255,255,0)\u00bb text_font_size=\u00bb18px\u00bb background_image=\u00bbhttps:\/\/www.villa-manaaki.com\/wp-content\/uploads\/2023\/06\/Marche-St-Paul.webp\u00bb max_height=\u00bb308px\u00bb custom_margin=\u00bb|6px|3%||false|false\u00bb custom_padding=\u00bb35%|1%|35%|1%|true|true\u00bb link_option_url_new_window=\u00bbon\u00bb border_radii=\u00bbon|5px|5px|5px|5px\u00bb border_color_all=\u00bbRGBA(255,255,255,0)\u00bb locked=\u00bboff\u00bb global_colors_info=\u00bb{}\u00bb background__hover_enabled=\u00bbon|hover\u00bb background_color_gradient_stops__hover=\u00bbrgba(140,140,140,0.61) 0%|rgba(140,140,140,0.61) 100%\u00bb use_background_color_gradient__hover=\u00bbon\u00bb background_color_gradient_overlays_image__hover=\u00bbon\u00bb text_text_color__hover_enabled=\u00bbon|desktop\u00bb text_text_color__hover=\u00bb#FFFFFF\u00bb content__hover_enabled=\u00bbon|desktop\u00bb content__hover=\u00bb<\/p>\n<p style=%22text-align: center;%22>Mercado justo de San Pablo<\/p>\n<p style=%22text-align: center;%22>\n<p style=%22text-align: center;%22><span class=%22et-pb-icon%22>\ue081 <\/span>12 km<\/p>\n<p>\u00ab]<\/p>\n<p style=\"text-align: center;\">Mercado justo de San Pablo<\/p>\n<p style=\"text-align: center;\">\n<p style=\"text-align: center;\"><span class=\"et-pb-icon\">\ue081 <\/span>12 km<\/p>\n<p>[\/et_pb_text][et_pb_button button_url=\u00bbhttps:\/\/www.reunion.fr\/organisez\/vos-activites\/pendant-votre-voyage\/les-marches-de-la-reunion\/\u00bb url_new_window=\u00bbon\u00bb button_text=\u00bbU\u00bb button_alignment=\u00bbcenter\u00bb _builder_version=\u00bb4.20.2&#8243; _module_preset=\u00bbdefault\u00bb custom_button=\u00bbon\u00bb button_font=\u00bbElegant font|900|||||||\u00bb button_use_icon=\u00bboff\u00bb custom_margin=\u00bb0px||3%||false|false\u00bb custom_padding=\u00bb|25%||25%|false|true\u00bb button_text_color_tablet=\u00bb\u00bb button_text_color_phone=\u00bb\u00bb button_text_color_last_edited=\u00bbon|desktop\u00bb locked=\u00bboff\u00bb global_colors_info=\u00bb{}\u00bb button_text_color__hover_enabled=\u00bbon|hover\u00bb button_text_color__hover=\u00bb#97D700&#8243; button_border_width__hover_enabled=\u00bbon|desktop\u00bb button_border_width__hover=\u00bb0px\u00bb button_bg_color__hover_enabled=\u00bbon|hover\u00bb button_bg_color__hover=\u00bbRGBA(255,255,255,0)\u00bb button_bg_enable_color__hover=\u00bbon\u00bb][\/et_pb_button][\/et_pb_column][\/et_pb_row][et_pb_row column_structure=\u00bb1_4,1_4,1_4,1_4&#8243; use_custom_gutter=\u00bbon\u00bb gutter_width=\u00bb1&#8243; _builder_version=\u00bb4.20.2&#8243; _module_preset=\u00bbdefault\u00bb width=\u00bb90%\u00bb max_width=\u00bb90%\u00bb custom_padding=\u00bb0%||0px||false|false\u00bb global_colors_info=\u00bb{}\u00bb][et_pb_column type=\u00bb1_4&#8243; _builder_version=\u00bb4.20.2&#8243; _module_preset=\u00bbdefault\u00bb global_colors_info=\u00bb{}\u00bb][et_pb_text _builder_version=\u00bb4.20.2&#8243; _module_preset=\u00bbdefault\u00bb text_font=\u00bbUbuntu||||||||\u00bb text_text_color=\u00bbRGBA(255,255,255,0)\u00bb text_font_size=\u00bb18px\u00bb background_image=\u00bbhttps:\/\/www.villa-manaaki.com\/wp-content\/uploads\/2023\/06\/Etang-St-Paul.webp\u00bb max_height=\u00bb308px\u00bb custom_margin=\u00bb|6px|3%||false|false\u00bb custom_padding=\u00bb35%|1%|35%|1%|true|true\u00bb link_option_url_new_window=\u00bbon\u00bb border_radii=\u00bbon|5px|5px|5px|5px\u00bb border_color_all=\u00bbRGBA(255,255,255,0)\u00bb global_colors_info=\u00bb{}\u00bb background__hover_enabled=\u00bbon|hover\u00bb background_color_gradient_stops__hover=\u00bbrgba(140,140,140,0.61) 0%|rgba(140,140,140,0.61) 100%\u00bb use_background_color_gradient__hover=\u00bbon\u00bb background_color_gradient_overlays_image__hover=\u00bbon\u00bb text_text_color__hover_enabled=\u00bbon|desktop\u00bb text_text_color__hover=\u00bb#FFFFFF\u00bb content__hover_enabled=\u00bbon|desktop\u00bb content__hover=\u00bb<\/p>\n<p style=%22text-align: center;%22>El estanque de San Pablo<\/p>\n<p style=%22text-align: center;%22>\n<p style=%22text-align: center;%22><span class=%22et-pb-icon%22>\ue081 <\/span>9 km<\/p>\n<p>\u00ab]<\/p>\n<p style=\"text-align: center;\">El estanque de San Pablo<\/p>\n<p style=\"text-align: center;\">\n<p style=\"text-align: center;\"><span class=\"et-pb-icon\">\ue081 <\/span>9 km<\/p>\n<p>[\/et_pb_text][et_pb_button button_url=\u00bbhttps:\/\/www.reunion.fr\/decouvrez\/la-reserve-naturelle-nationale-de-l-etang-saint-paul\/\u00bb url_new_window=\u00bbon\u00bb button_text=\u00bbU\u00bb button_alignment=\u00bbcenter\u00bb _builder_version=\u00bb4.20.2&#8243; _module_preset=\u00bbdefault\u00bb custom_button=\u00bbon\u00bb button_font=\u00bbElegant font|900|||||||\u00bb button_use_icon=\u00bboff\u00bb custom_margin=\u00bb0px||3%||false|false\u00bb custom_padding=\u00bb|25%||25%|false|true\u00bb button_text_color_tablet=\u00bb\u00bb button_text_color_phone=\u00bb\u00bb button_text_color_last_edited=\u00bbon|desktop\u00bb locked=\u00bboff\u00bb global_colors_info=\u00bb{}\u00bb button_text_color__hover_enabled=\u00bbon|hover\u00bb button_text_color__hover=\u00bb#97D700&#8243; button_border_width__hover_enabled=\u00bbon|desktop\u00bb button_border_width__hover=\u00bb0px\u00bb button_bg_color__hover_enabled=\u00bbon|hover\u00bb button_bg_color__hover=\u00bbRGBA(255,255,255,0)\u00bb button_bg_enable_color__hover=\u00bbon\u00bb][\/et_pb_button][\/et_pb_column][et_pb_column type=\u00bb1_4&#8243; _builder_version=\u00bb4.20.2&#8243; _module_preset=\u00bbdefault\u00bb global_colors_info=\u00bb{}\u00bb][et_pb_text content_last_edited=\u00bboff|desktop\u00bb _builder_version=\u00bb4.20.2&#8243; _module_preset=\u00bbdefault\u00bb text_font=\u00bbUbuntu||||||||\u00bb text_text_color=\u00bbRGBA(255,255,255,0)\u00bb text_font_size=\u00bb18px\u00bb background_image=\u00bbhttps:\/\/www.villa-manaaki.com\/wp-content\/uploads\/2023\/06\/Le-jardin-de-Paulo.webp\u00bb max_height=\u00bb308px\u00bb custom_margin=\u00bb|6px|3%||false|false\u00bb custom_padding=\u00bb35%|1%|35%|1%|true|true\u00bb link_option_url_new_window=\u00bbon\u00bb border_radii=\u00bbon|5px|5px|5px|5px\u00bb border_color_all=\u00bbRGBA(255,255,255,0)\u00bb locked=\u00bboff\u00bb global_colors_info=\u00bb{}\u00bb background__hover_enabled=\u00bbon|hover\u00bb background_color_gradient_stops__hover=\u00bbrgba(140,140,140,0.61) 0%|rgba(140,140,140,0.61) 100%\u00bb use_background_color_gradient__hover=\u00bbon\u00bb background_color_gradient_overlays_image__hover=\u00bbon\u00bb text_text_color__hover_enabled=\u00bbon|desktop\u00bb text_text_color__hover=\u00bb#FFFFFF\u00bb content__hover_enabled=\u00bbon|desktop\u00bb content__hover=\u00bb<\/p>\n<p style=%22text-align: center;%22>Jard\u00edn de Paulo, San Pablo<\/p>\n<p style=%22text-align: center;%22>\n<p style=%22text-align: center;%22><span class=%22et-pb-icon%22>\ue081 <\/span>10 km<\/p>\n<p>\u00ab]<\/p>\n<p style=\"text-align: center;\">Jard\u00edn de Paulo, San Pablo<\/p>\n<p style=\"text-align: center;\">\n<p style=\"text-align: center;\"><span class=\"et-pb-icon\">\ue081 <\/span>10 km<\/p>\n<p>[\/et_pb_text][et_pb_button button_url=\u00bbhttps:\/\/www.ouest-lareunion.com\/le-jardin-de-paulo-saint-paul\u00bb url_new_window=\u00bbon\u00bb button_text=\u00bbU\u00bb button_alignment=\u00bbcenter\u00bb _builder_version=\u00bb4.20.2&#8243; _module_preset=\u00bbdefault\u00bb custom_button=\u00bbon\u00bb button_font=\u00bbElegant font|900|||||||\u00bb button_use_icon=\u00bboff\u00bb custom_margin=\u00bb0px||3%||false|false\u00bb custom_padding=\u00bb|25%||25%|false|true\u00bb button_text_color_tablet=\u00bb\u00bb button_text_color_phone=\u00bb\u00bb button_text_color_last_edited=\u00bbon|desktop\u00bb locked=\u00bboff\u00bb global_colors_info=\u00bb{}\u00bb button_text_color__hover_enabled=\u00bbon|hover\u00bb button_text_color__hover=\u00bb#97D700&#8243; button_border_width__hover_enabled=\u00bbon|desktop\u00bb button_border_width__hover=\u00bb0px\u00bb button_bg_color__hover_enabled=\u00bbon|hover\u00bb button_bg_color__hover=\u00bbRGBA(255,255,255,0)\u00bb button_bg_enable_color__hover=\u00bbon\u00bb][\/et_pb_button][\/et_pb_column][et_pb_column type=\u00bb1_4&#8243; _builder_version=\u00bb4.20.2&#8243; _module_preset=\u00bbdefault\u00bb global_colors_info=\u00bb{}\u00bb][et_pb_text _builder_version=\u00bb4.20.2&#8243; _module_preset=\u00bbdefault\u00bb text_font=\u00bbUbuntu||||||||\u00bb text_text_color=\u00bbRGBA(255,255,255,0)\u00bb text_font_size=\u00bb18px\u00bb background_image=\u00bbhttps:\/\/www.villa-manaaki.com\/wp-content\/uploads\/2023\/06\/Tour-des-Roches-.webp\u00bb max_height=\u00bb308px\u00bb custom_margin=\u00bb|6px|3%||false|false\u00bb custom_padding=\u00bb35%|1%|35%|1%|true|true\u00bb link_option_url_new_window=\u00bbon\u00bb border_radii=\u00bbon|5px|5px|5px|5px\u00bb border_color_all=\u00bbRGBA(255,255,255,0)\u00bb locked=\u00bboff\u00bb global_colors_info=\u00bb{}\u00bb background__hover_enabled=\u00bbon|hover\u00bb background_color_gradient_stops__hover=\u00bbrgba(140,140,140,0.61) 0%|rgba(140,140,140,0.61) 100%\u00bb use_background_color_gradient__hover=\u00bbon\u00bb background_color_gradient_overlays_image__hover=\u00bbon\u00bb text_text_color__hover_enabled=\u00bbon|desktop\u00bb text_text_color__hover=\u00bb#FFFFFF\u00bb content__hover_enabled=\u00bbon|desktop\u00bb content__hover=\u00bb<\/p>\n<p style=%22text-align: center;%22>Tour des Roches, San Pablo<\/p>\n<p style=%22text-align: center;%22>\n<p style=%22text-align: center;%22><span class=%22et-pb-icon%22>\ue081 <\/span>9 km<\/p>\n<p>\u00ab]<\/p>\n<p style=\"text-align: center;\">Tour des Roches, San Pablo<\/p>\n<p style=\"text-align: center;\">\n<p style=\"text-align: center;\"><span class=\"et-pb-icon\">\ue081 <\/span>9 km<\/p>\n<p>[\/et_pb_text][et_pb_button button_url=\u00bbhttps:\/\/www.reunion.fr\/offres\/tour-des-roches-le-moulin-a-eau-saint-paul-fr-586376\/\u00bb url_new_window=\u00bbon\u00bb button_text=\u00bbU\u00bb button_alignment=\u00bbcenter\u00bb _builder_version=\u00bb4.20.2&#8243; _module_preset=\u00bbdefault\u00bb custom_button=\u00bbon\u00bb button_font=\u00bbElegant font|900|||||||\u00bb button_use_icon=\u00bboff\u00bb custom_margin=\u00bb0px||3%||false|false\u00bb custom_padding=\u00bb|25%||25%|false|true\u00bb button_text_color_tablet=\u00bb\u00bb button_text_color_phone=\u00bb\u00bb button_text_color_last_edited=\u00bbon|desktop\u00bb locked=\u00bboff\u00bb global_colors_info=\u00bb{}\u00bb button_text_color__hover_enabled=\u00bbon|hover\u00bb button_text_color__hover=\u00bb#97D700&#8243; button_border_width__hover_enabled=\u00bbon|desktop\u00bb button_border_width__hover=\u00bb0px\u00bb button_bg_color__hover_enabled=\u00bbon|hover\u00bb button_bg_color__hover=\u00bbRGBA(255,255,255,0)\u00bb button_bg_enable_color__hover=\u00bbon\u00bb][\/et_pb_button][\/et_pb_column][et_pb_column type=\u00bb1_4&#8243; _builder_version=\u00bb4.20.2&#8243; _module_preset=\u00bbdefault\u00bb global_colors_info=\u00bb{}\u00bb][et_pb_text _builder_version=\u00bb4.22.0&#8243; _module_preset=\u00bbdefault\u00bb text_font=\u00bbUbuntu||||||||\u00bb text_text_color=\u00bbRGBA(255,255,255,0)\u00bb text_font_size=\u00bb18px\u00bb background_image=\u00bbhttps:\/\/www.villa-manaaki.com\/wp-content\/uploads\/2023\/07\/montagne_mafate15_cirque-CREDIT-IRT-emmanuel_virin.webp\u00bb max_height=\u00bb308px\u00bb custom_margin=\u00bb|6px|3%||false|false\u00bb custom_padding=\u00bb35%|1%|35%|1%|true|true\u00bb link_option_url_new_window=\u00bbon\u00bb border_radii=\u00bbon|5px|5px|5px|5px\u00bb border_color_all=\u00bbRGBA(255,255,255,0)\u00bb locked=\u00bboff\u00bb global_colors_info=\u00bb{}\u00bb background__hover_enabled=\u00bbon|hover\u00bb background_color_gradient_stops__hover=\u00bbrgba(140,140,140,0.61) 0%|rgba(140,140,140,0.61) 100%\u00bb use_background_color_gradient__hover=\u00bbon\u00bb background_color_gradient_overlays_image__hover=\u00bbon\u00bb text_text_color__hover_enabled=\u00bbon|desktop\u00bb text_text_color__hover=\u00bb#FFFFFF\u00bb content__hover_enabled=\u00bbon|desktop\u00bb content__hover=\u00bb<\/p>\n<p style=%22text-align: center;%22>Mafate por Canalisation des Orangers, St Paul<\/p>\n<p style=%22text-align: center;%22>\n<p style=%22text-align: center;%22><span class=%22et-pb-icon%22>\ue081 <\/span>7 km<\/p>\n<p>\u00ab]<\/p>\n<p style=\"text-align: center;\">Mafate por Canalisation des Orangers, St Paul<\/p>\n<p style=\"text-align: center;\"><span class=\"et-pb-icon\">\ue081 <\/span>7 km<\/p>\n<p>[\/et_pb_text][et_pb_button button_url=\u00bbhttps:\/\/www.reunion.fr\/offres\/canalisation-des-orangers-saint-paul-fr-575459\/\u00bb url_new_window=\u00bbon\u00bb button_text=\u00bbU\u00bb button_alignment=\u00bbcenter\u00bb _builder_version=\u00bb4.20.2&#8243; _module_preset=\u00bbdefault\u00bb custom_button=\u00bbon\u00bb button_font=\u00bbElegant font|900|||||||\u00bb button_use_icon=\u00bboff\u00bb custom_margin=\u00bb0px||3%||false|false\u00bb custom_padding=\u00bb|25%||25%|false|true\u00bb button_text_color_tablet=\u00bb\u00bb button_text_color_phone=\u00bb\u00bb button_text_color_last_edited=\u00bbon|desktop\u00bb locked=\u00bboff\u00bb global_colors_info=\u00bb{}\u00bb button_text_color__hover_enabled=\u00bbon|hover\u00bb button_text_color__hover=\u00bb#97D700&#8243; button_border_width__hover_enabled=\u00bbon|desktop\u00bb button_border_width__hover=\u00bb0px\u00bb button_bg_color__hover_enabled=\u00bbon|hover\u00bb button_bg_color__hover=\u00bbRGBA(255,255,255,0)\u00bb button_bg_enable_color__hover=\u00bbon\u00bb][\/et_pb_button][\/et_pb_column][\/et_pb_row][et_pb_row column_structure=\u00bb1_4,1_4,1_4,1_4&#8243; use_custom_gutter=\u00bbon\u00bb gutter_width=\u00bb1&#8243; _builder_version=\u00bb4.20.2&#8243; _module_preset=\u00bbdefault\u00bb width=\u00bb90%\u00bb max_width=\u00bb90%\u00bb custom_padding=\u00bb0%||||false|false\u00bb global_colors_info=\u00bb{}\u00bb][et_pb_column type=\u00bb1_4&#8243; _builder_version=\u00bb4.20.2&#8243; _module_preset=\u00bbdefault\u00bb global_colors_info=\u00bb{}\u00bb][et_pb_text _builder_version=\u00bb4.20.2&#8243; _module_preset=\u00bbdefault\u00bb text_font=\u00bbUbuntu||||||||\u00bb text_text_color=\u00bbRGBA(255,255,255,0)\u00bb text_font_size=\u00bb18px\u00bb background_image=\u00bbhttps:\/\/www.villa-manaaki.com\/wp-content\/uploads\/2023\/06\/Le-Maido.webp\u00bb max_height=\u00bb308px\u00bb custom_margin=\u00bb|6px|3%||false|false\u00bb custom_padding=\u00bb35%|1%|35%|1%|true|true\u00bb link_option_url_new_window=\u00bbon\u00bb border_radii=\u00bbon|5px|5px|5px|5px\u00bb border_color_all=\u00bbRGBA(255,255,255,0)\u00bb global_colors_info=\u00bb{}\u00bb background__hover_enabled=\u00bbon|hover\u00bb background_color_gradient_stops__hover=\u00bbrgba(140,140,140,0.61) 0%|rgba(140,140,140,0.61) 100%\u00bb use_background_color_gradient__hover=\u00bbon\u00bb background_color_gradient_overlays_image__hover=\u00bbon\u00bb text_text_color__hover_enabled=\u00bbon|desktop\u00bb text_text_color__hover=\u00bb#FFFFFF\u00bb content__hover_enabled=\u00bbon|desktop\u00bb content__hover=\u00bb<\/p>\n<p style=%22text-align: center;%22>Le Ma\u00efdo, San Pablo<\/p>\n<p style=%22text-align: center;%22>\n<p style=%22text-align: center;%22><span class=%22et-pb-icon%22>\ue081 <\/span>24 km<\/p>\n<p>\u00ab]<\/p>\n<p style=\"text-align: center;\">Le Ma\u00efdo, San Pablo<\/p>\n<p style=\"text-align: center;\">\n<p style=\"text-align: center;\"><span class=\"et-pb-icon\">\ue081 <\/span>24 km<\/p>\n<p>[\/et_pb_text][et_pb_button button_url=\u00bbhttps:\/\/www.reunion.fr\/decouvrez\/le-maido-le-balcon-de-la-reunion\/\u00bb url_new_window=\u00bbon\u00bb button_text=\u00bbU\u00bb button_alignment=\u00bbcenter\u00bb _builder_version=\u00bb4.20.2&#8243; _module_preset=\u00bbdefault\u00bb custom_button=\u00bbon\u00bb button_font=\u00bbElegant font|900|||||||\u00bb button_use_icon=\u00bboff\u00bb custom_margin=\u00bb0px||3%||false|false\u00bb custom_padding=\u00bb|25%||25%|false|true\u00bb button_text_color_tablet=\u00bb\u00bb button_text_color_phone=\u00bb\u00bb button_text_color_last_edited=\u00bbon|desktop\u00bb locked=\u00bboff\u00bb global_colors_info=\u00bb{}\u00bb button_text_color__hover_enabled=\u00bbon|hover\u00bb button_text_color__hover=\u00bb#97D700&#8243; button_border_width__hover_enabled=\u00bbon|desktop\u00bb button_border_width__hover=\u00bb0px\u00bb button_bg_color__hover_enabled=\u00bbon|hover\u00bb button_bg_color__hover=\u00bbRGBA(255,255,255,0)\u00bb button_bg_enable_color__hover=\u00bbon\u00bb][\/et_pb_button][\/et_pb_column][et_pb_column type=\u00bb1_4&#8243; _builder_version=\u00bb4.20.2&#8243; _module_preset=\u00bbdefault\u00bb global_colors_info=\u00bb{}\u00bb][et_pb_text content_last_edited=\u00bboff|desktop\u00bb _builder_version=\u00bb4.20.2&#8243; _module_preset=\u00bbdefault\u00bb text_font=\u00bbUbuntu||||||||\u00bb text_text_color=\u00bbRGBA(255,255,255,0)\u00bb text_font_size=\u00bb18px\u00bb background_image=\u00bbhttps:\/\/www.villa-manaaki.com\/wp-content\/uploads\/2023\/06\/Chemin-pave-de-Bellemene.webp\u00bb max_height=\u00bb308px\u00bb custom_margin=\u00bb|6px|3%||false|false\u00bb custom_padding=\u00bb35%|1%|35%|1%|true|true\u00bb link_option_url_new_window=\u00bbon\u00bb border_radii=\u00bbon|5px|5px|5px|5px\u00bb border_color_all=\u00bbRGBA(255,255,255,0)\u00bb locked=\u00bboff\u00bb global_colors_info=\u00bb{}\u00bb background__hover_enabled=\u00bbon|hover\u00bb background_color_gradient_stops__hover=\u00bbrgba(140,140,140,0.61) 0%|rgba(140,140,140,0.61) 100%\u00bb use_background_color_gradient__hover=\u00bbon\u00bb background_color_gradient_overlays_image__hover=\u00bbon\u00bb text_text_color__hover_enabled=\u00bbon|desktop\u00bb text_text_color__hover=\u00bb#FFFFFF\u00bb content__hover_enabled=\u00bbon|desktop\u00bb content__hover=\u00bb<\/p>\n<p style=%22text-align: center;%22>Carretera asfaltada en Bellem\u00e8ne, St Paul<\/p>\n<p style=%22text-align: center;%22>\n<p style=%22text-align: center;%22><span class=%22et-pb-icon%22>\ue081 <\/span>4 km<\/p>\n<p>\u00ab]<\/p>\n<p style=\"text-align: center;\">Carretera asfaltada en Bellem\u00e8ne, St Paul<\/p>\n<p style=\"text-align: center;\">\n<p style=\"text-align: center;\"><span class=\"et-pb-icon\">\ue081 <\/span>4 km<\/p>\n<p>[\/et_pb_text][et_pb_button button_url=\u00bbhttps:\/\/randopitons.re\/randonnee\/1082-chemin-pave-lougnon-ou-bellemene-depuis-tour-roches\u00bb url_new_window=\u00bbon\u00bb button_text=\u00bbU\u00bb button_alignment=\u00bbcenter\u00bb _builder_version=\u00bb4.20.2&#8243; _module_preset=\u00bbdefault\u00bb custom_button=\u00bbon\u00bb button_font=\u00bbElegant font|900|||||||\u00bb button_use_icon=\u00bboff\u00bb custom_margin=\u00bb0px||3%||false|false\u00bb custom_padding=\u00bb|25%||25%|false|true\u00bb button_text_color_tablet=\u00bb\u00bb button_text_color_phone=\u00bb\u00bb button_text_color_last_edited=\u00bbon|desktop\u00bb locked=\u00bboff\u00bb global_colors_info=\u00bb{}\u00bb button_text_color__hover_enabled=\u00bbon|hover\u00bb button_text_color__hover=\u00bb#97D700&#8243; button_border_width__hover_enabled=\u00bbon|desktop\u00bb button_border_width__hover=\u00bb0px\u00bb button_bg_color__hover_enabled=\u00bbon|hover\u00bb button_bg_color__hover=\u00bbRGBA(255,255,255,0)\u00bb button_bg_enable_color__hover=\u00bbon\u00bb][\/et_pb_button][\/et_pb_column][et_pb_column type=\u00bb1_4&#8243; _builder_version=\u00bb4.20.2&#8243; _module_preset=\u00bbdefault\u00bb global_colors_info=\u00bb{}\u00bb][et_pb_text _builder_version=\u00bb4.20.2&#8243; _module_preset=\u00bbdefault\u00bb text_font=\u00bbUbuntu||||||||\u00bb text_text_color=\u00bbRGBA(255,255,255,0)\u00bb text_font_size=\u00bb18px\u00bb background_image=\u00bbhttps:\/\/www.villa-manaaki.com\/wp-content\/uploads\/2023\/06\/Musee-de-Villele.webp\u00bb max_height=\u00bb308px\u00bb custom_margin=\u00bb|6px|3%||false|false\u00bb custom_padding=\u00bb35%|1%|35%|1%|true|true\u00bb link_option_url_new_window=\u00bbon\u00bb border_radii=\u00bbon|5px|5px|5px|5px\u00bb border_color_all=\u00bbRGBA(255,255,255,0)\u00bb locked=\u00bboff\u00bb global_colors_info=\u00bb{}\u00bb background__hover_enabled=\u00bbon|hover\u00bb background_color_gradient_stops__hover=\u00bbrgba(140,140,140,0.61) 0%|rgba(140,140,140,0.61) 100%\u00bb use_background_color_gradient__hover=\u00bbon\u00bb background_color_gradient_overlays_image__hover=\u00bbon\u00bb text_text_color__hover_enabled=\u00bbon|desktop\u00bb text_text_color__hover=\u00bb#FFFFFF\u00bb content__hover_enabled=\u00bbon|desktop\u00bb content__hover=\u00bb<\/p>\n<p style=%22text-align: center;%22>Museo Vill\u00e8le, St Gilles<\/p>\n<p style=%22text-align: center;%22>\n<p style=%22text-align: center;%22><span class=%22et-pb-icon%22>\ue081 <\/span>14 km<\/p>\n<p>\u00ab]<\/p>\n<p style=\"text-align: center;\">Museo Vill\u00e8le, St Gilles<\/p>\n<p style=\"text-align: center;\">\n<p style=\"text-align: center;\"><span class=\"et-pb-icon\">\ue081 <\/span>14 km<\/p>\n<p>[\/et_pb_text][et_pb_button button_url=\u00bbhttps:\/\/www.reunion.fr\/offres\/musee-de-villele-saint-gilles-les-hauts-saint-paul-fr-559630\/\u00bb url_new_window=\u00bbon\u00bb button_text=\u00bbU\u00bb button_alignment=\u00bbcenter\u00bb _builder_version=\u00bb4.20.2&#8243; _module_preset=\u00bbdefault\u00bb custom_button=\u00bbon\u00bb button_font=\u00bbElegant font|900|||||||\u00bb button_use_icon=\u00bboff\u00bb custom_margin=\u00bb0px||3%||false|false\u00bb custom_padding=\u00bb|25%||25%|false|true\u00bb button_text_color_tablet=\u00bb\u00bb button_text_color_phone=\u00bb\u00bb button_text_color_last_edited=\u00bbon|desktop\u00bb locked=\u00bboff\u00bb global_colors_info=\u00bb{}\u00bb button_text_color__hover_enabled=\u00bbon|hover\u00bb button_text_color__hover=\u00bb#97D700&#8243; button_border_width__hover_enabled=\u00bbon|desktop\u00bb button_border_width__hover=\u00bb0px\u00bb button_bg_color__hover_enabled=\u00bbon|hover\u00bb button_bg_color__hover=\u00bbRGBA(255,255,255,0)\u00bb button_bg_enable_color__hover=\u00bbon\u00bb][\/et_pb_button][\/et_pb_column][et_pb_column type=\u00bb1_4&#8243; _builder_version=\u00bb4.20.2&#8243; _module_preset=\u00bbdefault\u00bb global_colors_info=\u00bb{}\u00bb][et_pb_text _builder_version=\u00bb4.20.2&#8243; _module_preset=\u00bbdefault\u00bb text_font=\u00bbUbuntu||||||||\u00bb text_text_color=\u00bbRGBA(255,255,255,0)\u00bb text_font_size=\u00bb18px\u00bb background_image=\u00bbhttps:\/\/www.villa-manaaki.com\/wp-content\/uploads\/2023\/06\/Lagon-St-Gilles.webp\u00bb max_height=\u00bb308px\u00bb custom_margin=\u00bb|6px|3%||false|false\u00bb custom_padding=\u00bb35%|1%|35%|1%|true|true\u00bb link_option_url_new_window=\u00bbon\u00bb border_radii=\u00bbon|5px|5px|5px|5px\u00bb border_color_all=\u00bbRGBA(255,255,255,0)\u00bb locked=\u00bboff\u00bb global_colors_info=\u00bb{}\u00bb background__hover_enabled=\u00bbon|hover\u00bb background_color_gradient_stops__hover=\u00bbrgba(140,140,140,0.61) 0%|rgba(140,140,140,0.61) 100%\u00bb use_background_color_gradient__hover=\u00bbon\u00bb background_color_gradient_overlays_image__hover=\u00bbon\u00bb text_text_color__hover_enabled=\u00bbon|desktop\u00bb text_text_color__hover=\u00bb#FFFFFF\u00bb content__hover_enabled=\u00bbon|desktop\u00bb content__hover=\u00bb<\/p>\n<p style=%22text-align: center;%22>La laguna y las playas de St Gilles<\/p>\n<p style=%22text-align: center;%22>\n<p style=%22text-align: center;%22><span class=%22et-pb-icon%22>\ue081 <\/span>25 km<\/p>\n<p>\u00ab]<\/p>\n<p style=\"text-align: center;\">La laguna y las playas de St Gilles<\/p>\n<p style=\"text-align: center;\">\n<p style=\"text-align: center;\"><span class=\"et-pb-icon\">\ue081 <\/span>25 km<\/p>\n<p>[\/et_pb_text][et_pb_button button_url=\u00bbhttps:\/\/www.reunion.fr\/decouvrez\/le-lagon\/\u00bb url_new_window=\u00bbon\u00bb button_text=\u00bbU\u00bb button_alignment=\u00bbcenter\u00bb _builder_version=\u00bb4.20.2&#8243; _module_preset=\u00bbdefault\u00bb custom_button=\u00bbon\u00bb button_font=\u00bbElegant font|900|||||||\u00bb button_use_icon=\u00bboff\u00bb custom_margin=\u00bb0px||3%||false|false\u00bb custom_padding=\u00bb|25%||25%|false|true\u00bb button_text_color_tablet=\u00bb\u00bb button_text_color_phone=\u00bb\u00bb button_text_color_last_edited=\u00bbon|desktop\u00bb locked=\u00bboff\u00bb global_colors_info=\u00bb{}\u00bb button_text_color__hover_enabled=\u00bbon|hover\u00bb button_text_color__hover=\u00bb#97D700&#8243; button_border_width__hover_enabled=\u00bbon|desktop\u00bb button_border_width__hover=\u00bb0px\u00bb button_bg_color__hover_enabled=\u00bbon|hover\u00bb button_bg_color__hover=\u00bbRGBA(255,255,255,0)\u00bb button_bg_enable_color__hover=\u00bbon\u00bb][\/et_pb_button][\/et_pb_column][\/et_pb_row][\/et_pb_section][et_pb_section fb_built=\u00bb1&#8243; fullwidth=\u00bbon\u00bb _builder_version=\u00bb4.20.2&#8243; _module_preset=\u00bbdefault\u00bb background_enable_image=\u00bboff\u00bb locked=\u00bboff\u00bb global_colors_info=\u00bb{}\u00bb][et_pb_fullwidth_header title=\u00bbUn poco m\u00e1s adelante\u00bb _builder_version=\u00bb4.22.0&#8243; _module_preset=\u00bbdefault\u00bb title_level=\u00bbh3&#8243; title_font=\u00bbUbuntu||||||||\u00bb title_text_align=\u00bbcenter\u00bb title_text_color=\u00bb#94c11f\u00bb title_font_size=\u00bb32px\u00bb background_enable_color=\u00bboff\u00bb use_background_color_gradient=\u00bbon\u00bb background_color_gradient_stops=\u00bbrgba(255,255,255,0.59) 0%|rgba(255,255,255,0.59) 100%\u00bb background_color_gradient_overlays_image=\u00bbon\u00bb background_image=\u00bbhttps:\/\/www.villa-manaaki.com\/wp-content\/uploads\/2023\/06\/fond-titre.webp\u00bb background_size=\u00bbcontain\u00bb custom_margin=\u00bb||||false|false\u00bb custom_padding=\u00bb0px||0px||true|false\u00bb title_font_size_tablet=\u00bb50px\u00bb title_font_size_phone=\u00bb35px\u00bb title_font_size_last_edited=\u00bbon|phone\u00bb background_last_edited=\u00bbon|phone\u00bb background_size_phone=\u00bbcustom\u00bb background_image_width_phone=\u00bb20%\u00bb global_colors_info=\u00bb{}\u00bb][\/et_pb_fullwidth_header][\/et_pb_section][et_pb_section fb_built=\u00bb1&#8243; _builder_version=\u00bb4.22.0&#8243; _module_preset=\u00bbdefault\u00bb custom_padding=\u00bb0px||0px|||\u00bb global_colors_info=\u00bb{}\u00bb][et_pb_row _builder_version=\u00bb4.22.0&#8243; _module_preset=\u00bbdefault\u00bb global_colors_info=\u00bb{}\u00bb][et_pb_column type=\u00bb4_4&#8243; _builder_version=\u00bb4.22.0&#8243; _module_preset=\u00bbdefault\u00bb global_colors_info=\u00bb{}\u00bb][et_pb_text _builder_version=\u00bb4.22.0&#8243; _module_preset=\u00bbdefault\u00bb text_font=\u00bbUbuntu|300|||||||\u00bb text_font_size=\u00bb19px\u00bb text_line_height=\u00bb1.8em\u00bb global_colors_info=\u00bb{}\u00bb]Vayas por donde vayas en la intensa isla, de norte a sur, de oeste a este, atravesar\u00e1s una gran variedad de paisajes y te sentir\u00e1s abrumado por la <b>belleza de <\/b>todos los lugares que visites: <b>\u00a1recuerdos inolvid<\/b> ables para coleccionar![\/et_pb_text][\/et_pb_column][\/et_pb_row][\/et_pb_section][et_pb_section fb_built=\u00bb1&#8243; custom_padding_last_edited=\u00bbon|phone\u00bb admin_label=\u00bbexclude-trad\u00bb module_id=\u00bbexcludetrad\u00bb module_class=\u00bbexcludetrad\u00bb _builder_version=\u00bb4.22.0&#8243; _module_preset=\u00bbdefault\u00bb custom_padding_tablet=\u00bb\u00bb custom_padding_phone=\u00bb0px||||false|false\u00bb global_colors_info=\u00bb{}\u00bb][et_pb_row module_id=\u00bbexcludetrad\u00bb module_class=\u00bbexcludetrad\u00bb _builder_version=\u00bb4.22.0&#8243; _module_preset=\u00bbdefault\u00bb width_tablet=\u00bb\u00bb width_phone=\u00bb100%\u00bb width_last_edited=\u00bbon|phone\u00bb max_width_tablet=\u00bb\u00bb max_width_phone=\u00bb100%\u00bb max_width_last_edited=\u00bbon|phone\u00bb custom_margin=\u00bb-20px|auto||auto||\u00bb global_colors_info=\u00bb{}\u00bb][et_pb_column type=\u00bb4_4&#8243; _builder_version=\u00bb4.20.2&#8243; _module_preset=\u00bbdefault\u00bb global_colors_info=\u00bb{}\u00bb][dnxte_tooltip tooltip_image=\u00bbhttps:\/\/www.villa-manaaki.com\/wp-content\/uploads\/2023\/05\/Carte_Reunion-2.webp\u00bb module_id=\u00bbexcludetrad\u00bb module_class=\u00bbexcludetrad\u00bb _builder_version=\u00bb4.22.0&#8243; _module_preset=\u00bbdefault\u00bb global_colors_info=\u00bb{}\u00bb][dnxte_tooltip_child tooltip_hotspot_icon=\u00bb\uf072||fa||900&#8243; tooltip_bg=\u00bb#BE8D77&#8243; tooltip_text=\u00bbA\u00e9roport Roland Garros\u00bb hotspot_horizontal=\u00bb43%\u00bb hotspot_vertical=\u00bb5%\u00bb hotspot_sizing=\u00bb10&#8243; hotspot_bg=\u00bb#94c11f\u00bb hotspot_wave_color=\u00bb#94C11F\u00bb hotspot_icon_size=\u00bb16px\u00bb css_id=\u00bbRG\u00bb hotspot_sizing_tablet=\u00bb10&#8243; hotspot_sizing_phone=\u00bb12&#8243; hotspot_sizing_last_edited=\u00bbon|phone\u00bb hotspot_wave_color_tablet=\u00bb#94C11F\u00bb hotspot_wave_color_phone=\u00bbRGBA(255,255,255,0)\u00bb hotspot_wave_color_last_edited=\u00bbon|phone\u00bb hotspot_icon_size_tablet=\u00bb10px\u00bb hotspot_icon_size_phone=\u00bb6px\u00bb hotspot_icon_size_last_edited=\u00bbon|phone\u00bb _builder_version=\u00bb4.22.0&#8243; _module_preset=\u00bbdefault\u00bb tooltip_text_font=\u00bbUbuntu|500|||||||\u00bb tooltip_text_text_color=\u00bb#FFFFFF\u00bb border_radii_hotspot_child=\u00bbon|80%|80%|80%|80%\u00bb border_width_all_hotspot_child=\u00bb12px\u00bb border_color_all_hotspot_child=\u00bb#97D700&#8243; border_width_all_hotspot_child_tablet=\u00bb12px\u00bb border_width_all_hotspot_child_phone=\u00bb4px\u00bb border_width_all_hotspot_child_last_edited=\u00bbon|phone\u00bb global_colors_info=\u00bb{}\u00bb][\/dnxte_tooltip_child][dnxte_tooltip_child tooltip_hotspot_icon=\u00bb\uf54b||fa||900&#8243; tooltip_bg=\u00bb#BE8D77&#8243; tooltip_text=\u00bbCirque de Mafate\u00bb tooltip_use_image=\u00bbon\u00bb tooltip_image=\u00bbhttps:\/\/www.villa-manaaki.com\/wp-content\/uploads\/2023\/07\/montagne_mafate15_cirque-CREDIT-IRT-emmanuel_virin.webp\u00bb tooltip_image_alt=\u00bbMafate\u00bb hotspot_horizontal=\u00bb31%\u00bb hotspot_vertical=\u00bb34%\u00bb hotspot_sizing=\u00bb10&#8243; hotspot_bg=\u00bb#94c11f\u00bb hotspot_wave_color=\u00bb#94C11F\u00bb hotspot_icon_size=\u00bb16px\u00bb hotspot_sizing_tablet=\u00bb10&#8243; hotspot_sizing_phone=\u00bb12&#8243; hotspot_sizing_last_edited=\u00bbon|phone\u00bb hotspot_wave_color_tablet=\u00bb#94C11F\u00bb hotspot_wave_color_phone=\u00bbRGBA(255,255,255,0)\u00bb hotspot_wave_color_last_edited=\u00bbon|phone\u00bb hotspot_icon_size_tablet=\u00bb10px\u00bb hotspot_icon_size_phone=\u00bb6px\u00bb hotspot_icon_size_last_edited=\u00bbon|phone\u00bb _builder_version=\u00bb4.22.0&#8243; _module_preset=\u00bbdefault\u00bb hotspot_text_text_color=\u00bb#FFFFFF\u00bb tooltip_text_font=\u00bbUbuntu|500|||||||\u00bb tooltip_text_text_color=\u00bb#FFFFFF\u00bb border_radii_hotspot_child=\u00bbon|80%|80%|80%|80%\u00bb border_width_all_hotspot_child=\u00bb12px\u00bb border_color_all_hotspot_child=\u00bb#97D700&#8243; border_width_all_hotspot_child_tablet=\u00bb12px\u00bb border_width_all_hotspot_child_phone=\u00bb4px\u00bb border_width_all_hotspot_child_last_edited=\u00bbon|phone\u00bb global_colors_info=\u00bb{}\u00bb][\/dnxte_tooltip_child][dnxte_tooltip_child tooltip_hotspot_icon=\u00bb\uf06e||fa||900&#8243; tooltip_bg=\u00bb#BE8D77&#8243; tooltip_position=\u00bbleft\u00bb tooltip_text=\u00bbCoul\u00e9es de lave\u00bb tooltip_use_image=\u00bbon\u00bb tooltip_image=\u00bbhttps:\/\/www.villa-manaaki.com\/wp-content\/uploads\/2023\/05\/Coulee.webp\u00bb tooltip_image_alt=\u00bbMafate\u00bb hotspot_horizontal=\u00bb83%\u00bb hotspot_vertical=\u00bb72%\u00bb hotspot_sizing=\u00bb10&#8243; hotspot_bg=\u00bb#94c11f\u00bb hotspot_wave_color=\u00bb#94C11F\u00bb hotspot_icon_size=\u00bb16px\u00bb hotspot_sizing_tablet=\u00bb10&#8243; hotspot_sizing_phone=\u00bb12&#8243; hotspot_sizing_last_edited=\u00bbon|phone\u00bb hotspot_wave_color_tablet=\u00bb#94C11F\u00bb hotspot_wave_color_phone=\u00bbRGBA(255,255,255,0)\u00bb hotspot_wave_color_last_edited=\u00bbon|phone\u00bb hotspot_icon_size_tablet=\u00bb10px\u00bb hotspot_icon_size_phone=\u00bb6px\u00bb hotspot_icon_size_last_edited=\u00bbon|phone\u00bb _builder_version=\u00bb4.22.0&#8243; _module_preset=\u00bbdefault\u00bb hotspot_text_text_color=\u00bb#FFFFFF\u00bb tooltip_text_font=\u00bbUbuntu|500|||||||\u00bb tooltip_text_text_color=\u00bb#FFFFFF\u00bb border_radii_hotspot_child=\u00bbon|80%|80%|80%|80%\u00bb border_width_all_hotspot_child=\u00bb12px\u00bb border_color_all_hotspot_child=\u00bb#97D700&#8243; border_width_all_hotspot_child_tablet=\u00bb12px\u00bb border_width_all_hotspot_child_phone=\u00bb4px\u00bb border_width_all_hotspot_child_last_edited=\u00bbon|phone\u00bb global_colors_info=\u00bb{}\u00bb][\/dnxte_tooltip_child][dnxte_tooltip_child tooltip_hotspot_icon=\u00bb\uf773||fa||900&#8243; tooltip_bg=\u00bb#BE8D77&#8243; tooltip_position=\u00bbright\u00bb tooltip_text=\u00bbL&#8217;\u00c9tang-Sal\u00e9\u00bb tooltip_use_image=\u00bbon\u00bb tooltip_image=\u00bbhttps:\/\/www.villa-manaaki.com\/wp-content\/uploads\/2023\/05\/Etang-sale.webp\u00bb tooltip_image_alt=\u00bbMafate\u00bb hotspot_horizontal=\u00bb21%\u00bb hotspot_vertical=\u00bb72%\u00bb hotspot_sizing=\u00bb10&#8243; hotspot_bg=\u00bb#94c11f\u00bb hotspot_wave_color=\u00bb#94C11F\u00bb hotspot_icon_size=\u00bb16px\u00bb hotspot_sizing_tablet=\u00bb10&#8243; hotspot_sizing_phone=\u00bb12&#8243; hotspot_sizing_last_edited=\u00bbon|phone\u00bb hotspot_wave_color_tablet=\u00bb#94C11F\u00bb hotspot_wave_color_phone=\u00bbRGBA(255,255,255,0)\u00bb hotspot_wave_color_last_edited=\u00bbon|phone\u00bb hotspot_icon_size_tablet=\u00bb10px\u00bb hotspot_icon_size_phone=\u00bb6px\u00bb hotspot_icon_size_last_edited=\u00bbon|phone\u00bb _builder_version=\u00bb4.22.0&#8243; _module_preset=\u00bbdefault\u00bb hotspot_text_text_color=\u00bb#FFFFFF\u00bb tooltip_text_font=\u00bbUbuntu|500|||||||\u00bb tooltip_text_text_color=\u00bb#FFFFFF\u00bb border_radii_hotspot_child=\u00bbon|80%|80%|80%|80%\u00bb border_width_all_hotspot_child=\u00bb12px\u00bb border_color_all_hotspot_child=\u00bb#97D700&#8243; border_width_all_hotspot_child_tablet=\u00bb12px\u00bb border_width_all_hotspot_child_phone=\u00bb4px\u00bb border_width_all_hotspot_child_last_edited=\u00bbon|phone\u00bb global_colors_info=\u00bb{}\u00bb][\/dnxte_tooltip_child][dnxte_tooltip_child tooltip_hotspot_icon=\u00bb\uf06e||fa||900&#8243; tooltip_bg=\u00bb#BE8D77&#8243; tooltip_position=\u00bbleft\u00bb tooltip_text=\u00bbCascade Niagara\u00bb tooltip_use_image=\u00bbon\u00bb tooltip_image=\u00bbhttps:\/\/www.villa-manaaki.com\/wp-content\/uploads\/2023\/05\/Niagara.webp\u00bb tooltip_image_alt=\u00bbMafate\u00bb hotspot_horizontal=\u00bb56%\u00bb hotspot_vertical=\u00bb9%\u00bb hotspot_sizing=\u00bb10&#8243; hotspot_bg=\u00bb#94c11f\u00bb hotspot_wave_color=\u00bb#94C11F\u00bb hotspot_icon_size=\u00bb16px\u00bb hotspot_sizing_tablet=\u00bb10&#8243; hotspot_sizing_phone=\u00bb12&#8243; hotspot_sizing_last_edited=\u00bbon|phone\u00bb hotspot_wave_color_tablet=\u00bb#94C11F\u00bb hotspot_wave_color_phone=\u00bbRGBA(255,255,255,0)\u00bb hotspot_wave_color_last_edited=\u00bbon|phone\u00bb hotspot_icon_size_tablet=\u00bb10px\u00bb hotspot_icon_size_phone=\u00bb6px\u00bb hotspot_icon_size_last_edited=\u00bbon|phone\u00bb _builder_version=\u00bb4.22.0&#8243; _module_preset=\u00bbdefault\u00bb hotspot_text_text_color=\u00bb#FFFFFF\u00bb tooltip_text_font=\u00bbUbuntu|500|||||||\u00bb tooltip_text_text_color=\u00bb#FFFFFF\u00bb border_radii_hotspot_child=\u00bbon|80%|80%|80%|80%\u00bb border_width_all_hotspot_child=\u00bb12px\u00bb border_color_all_hotspot_child=\u00bb#97D700&#8243; border_width_all_hotspot_child_tablet=\u00bb12px\u00bb border_width_all_hotspot_child_phone=\u00bb4px\u00bb border_width_all_hotspot_child_last_edited=\u00bbon|phone\u00bb global_colors_info=\u00bb{}\u00bb][\/dnxte_tooltip_child][dnxte_tooltip_child tooltip_hotspot_icon=\u00bb\uf06e||fa||900&#8243; tooltip_bg=\u00bb#BE8D77&#8243; tooltip_text=\u00bbGrand \u00c9tang, Saint Beno\u00eet\u00bb tooltip_use_image=\u00bbon\u00bb tooltip_image=\u00bbhttps:\/\/www.villa-manaaki.com\/wp-content\/uploads\/2023\/05\/Grand-Etang.webp\u00bb tooltip_image_alt=\u00bbMafate\u00bb hotspot_horizontal=\u00bb62%\u00bb hotspot_vertical=\u00bb40%\u00bb hotspot_sizing=\u00bb10&#8243; hotspot_bg=\u00bb#94c11f\u00bb hotspot_wave_color=\u00bb#94C11F\u00bb hotspot_icon_size=\u00bb16px\u00bb hotspot_sizing_tablet=\u00bb10&#8243; hotspot_sizing_phone=\u00bb12&#8243; hotspot_sizing_last_edited=\u00bbon|phone\u00bb hotspot_wave_color_tablet=\u00bb#94C11F\u00bb hotspot_wave_color_phone=\u00bbRGBA(255,255,255,0)\u00bb hotspot_wave_color_last_edited=\u00bbon|phone\u00bb hotspot_icon_size_tablet=\u00bb10px\u00bb hotspot_icon_size_phone=\u00bb6px\u00bb hotspot_icon_size_last_edited=\u00bbon|phone\u00bb _builder_version=\u00bb4.22.0&#8243; _module_preset=\u00bbdefault\u00bb hotspot_text_text_color=\u00bb#FFFFFF\u00bb tooltip_text_font=\u00bbUbuntu|500|||||||\u00bb tooltip_text_text_color=\u00bb#FFFFFF\u00bb border_radii_hotspot_child=\u00bbon|80%|80%|80%|80%\u00bb border_width_all_hotspot_child=\u00bb12px\u00bb border_color_all_hotspot_child=\u00bb#97D700&#8243; border_width_all_hotspot_child_tablet=\u00bb12px\u00bb border_width_all_hotspot_child_phone=\u00bb4px\u00bb border_width_all_hotspot_child_last_edited=\u00bbon|phone\u00bb global_colors_info=\u00bb{}\u00bb][\/dnxte_tooltip_child][dnxte_tooltip_child tooltip_hotspot_icon=\u00bb\uf773||fa||900&#8243; tooltip_bg=\u00bb#BE8D77&#8243; tooltip_position=\u00bbright\u00bb tooltip_text=\u00bbSaint-Gilles les Bains\u00bb tooltip_use_image=\u00bbon\u00bb tooltip_image=\u00bbhttps:\/\/www.villa-manaaki.com\/wp-content\/uploads\/2023\/05\/Saline.webp\u00bb tooltip_image_alt=\u00bbMafate\u00bb hotspot_horizontal=\u00bb6%\u00bb hotspot_vertical=\u00bb40%\u00bb hotspot_sizing=\u00bb10&#8243; hotspot_bg=\u00bb#94c11f\u00bb hotspot_wave_color=\u00bb#94C11F\u00bb hotspot_icon_size=\u00bb16px\u00bb hotspot_sizing_tablet=\u00bb10&#8243; hotspot_sizing_phone=\u00bb12&#8243; hotspot_sizing_last_edited=\u00bbon|phone\u00bb hotspot_wave_color_tablet=\u00bb#94C11F\u00bb hotspot_wave_color_phone=\u00bbRGBA(255,255,255,0)\u00bb hotspot_wave_color_last_edited=\u00bbon|phone\u00bb hotspot_icon_size_tablet=\u00bb10px\u00bb hotspot_icon_size_phone=\u00bb6px\u00bb hotspot_icon_size_last_edited=\u00bbon|phone\u00bb _builder_version=\u00bb4.22.0&#8243; _module_preset=\u00bbdefault\u00bb hotspot_text_text_color=\u00bb#FFFFFF\u00bb tooltip_text_font=\u00bbUbuntu|500|||||||\u00bb tooltip_text_text_color=\u00bb#FFFFFF\u00bb border_radii_hotspot_child=\u00bbon|80%|80%|80%|80%\u00bb border_width_all_hotspot_child=\u00bb12px\u00bb border_color_all_hotspot_child=\u00bb#97D700&#8243; border_width_all_hotspot_child_tablet=\u00bb12px\u00bb border_width_all_hotspot_child_phone=\u00bb4px\u00bb border_width_all_hotspot_child_last_edited=\u00bbon|phone\u00bb global_colors_info=\u00bb{}\u00bb][\/dnxte_tooltip_child][dnxte_tooltip_child tooltip_hotspot_icon=\u00bb\uf54b||fa||900&#8243; tooltip_bg=\u00bb#BE8D77&#8243; tooltip_text=\u00bbLe Trou de fer, cirque de Salazie\u00bb tooltip_use_image=\u00bbon\u00bb tooltip_image=\u00bbhttps:\/\/www.villa-manaaki.com\/wp-content\/uploads\/2023\/06\/Trou-de-fer.webp\u00bb tooltip_image_alt=\u00bbMafate\u00bb hotspot_horizontal=\u00bb49%\u00bb hotspot_vertical=\u00bb30%\u00bb hotspot_sizing=\u00bb10&#8243; hotspot_bg=\u00bb#94c11f\u00bb hotspot_wave_color=\u00bb#94C11F\u00bb hotspot_icon_size=\u00bb16px\u00bb hotspot_sizing_tablet=\u00bb10&#8243; hotspot_sizing_phone=\u00bb12&#8243; hotspot_sizing_last_edited=\u00bbon|phone\u00bb hotspot_wave_color_tablet=\u00bb#94C11F\u00bb hotspot_wave_color_phone=\u00bbRGBA(255,255,255,0)\u00bb hotspot_wave_color_last_edited=\u00bbon|phone\u00bb hotspot_icon_size_tablet=\u00bb10px\u00bb hotspot_icon_size_phone=\u00bb6px\u00bb hotspot_icon_size_last_edited=\u00bbon|phone\u00bb _builder_version=\u00bb4.22.0&#8243; _module_preset=\u00bbdefault\u00bb hotspot_text_text_color=\u00bb#FFFFFF\u00bb tooltip_text_font=\u00bbUbuntu|500|||||||\u00bb tooltip_text_text_align=\u00bbcenter\u00bb tooltip_text_text_color=\u00bb#FFFFFF\u00bb border_radii_hotspot_child=\u00bbon|80%|80%|80%|80%\u00bb border_width_all_hotspot_child=\u00bb12px\u00bb border_color_all_hotspot_child=\u00bb#97D700&#8243; border_width_all_hotspot_child_tablet=\u00bb12px\u00bb border_width_all_hotspot_child_phone=\u00bb4px\u00bb border_width_all_hotspot_child_last_edited=\u00bbon|phone\u00bb global_colors_info=\u00bb{}\u00bb][\/dnxte_tooltip_child][dnxte_tooltip_child tooltip_hotspot_icon=\u00bb\uf06e||fa||900&#8243; tooltip_bg=\u00bb#BE8D77&#8243; tooltip_position=\u00bbleft\u00bb tooltip_text=\u00bbPiton de la Fournaise\u00bb tooltip_use_image=\u00bbon\u00bb tooltip_image=\u00bbhttps:\/\/www.villa-manaaki.com\/wp-content\/uploads\/2023\/05\/volcan.webp\u00bb tooltip_image_alt=\u00bbMafate\u00bb hotspot_horizontal=\u00bb73%\u00bb hotspot_vertical=\u00bb67%\u00bb hotspot_sizing=\u00bb10&#8243; hotspot_bg=\u00bb#94c11f\u00bb hotspot_wave_color=\u00bb#94C11F\u00bb hotspot_icon_size=\u00bb16px\u00bb hotspot_sizing_tablet=\u00bb10&#8243; hotspot_sizing_phone=\u00bb12&#8243; hotspot_sizing_last_edited=\u00bbon|phone\u00bb hotspot_wave_color_tablet=\u00bb#94C11F\u00bb hotspot_wave_color_phone=\u00bbRGBA(255,255,255,0)\u00bb hotspot_wave_color_last_edited=\u00bbon|phone\u00bb hotspot_icon_size_tablet=\u00bb10px\u00bb hotspot_icon_size_phone=\u00bb6px\u00bb hotspot_icon_size_last_edited=\u00bbon|phone\u00bb _builder_version=\u00bb4.22.0&#8243; _module_preset=\u00bbdefault\u00bb hotspot_text_text_color=\u00bb#FFFFFF\u00bb tooltip_text_font=\u00bbUbuntu|500|||||||\u00bb tooltip_text_text_color=\u00bb#FFFFFF\u00bb border_radii_hotspot_child=\u00bbon|80%|80%|80%|80%\u00bb border_width_all_hotspot_child=\u00bb12px\u00bb border_color_all_hotspot_child=\u00bb#97D700&#8243; border_width_all_hotspot_child_tablet=\u00bb12px\u00bb border_width_all_hotspot_child_phone=\u00bb4px\u00bb border_width_all_hotspot_child_last_edited=\u00bbon|phone\u00bb global_colors_info=\u00bb{}\u00bb][\/dnxte_tooltip_child][dnxte_tooltip_child tooltip_hotspot_icon=\u00bb\uf06e||fa||900&#8243; tooltip_bg=\u00bb#BE8D77&#8243; tooltip_text=\u00bbCirque de Cilaos\u00bb tooltip_use_image=\u00bbon\u00bb tooltip_image=\u00bbhttps:\/\/www.villa-manaaki.com\/wp-content\/uploads\/2023\/06\/Cilaos-1.webp\u00bb hotspot_horizontal=\u00bb36%\u00bb hotspot_vertical=\u00bb49%\u00bb hotspot_sizing=\u00bb10&#8243; hotspot_bg=\u00bb#94c11f\u00bb hotspot_wave_color=\u00bb#94C11F\u00bb hotspot_icon_size=\u00bb16px\u00bb hotspot_sizing_tablet=\u00bb10&#8243; hotspot_sizing_phone=\u00bb12&#8243; hotspot_sizing_last_edited=\u00bbon|phone\u00bb hotspot_wave_color_tablet=\u00bb#94C11F\u00bb hotspot_wave_color_phone=\u00bbRGBA(255,255,255,0)\u00bb hotspot_wave_color_last_edited=\u00bbon|phone\u00bb hotspot_icon_size_tablet=\u00bb10px\u00bb hotspot_icon_size_phone=\u00bb6px\u00bb hotspot_icon_size_last_edited=\u00bbon|phone\u00bb _builder_version=\u00bb4.22.0&#8243; _module_preset=\u00bbdefault\u00bb hotspot_text_text_color=\u00bb#FFFFFF\u00bb tooltip_text_font=\u00bbUbuntu|500|||||||\u00bb tooltip_text_text_color=\u00bb#FFFFFF\u00bb border_radii_hotspot_child=\u00bbon|80%|80%|80%|80%\u00bb border_width_all_hotspot_child=\u00bb12px\u00bb border_color_all_hotspot_child=\u00bb#97D700&#8243; border_width_all_hotspot_child_tablet=\u00bb12px\u00bb border_width_all_hotspot_child_phone=\u00bb4px\u00bb border_width_all_hotspot_child_last_edited=\u00bbon|phone\u00bb global_colors_info=\u00bb{}\u00bb][\/dnxte_tooltip_child][dnxte_tooltip_child tooltip_hotspot_icon=\u00bb\uf06e||fa||900&#8243; tooltip_bg=\u00bb#BE8D77&#8243; tooltip_text=\u00bbCascade Grand Galet, Langevin\u00bb tooltip_use_image=\u00bbon\u00bb tooltip_image=\u00bbhttps:\/\/www.villa-manaaki.com\/wp-content\/uploads\/2023\/06\/Cascade-de-Langevin.webp\u00bb hotspot_horizontal=\u00bb62%\u00bb hotspot_vertical=\u00bb79%\u00bb hotspot_sizing=\u00bb10&#8243; hotspot_bg=\u00bb#94c11f\u00bb hotspot_wave_color=\u00bb#94C11F\u00bb hotspot_icon_size=\u00bb16px\u00bb hotspot_sizing_tablet=\u00bb10&#8243; hotspot_sizing_phone=\u00bb12&#8243; hotspot_sizing_last_edited=\u00bbon|phone\u00bb hotspot_wave_color_tablet=\u00bb#94C11F\u00bb hotspot_wave_color_phone=\u00bbRGBA(255,255,255,0)\u00bb hotspot_wave_color_last_edited=\u00bbon|phone\u00bb hotspot_icon_size_tablet=\u00bb10px\u00bb hotspot_icon_size_phone=\u00bb6px\u00bb hotspot_icon_size_last_edited=\u00bbon|phone\u00bb _builder_version=\u00bb4.22.0&#8243; _module_preset=\u00bbdefault\u00bb hotspot_text_text_color=\u00bb#FFFFFF\u00bb tooltip_text_font=\u00bbUbuntu|500|||||||\u00bb tooltip_text_text_color=\u00bb#FFFFFF\u00bb border_radii_hotspot_child=\u00bbon|80%|80%|80%|80%\u00bb border_width_all_hotspot_child=\u00bb12px\u00bb border_color_all_hotspot_child=\u00bb#97D700&#8243; border_width_all_hotspot_child_tablet=\u00bb12px\u00bb border_width_all_hotspot_child_phone=\u00bb4px\u00bb border_width_all_hotspot_child_last_edited=\u00bbon|phone\u00bb global_colors_info=\u00bb{}\u00bb][\/dnxte_tooltip_child][dnxte_tooltip_child tooltip_hotspot_icon=\u00bb\uf773||fa||900&#8243; tooltip_bg=\u00bb#BE8D77&#8243; tooltip_position=\u00bbright\u00bb tooltip_text=\u00bbGrande Anse, Petite-\u00cele\u00bb tooltip_use_image=\u00bbon\u00bb tooltip_image=\u00bbhttps:\/\/www.villa-manaaki.com\/wp-content\/uploads\/2023\/06\/Grande-Anse-Petite-Ile.webp\u00bb hotspot_vertical=\u00bb89%\u00bb hotspot_sizing=\u00bb10&#8243; hotspot_bg=\u00bb#94c11f\u00bb hotspot_wave_color=\u00bb#94C11F\u00bb hotspot_icon_size=\u00bb16px\u00bb hotspot_sizing_tablet=\u00bb10&#8243; hotspot_sizing_phone=\u00bb12&#8243; hotspot_sizing_last_edited=\u00bbon|phone\u00bb hotspot_wave_color_tablet=\u00bb#94C11F\u00bb hotspot_wave_color_phone=\u00bbRGBA(255,255,255,0)\u00bb hotspot_wave_color_last_edited=\u00bbon|phone\u00bb hotspot_icon_size_tablet=\u00bb10px\u00bb hotspot_icon_size_phone=\u00bb6px\u00bb hotspot_icon_size_last_edited=\u00bbon|phone\u00bb _builder_version=\u00bb4.22.0&#8243; _module_preset=\u00bbdefault\u00bb hotspot_text_text_color=\u00bb#FFFFFF\u00bb tooltip_text_font=\u00bbUbuntu|500|||||||\u00bb tooltip_text_text_color=\u00bb#FFFFFF\u00bb border_radii_hotspot_child=\u00bbon|80%|80%|80%|80%\u00bb border_width_all_hotspot_child=\u00bb12px\u00bb border_color_all_hotspot_child=\u00bb#97D700&#8243; border_width_all_hotspot_child_tablet=\u00bb12px\u00bb border_width_all_hotspot_child_phone=\u00bb4px\u00bb border_width_all_hotspot_child_last_edited=\u00bbon|phone\u00bb global_colors_info=\u00bb{}\u00bb][\/dnxte_tooltip_child][dnxte_tooltip_child tooltip_hotspot_icon=\u00bb\uf773||fa||900&#8243; tooltip_bg=\u00bb#BE8D77&#8243; tooltip_position=\u00bbright\u00bb tooltip_text=\u00bbSaint Leu\u00bb tooltip_use_image=\u00bbon\u00bb tooltip_image=\u00bbhttps:\/\/www.villa-manaaki.com\/wp-content\/uploads\/2023\/06\/Saint-Leu.webp\u00bb hotspot_horizontal=\u00bb12%\u00bb hotspot_vertical=\u00bb54%\u00bb hotspot_sizing=\u00bb10&#8243; hotspot_bg=\u00bb#94c11f\u00bb hotspot_wave_color=\u00bb#94C11F\u00bb hotspot_icon_size=\u00bb16px\u00bb hotspot_sizing_tablet=\u00bb10&#8243; hotspot_sizing_phone=\u00bb12&#8243; hotspot_sizing_last_edited=\u00bbon|phone\u00bb hotspot_wave_color_tablet=\u00bb#94C11F\u00bb hotspot_wave_color_phone=\u00bbRGBA(255,255,255,0)\u00bb hotspot_wave_color_last_edited=\u00bbon|phone\u00bb hotspot_icon_size_tablet=\u00bb10px\u00bb hotspot_icon_size_phone=\u00bb6px\u00bb hotspot_icon_size_last_edited=\u00bbon|phone\u00bb _builder_version=\u00bb4.22.0&#8243; _module_preset=\u00bbdefault\u00bb hotspot_text_text_color=\u00bb#FFFFFF\u00bb tooltip_text_font=\u00bbUbuntu|500|||||||\u00bb tooltip_text_text_color=\u00bb#FFFFFF\u00bb border_radii_hotspot_child=\u00bbon|80%|80%|80%|80%\u00bb border_width_all_hotspot_child=\u00bb12px\u00bb border_color_all_hotspot_child=\u00bb#97D700&#8243; border_width_all_hotspot_child_tablet=\u00bb12px\u00bb border_width_all_hotspot_child_phone=\u00bb4px\u00bb border_width_all_hotspot_child_last_edited=\u00bbon|phone\u00bb global_colors_info=\u00bb{}\u00bb][\/dnxte_tooltip_child][dnxte_tooltip_child tooltip_hotspot_icon=\u00bb\uf06c||fa||900&#8243; tooltip_bg=\u00bb#BE8D77&#8243; tooltip_position=\u00bbright\u00bb tooltip_text=\u00bbJardin d&#8217;Etat, Saint-Denis\u00bb tooltip_use_image=\u00bbon\u00bb tooltip_image=\u00bbhttps:\/\/www.villa-manaaki.com\/wp-content\/uploads\/2023\/06\/Saint-Denis-jardin-dEtat.webp\u00bb hotspot_horizontal=\u00bb35%\u00bb hotspot_vertical=\u00bb4%\u00bb hotspot_sizing=\u00bb10&#8243; hotspot_bg=\u00bb#94c11f\u00bb hotspot_wave_color=\u00bb#94C11F\u00bb hotspot_icon_size=\u00bb16px\u00bb hotspot_sizing_tablet=\u00bb10&#8243; hotspot_sizing_phone=\u00bb12&#8243; hotspot_sizing_last_edited=\u00bbon|phone\u00bb hotspot_wave_color_tablet=\u00bb#94C11F\u00bb hotspot_wave_color_phone=\u00bbRGBA(255,255,255,0)\u00bb hotspot_wave_color_last_edited=\u00bbon|phone\u00bb hotspot_icon_size_tablet=\u00bb10px\u00bb hotspot_icon_size_phone=\u00bb6px\u00bb hotspot_icon_size_last_edited=\u00bbon|phone\u00bb _builder_version=\u00bb4.22.0&#8243; _module_preset=\u00bbdefault\u00bb hotspot_text_text_color=\u00bb#FFFFFF\u00bb tooltip_text_font=\u00bbUbuntu|500|||||||\u00bb tooltip_text_text_color=\u00bb#FFFFFF\u00bb border_radii_hotspot_child=\u00bbon|80%|80%|80%|80%\u00bb border_width_all_hotspot_child=\u00bb12px\u00bb border_color_all_hotspot_child=\u00bb#97D700&#8243; border_width_all_hotspot_child_tablet=\u00bb12px\u00bb border_width_all_hotspot_child_phone=\u00bb4px\u00bb border_width_all_hotspot_child_last_edited=\u00bbon|phone\u00bb global_colors_info=\u00bb{}\u00bb][\/dnxte_tooltip_child][dnxte_tooltip_child tooltip_hotspot_icon=\u00bb\ue0ef||divi||400&#8243; tooltip_bg=\u00bb#BE8D77&#8243; tooltip_text=\u00bbSaint-Pierre\u00bb tooltip_use_image=\u00bbon\u00bb tooltip_image=\u00bbhttps:\/\/www.villa-manaaki.com\/wp-content\/uploads\/2023\/06\/Saint-Pierre.webp\u00bb hotspot_horizontal=\u00bb39%\u00bb hotspot_vertical=\u00bb84%\u00bb hotspot_sizing=\u00bb10&#8243; hotspot_bg=\u00bb#94c11f\u00bb hotspot_wave_color=\u00bb#94C11F\u00bb hotspot_icon_size=\u00bb16px\u00bb hotspot_sizing_tablet=\u00bb10&#8243; hotspot_sizing_phone=\u00bb12&#8243; hotspot_sizing_last_edited=\u00bbon|phone\u00bb hotspot_wave_color_tablet=\u00bb#94C11F\u00bb hotspot_wave_color_phone=\u00bbRGBA(255,255,255,0)\u00bb hotspot_wave_color_last_edited=\u00bbon|phone\u00bb hotspot_icon_size_tablet=\u00bb10px\u00bb hotspot_icon_size_phone=\u00bb6px\u00bb hotspot_icon_size_last_edited=\u00bbon|phone\u00bb _builder_version=\u00bb4.22.0&#8243; _module_preset=\u00bbdefault\u00bb hotspot_text_text_color=\u00bb#FFFFFF\u00bb tooltip_text_font=\u00bbUbuntu|500|||||||\u00bb tooltip_text_text_color=\u00bb#FFFFFF\u00bb border_radii_hotspot_child=\u00bbon|80%|80%|80%|80%\u00bb border_width_all_hotspot_child=\u00bb12px\u00bb border_color_all_hotspot_child=\u00bb#97D700&#8243; border_width_all_hotspot_child_tablet=\u00bb12px\u00bb border_width_all_hotspot_child_phone=\u00bb4px\u00bb border_width_all_hotspot_child_last_edited=\u00bbon|phone\u00bb global_colors_info=\u00bb{}\u00bb][\/dnxte_tooltip_child][dnxte_tooltip_child tooltip_hotspot_icon=\u00bb\ue074||divi||400&#8243; tooltip_bg=\u00bb#BE8D77&#8243; tooltip_position=\u00bbright\u00bb tooltip_use_image=\u00bbon\u00bb tooltip_image=\u00bbhttps:\/\/www.villa-manaaki.com\/wp-content\/uploads\/2023\/06\/LOGO_Manaaki_TexteBlanc.webp\u00bb hotspot_horizontal=\u00bb17%\u00bb hotspot_vertical=\u00bb24%\u00bb hotspot_sizing=\u00bb50&#8243; hotspot_bg=\u00bb#94c11f\u00bb hotspot_wave_color=\u00bb#97D700&#8243; hotspot_sizing_tablet=\u00bb50&#8243; hotspot_sizing_phone=\u00bb28&#8243; hotspot_sizing_last_edited=\u00bbon|phone\u00bb hotspot_icon_size_tablet=\u00bb\u00bb hotspot_icon_size_phone=\u00bb18px\u00bb hotspot_icon_size_last_edited=\u00bbon|phone\u00bb _builder_version=\u00bb4.22.0&#8243; _module_preset=\u00bbdefault\u00bb global_colors_info=\u00bb{}\u00bb][\/dnxte_tooltip_child][\/dnxte_tooltip][\/et_pb_column][\/et_pb_row][\/et_pb_section][et_pb_section fb_built=\u00bb1&#8243; _builder_version=\u00bb4.20.2&#8243; _module_preset=\u00bbdefault\u00bb background_image=\u00bbhttps:\/\/www.villa-manaaki.com\/wp-content\/uploads\/2023\/06\/fond-dli-scaled.webp\u00bb global_colors_info=\u00bb{}\u00bb][et_pb_row column_structure=\u00bb3_5,2_5&#8243; use_custom_gutter=\u00bbon\u00bb make_equal=\u00bbon\u00bb _builder_version=\u00bb4.22.0&#8243; _module_preset=\u00bbdefault\u00bb background_color=\u00bbrgba(0,0,0,0.59)\u00bb background_enable_mask_style=\u00bbon\u00bb background_mask_style=\u00bbcaret\u00bb background_mask_color=\u00bbrgba(10,10,10,0.78)\u00bb background_mask_transform=\u00bbinvert\u00bb max_width=\u00bb1140px\u00bb custom_margin=\u00bb||2%||false|false\u00bb custom_padding=\u00bb0px||0px|1%|true|false\u00bb background_color_phone=\u00bbrgba(10,10,10,0.8)\u00bb background_last_edited=\u00bbon|tablet\u00bb background_enable_color_phone=\u00bbon\u00bb background_mask_transform_tablet=\u00bbinvert|flip_vertical|rotate_90_degree\u00bb background_mask_aspect_ratio_tablet=\u00bblandscape\u00bb background_mask_size_tablet=\u00bbcover\u00bb background_mask_blend_mode_tablet=\u00bbnormal\u00bb border_radii=\u00bbon|5px|5px|5px|5px\u00bb border_color_all=\u00bbRGBA(255,255,255,0)\u00bb box_shadow_style=\u00bbpreset1&#8243; box_shadow_blur=\u00bb14px\u00bb box_shadow_spread=\u00bb8px\u00bb box_shadow_color=\u00bbrgba(0,0,0,0.66)\u00bb global_colors_info=\u00bb{}\u00bb][et_pb_column type=\u00bb3_5&#8243; module_class=\u00bbcentrer\u00bb _builder_version=\u00bb4.22.0&#8243; _module_preset=\u00bbdefault\u00bb global_colors_info=\u00bb{}\u00bb custom_css_main_element_tablet=\u00bbdisplay: flex;||justify-content: center;||align-items:center;||top: 20px;\u00bb custom_css_main_element_phone=\u00bbdisplay: flex;||justify-content: center;||align-items:center;||top: 20px;\u00bb custom_css_main_element_last_edited=\u00bbon|phone\u00bb][et_pb_text _builder_version=\u00bb4.22.0&#8243; _module_preset=\u00bbdefault\u00bb text_text_color=\u00bb#94c11e\u00bb text_font_size=\u00bb23px\u00bb global_colors_info=\u00bb{}\u00bb]<\/p>\n<p style=\"text-align: justify;\">Y para saber m\u00e1s sobre el oeste de Reuni\u00f3n :<\/p>\n<p>[\/et_pb_text][\/et_pb_column][et_pb_column type=\u00bb2_5&#8243; _builder_version=\u00bb4.20.2&#8243; _module_preset=\u00bbdefault\u00bb global_colors_info=\u00bb{}\u00bb][et_pb_image src=\u00bbhttps:\/\/www.villa-manaaki.com\/wp-content\/uploads\/2023\/06\/OTO.webp\u00bb title_text=\u00bbOTO\u00bb url=\u00bbhttps:\/\/www.ouest-lareunion.com\/\u00bb url_new_window=\u00bbon\u00bb align=\u00bbcenter\u00bb _builder_version=\u00bb4.20.2&#8243; _module_preset=\u00bbdefault\u00bb width=\u00bb50%\u00bb global_colors_info=\u00bb{}\u00bb width__hover_enabled=\u00bbon|hover\u00bb width__hover=\u00bb100%\u00bb][\/et_pb_image][\/et_pb_column][\/et_pb_row][et_pb_row column_structure=\u00bb3_5,2_5&#8243; use_custom_gutter=\u00bbon\u00bb make_equal=\u00bbon\u00bb _builder_version=\u00bb4.22.0&#8243; _module_preset=\u00bbdefault\u00bb background_color=\u00bbrgba(0,0,0,0.59)\u00bb background_enable_mask_style=\u00bbon\u00bb background_mask_style=\u00bbcaret\u00bb background_mask_color=\u00bbrgba(10,10,10,0.78)\u00bb background_mask_transform=\u00bbinvert\u00bb max_width=\u00bb1140px\u00bb custom_margin=\u00bb||2%||false|false\u00bb custom_padding=\u00bb0px||0px|1%|true|false\u00bb background_color_phone=\u00bbrgba(10,10,10,0.8)\u00bb background_last_edited=\u00bbon|tablet\u00bb background_enable_color_phone=\u00bbon\u00bb background_mask_transform_tablet=\u00bbinvert|flip_vertical|rotate_90_degree\u00bb background_mask_aspect_ratio_tablet=\u00bblandscape\u00bb background_mask_size_tablet=\u00bbcover\u00bb background_mask_blend_mode_tablet=\u00bbnormal\u00bb border_radii=\u00bbon|5px|5px|5px|5px\u00bb box_shadow_style=\u00bbpreset1&#8243; box_shadow_blur=\u00bb14px\u00bb box_shadow_spread=\u00bb8px\u00bb box_shadow_color=\u00bbrgba(0,0,0,0.66)\u00bb global_colors_info=\u00bb{}\u00bb custom_css_main_element_phone=\u00bbdisplay: flex;||justify-content: center;||align-items:center;||top: -40px;||text-align: center;\u00bb custom_css_main_element_last_edited=\u00bboff|desktop\u00bb][et_pb_column type=\u00bb3_5&#8243; module_class=\u00bbcentrer\u00bb _builder_version=\u00bb4.22.0&#8243; _module_preset=\u00bbdefault\u00bb global_colors_info=\u00bb{}\u00bb custom_css_main_element_last_edited=\u00bbon|phone\u00bb custom_css_main_element_tablet=\u00bbdisplay: flex;||justify-content: center;||align-items:center;||top: 20px;\u00bb custom_css_main_element_phone=\u00bbdisplay: flex;||justify-content: center;||align-items:center;||top: 20px;\u00bb][et_pb_text _builder_version=\u00bb4.22.0&#8243; _module_preset=\u00bbdefault\u00bb text_text_color=\u00bb#94c11e\u00bb text_font_size=\u00bb23px\u00bb global_colors_info=\u00bb{}\u00bb]<\/p>\n<p style=\"text-align: justify;\">Pronto, la intensa isla no tendr\u00e1 m\u00e1s secretos para ti:<\/p>\n<p>[\/et_pb_text][\/et_pb_column][et_pb_column type=\u00bb2_5&#8243; _builder_version=\u00bb4.20.2&#8243; _module_preset=\u00bbdefault\u00bb global_colors_info=\u00bb{}\u00bb][et_pb_image src=\u00bbhttps:\/\/www.villa-manaaki.com\/wp-content\/uploads\/2023\/06\/IRT.webp\u00bb title_text=\u00bbIRT\u00bb url=\u00bbhttps:\/\/www.reunion.fr\/\u00bb url_new_window=\u00bbon\u00bb align=\u00bbcenter\u00bb _builder_version=\u00bb4.20.2&#8243; _module_preset=\u00bbdefault\u00bb width=\u00bb50%\u00bb global_colors_info=\u00bb{}\u00bb width__hover=\u00bb100%\u00bb width__hover_enabled=\u00bbon|hover\u00bb][\/et_pb_image][\/et_pb_column][\/et_pb_row][et_pb_row column_structure=\u00bb3_5,2_5&#8243; use_custom_gutter=\u00bbon\u00bb make_equal=\u00bbon\u00bb _builder_version=\u00bb4.22.0&#8243; _module_preset=\u00bbdefault\u00bb background_color=\u00bbrgba(0,0,0,0.59)\u00bb background_enable_mask_style=\u00bbon\u00bb background_mask_style=\u00bbcaret\u00bb background_mask_color=\u00bbrgba(10,10,10,0.78)\u00bb background_mask_transform=\u00bbinvert\u00bb max_width=\u00bb1140px\u00bb custom_margin=\u00bb||2%||false|false\u00bb custom_padding=\u00bb0px||0px|1%|true|false\u00bb background_color_phone=\u00bbrgba(10,10,10,0.8)\u00bb background_last_edited=\u00bbon|tablet\u00bb background_enable_color_phone=\u00bbon\u00bb background_mask_transform_tablet=\u00bbinvert|flip_vertical|rotate_90_degree\u00bb background_mask_aspect_ratio_tablet=\u00bblandscape\u00bb background_mask_size_tablet=\u00bbcover\u00bb background_mask_blend_mode_tablet=\u00bbnormal\u00bb border_radii=\u00bbon|5px|5px|5px|5px\u00bb box_shadow_style=\u00bbpreset1&#8243; box_shadow_blur=\u00bb14px\u00bb box_shadow_spread=\u00bb8px\u00bb box_shadow_color=\u00bbrgba(0,0,0,0.66)\u00bb global_colors_info=\u00bb{}\u00bb][et_pb_column type=\u00bb3_5&#8243; module_class=\u00bbcentrer\u00bb _builder_version=\u00bb4.22.0&#8243; _module_preset=\u00bbdefault\u00bb global_colors_info=\u00bb{}\u00bb custom_css_main_element_tablet=\u00bbdisplay: flex;||justify-content: center;||align-items:center;||top:20px;\u00bb custom_css_main_element_phone=\u00bbdisplay: flex;||justify-content: center;||align-items:center;||top: 20px;\u00bb custom_css_main_element_last_edited=\u00bbon|phone\u00bb][et_pb_text _builder_version=\u00bb4.22.0&#8243; _module_preset=\u00bbdefault\u00bb text_text_color=\u00bb#94c11e\u00bb text_font_size=\u00bb23px\u00bb global_colors_info=\u00bb{}\u00bb]<\/p>\n<p style=\"text-align: justify;\">Aqu\u00ed tienes un resumen pict\u00f3rico de la reuni\u00f3n de Reuni\u00f3n:<\/p>\n<p>[\/et_pb_text][\/et_pb_column][et_pb_column type=\u00bb2_5&#8243; _builder_version=\u00bb4.20.2&#8243; _module_preset=\u00bbdefault\u00bb global_colors_info=\u00bb{}\u00bb][et_pb_image src=\u00bbhttps:\/\/www.villa-manaaki.com\/wp-content\/uploads\/2023\/06\/youtube.webp\u00bb title_text=\u00bbyoutube\u00bb url=\u00bbhttps:\/\/www.youtube.com\/watch?v=MPessv9vuzI\u00bb url_new_window=\u00bbon\u00bb align=\u00bbcenter\u00bb _builder_version=\u00bb4.20.2&#8243; _module_preset=\u00bbdefault\u00bb width=\u00bb50%\u00bb global_colors_info=\u00bb{}\u00bb width__hover=\u00bb100%\u00bb width__hover_enabled=\u00bbon|hover\u00bb][\/et_pb_image][\/et_pb_column][\/et_pb_row][et_pb_row column_structure=\u00bb3_5,2_5&#8243; use_custom_gutter=\u00bbon\u00bb make_equal=\u00bbon\u00bb _builder_version=\u00bb4.22.0&#8243; _module_preset=\u00bbdefault\u00bb background_color=\u00bbrgba(0,0,0,0.59)\u00bb background_enable_mask_style=\u00bbon\u00bb background_mask_style=\u00bbcaret\u00bb background_mask_color=\u00bbrgba(10,10,10,0.78)\u00bb background_mask_transform=\u00bbinvert\u00bb max_width=\u00bb1140px\u00bb custom_margin=\u00bb||2%||false|false\u00bb custom_padding=\u00bb60px|0px|60px|1%|true|false\u00bb background_color_phone=\u00bbrgba(10,10,10,0.8)\u00bb background_last_edited=\u00bbon|tablet\u00bb background_enable_color_phone=\u00bbon\u00bb background_mask_transform_tablet=\u00bbinvert|flip_vertical|rotate_90_degree\u00bb background_mask_aspect_ratio_tablet=\u00bblandscape\u00bb background_mask_size_tablet=\u00bbcover\u00bb background_mask_blend_mode_tablet=\u00bbnormal\u00bb border_radii=\u00bbon|5px|5px|5px|5px\u00bb box_shadow_style=\u00bbpreset1&#8243; box_shadow_blur=\u00bb14px\u00bb box_shadow_spread=\u00bb8px\u00bb box_shadow_color=\u00bbrgba(0,0,0,0.66)\u00bb global_colors_info=\u00bb{}\u00bb][et_pb_column type=\u00bb3_5&#8243; module_class=\u00bbcentrer\u00bb _builder_version=\u00bb4.22.0&#8243; _module_preset=\u00bbdefault\u00bb custom_padding=\u00bb||||false|false\u00bb global_colors_info=\u00bb{}\u00bb custom_css_main_element_last_edited=\u00bbon|desktop\u00bb custom_css_main_element_tablet=\u00bbdisplay: flex;||justify-content: center;||align-items:center;||top: -40px;\u00bb custom_css_main_element_phone=\u00bbdisplay: flex;||justify-content: center;||align-items:center;||top: -40px;||text-align: center;\u00bb][et_pb_text _builder_version=\u00bb4.22.0&#8243; _module_preset=\u00bbdefault\u00bb text_text_color=\u00bb#94c11e\u00bb text_font_size=\u00bb23px\u00bb global_colors_info=\u00bb{}\u00bb]Rutas de senderismo, trekking y mucho m\u00e1s :[\/et_pb_text][\/et_pb_column][et_pb_column type=\u00bb2_5&#8243; _builder_version=\u00bb4.20.2&#8243; _module_preset=\u00bbdefault\u00bb global_colors_info=\u00bb{}\u00bb][et_pb_image src=\u00bbhttps:\/\/www.villa-manaaki.com\/wp-content\/uploads\/2024\/02\/logo-1.png\u00bb alt=\u00bblogo rando piton.re\u00bb title_text=\u00bbrando-piton.re\u00bb url=\u00bbhttps:\/\/randopitons.re\/\u00bb url_new_window=\u00bbon\u00bb align=\u00bbcenter\u00bb _builder_version=\u00bb4.22.0&#8243; _module_preset=\u00bbdefault\u00bb width=\u00bb50%\u00bb global_colors_info=\u00bb{}\u00bb width__hover=\u00bb100%\u00bb width__hover_enabled=\u00bbon|hover\u00bb][\/et_pb_image][\/et_pb_column][\/et_pb_row][\/et_pb_section][et_pb_section fb_built=\u00bb1&#8243; fullwidth=\u00bbon\u00bb _builder_version=\u00bb4.20.2&#8243; _module_preset=\u00bbdefault\u00bb global_colors_info=\u00bb{}\u00bb][et_pb_fullwidth_image title_text=\u00bbPlan\u00bb _builder_version=\u00bb4.20.2&#8243; _module_preset=\u00bbdefault\u00bb global_colors_info=\u00bb{}\u00bb][\/et_pb_fullwidth_image][\/et_pb_section]<\/p>\n","protected":false},"excerpt":{"rendered":"<p>Para una estancia inolvidable en la isla intensa: descubre sus grandiosos paisajes, sus rutas de senderismo rutas de senderismotesoros escondidos, su rica cultura, lahospitalidad reunionense&#8230;Tanto si te gusta el senderismo, los paseos cortos, las playas, visitar jardines, museos, mercados&#8230; \u00a1encontrar\u00e1s lo que buscas a nuestro alrededor!Ven a descubrir las muchas y variadas bellezas que ofrece [&hellip;]<\/p>\n","protected":false},"author":1,"featured_media":0,"parent":0,"menu_order":0,"comment_status":"closed","ping_status":"closed","template":"","meta":{"_et_pb_use_builder":"on","_et_pb_old_content":"","_et_gb_content_width":"","inline_featured_image":false,"footnotes":""},"class_list":["post-2660","page","type-page","status-publish","hentry"],"yoast_head":"<!-- This site is optimized with the Yoast SEO plugin v27.3 - https:\/\/yoast.com\/product\/yoast-seo-wordpress\/ -->\n<title>Descubre la isla - Villa Manaaki<\/title>\n<meta name=\"robots\" content=\"index, follow, max-snippet:-1, max-image-preview:large, max-video-preview:-1\" \/>\n<link rel=\"canonical\" href=\"https:\/\/www.villa-manaaki.com\/es\/descubre-la-isla\/\" \/>\n<meta property=\"og:locale\" content=\"es_ES\" \/>\n<meta property=\"og:type\" content=\"article\" \/>\n<meta property=\"og:title\" content=\"Descubre la isla - Villa Manaaki\" \/>\n<meta property=\"og:description\" content=\"Para una estancia inolvidable en la isla intensa: descubre sus grandiosos paisajes, sus rutas de senderismo rutas de senderismotesoros escondidos, su rica cultura, lahospitalidad reunionense...Tanto si te gusta el senderismo, los paseos cortos, las playas, visitar jardines, museos, mercados... \u00a1encontrar\u00e1s lo que buscas a nuestro alrededor!Ven a descubrir las muchas y variadas bellezas que ofrece [&hellip;]\" \/>\n<meta property=\"og:url\" content=\"https:\/\/www.villa-manaaki.com\/es\/descubre-la-isla\/\" \/>\n<meta property=\"og:site_name\" content=\"Villa Manaaki\" \/>\n<meta property=\"article:modified_time\" content=\"2024-07-18T11:30:38+00:00\" \/>\n<meta name=\"twitter:card\" content=\"summary_large_image\" \/>\n<meta name=\"twitter:label1\" content=\"Tiempo de lectura\" \/>\n\t<meta name=\"twitter:data1\" content=\"50 minutos\" \/>\n<script type=\"application\/ld+json\" class=\"yoast-schema-graph\">{\"@context\":\"https:\\\/\\\/schema.org\",\"@graph\":[{\"@type\":\"WebPage\",\"@id\":\"https:\\\/\\\/www.villa-manaaki.com\\\/es\\\/descubre-la-isla\\\/\",\"url\":\"https:\\\/\\\/www.villa-manaaki.com\\\/es\\\/descubre-la-isla\\\/\",\"name\":\"Descubre la isla - Villa Manaaki\",\"isPartOf\":{\"@id\":\"https:\\\/\\\/www.villa-manaaki.com\\\/es\\\/#website\"},\"datePublished\":\"2023-05-30T12:00:16+00:00\",\"dateModified\":\"2024-07-18T11:30:38+00:00\",\"breadcrumb\":{\"@id\":\"https:\\\/\\\/www.villa-manaaki.com\\\/es\\\/descubre-la-isla\\\/#breadcrumb\"},\"inLanguage\":\"es\",\"potentialAction\":[{\"@type\":\"ReadAction\",\"target\":[\"https:\\\/\\\/www.villa-manaaki.com\\\/es\\\/descubre-la-isla\\\/\"]}]},{\"@type\":\"BreadcrumbList\",\"@id\":\"https:\\\/\\\/www.villa-manaaki.com\\\/es\\\/descubre-la-isla\\\/#breadcrumb\",\"itemListElement\":[{\"@type\":\"ListItem\",\"position\":1,\"name\":\"Accueil\",\"item\":\"https:\\\/\\\/www.villa-manaaki.com\\\/es\\\/\"},{\"@type\":\"ListItem\",\"position\":2,\"name\":\"Descubre la isla\"}]},{\"@type\":\"WebSite\",\"@id\":\"https:\\\/\\\/www.villa-manaaki.com\\\/es\\\/#website\",\"url\":\"https:\\\/\\\/www.villa-manaaki.com\\\/es\\\/\",\"name\":\"Villa Manaaki\",\"description\":\"Chambres d\u2019h\u00f4tes de charme \u00e0 Saint-Paul (La R\u00e9union)\",\"publisher\":{\"@id\":\"https:\\\/\\\/www.villa-manaaki.com\\\/es\\\/#organization\"},\"potentialAction\":[{\"@type\":\"SearchAction\",\"target\":{\"@type\":\"EntryPoint\",\"urlTemplate\":\"https:\\\/\\\/www.villa-manaaki.com\\\/es\\\/?s={search_term_string}\"},\"query-input\":{\"@type\":\"PropertyValueSpecification\",\"valueRequired\":true,\"valueName\":\"search_term_string\"}}],\"inLanguage\":\"es\"},{\"@type\":\"Organization\",\"@id\":\"https:\\\/\\\/www.villa-manaaki.com\\\/es\\\/#organization\",\"name\":\"Villa Manaaki\",\"url\":\"https:\\\/\\\/www.villa-manaaki.com\\\/es\\\/\",\"logo\":{\"@type\":\"ImageObject\",\"inLanguage\":\"es\",\"@id\":\"https:\\\/\\\/www.villa-manaaki.com\\\/es\\\/#\\\/schema\\\/logo\\\/image\\\/\",\"url\":\"https:\\\/\\\/www.villa-manaaki.com\\\/wp-content\\\/uploads\\\/2023\\\/03\\\/LOGO.webp\",\"contentUrl\":\"https:\\\/\\\/www.villa-manaaki.com\\\/wp-content\\\/uploads\\\/2023\\\/03\\\/LOGO.webp\",\"width\":899,\"height\":446,\"caption\":\"Villa Manaaki\"},\"image\":{\"@id\":\"https:\\\/\\\/www.villa-manaaki.com\\\/es\\\/#\\\/schema\\\/logo\\\/image\\\/\"}}]}<\/script>\n<!-- \/ Yoast SEO plugin. -->","yoast_head_json":{"title":"Descubre la isla - Villa Manaaki","robots":{"index":"index","follow":"follow","max-snippet":"max-snippet:-1","max-image-preview":"max-image-preview:large","max-video-preview":"max-video-preview:-1"},"canonical":"https:\/\/www.villa-manaaki.com\/es\/descubre-la-isla\/","og_locale":"es_ES","og_type":"article","og_title":"Descubre la isla - Villa Manaaki","og_description":"Para una estancia inolvidable en la isla intensa: descubre sus grandiosos paisajes, sus rutas de senderismo rutas de senderismotesoros escondidos, su rica cultura, lahospitalidad reunionense...Tanto si te gusta el senderismo, los paseos cortos, las playas, visitar jardines, museos, mercados... \u00a1encontrar\u00e1s lo que buscas a nuestro alrededor!Ven a descubrir las muchas y variadas bellezas que ofrece [&hellip;]","og_url":"https:\/\/www.villa-manaaki.com\/es\/descubre-la-isla\/","og_site_name":"Villa Manaaki","article_modified_time":"2024-07-18T11:30:38+00:00","twitter_card":"summary_large_image","twitter_misc":{"Tiempo de lectura":"50 minutos"},"schema":{"@context":"https:\/\/schema.org","@graph":[{"@type":"WebPage","@id":"https:\/\/www.villa-manaaki.com\/es\/descubre-la-isla\/","url":"https:\/\/www.villa-manaaki.com\/es\/descubre-la-isla\/","name":"Descubre la isla - Villa Manaaki","isPartOf":{"@id":"https:\/\/www.villa-manaaki.com\/es\/#website"},"datePublished":"2023-05-30T12:00:16+00:00","dateModified":"2024-07-18T11:30:38+00:00","breadcrumb":{"@id":"https:\/\/www.villa-manaaki.com\/es\/descubre-la-isla\/#breadcrumb"},"inLanguage":"es","potentialAction":[{"@type":"ReadAction","target":["https:\/\/www.villa-manaaki.com\/es\/descubre-la-isla\/"]}]},{"@type":"BreadcrumbList","@id":"https:\/\/www.villa-manaaki.com\/es\/descubre-la-isla\/#breadcrumb","itemListElement":[{"@type":"ListItem","position":1,"name":"Accueil","item":"https:\/\/www.villa-manaaki.com\/es\/"},{"@type":"ListItem","position":2,"name":"Descubre la isla"}]},{"@type":"WebSite","@id":"https:\/\/www.villa-manaaki.com\/es\/#website","url":"https:\/\/www.villa-manaaki.com\/es\/","name":"Villa Manaaki","description":"Chambres d\u2019h\u00f4tes de charme \u00e0 Saint-Paul (La R\u00e9union)","publisher":{"@id":"https:\/\/www.villa-manaaki.com\/es\/#organization"},"potentialAction":[{"@type":"SearchAction","target":{"@type":"EntryPoint","urlTemplate":"https:\/\/www.villa-manaaki.com\/es\/?s={search_term_string}"},"query-input":{"@type":"PropertyValueSpecification","valueRequired":true,"valueName":"search_term_string"}}],"inLanguage":"es"},{"@type":"Organization","@id":"https:\/\/www.villa-manaaki.com\/es\/#organization","name":"Villa Manaaki","url":"https:\/\/www.villa-manaaki.com\/es\/","logo":{"@type":"ImageObject","inLanguage":"es","@id":"https:\/\/www.villa-manaaki.com\/es\/#\/schema\/logo\/image\/","url":"https:\/\/www.villa-manaaki.com\/wp-content\/uploads\/2023\/03\/LOGO.webp","contentUrl":"https:\/\/www.villa-manaaki.com\/wp-content\/uploads\/2023\/03\/LOGO.webp","width":899,"height":446,"caption":"Villa Manaaki"},"image":{"@id":"https:\/\/www.villa-manaaki.com\/es\/#\/schema\/logo\/image\/"}}]}},"_links":{"self":[{"href":"https:\/\/www.villa-manaaki.com\/es\/wp-json\/wp\/v2\/pages\/2660","targetHints":{"allow":["GET"]}}],"collection":[{"href":"https:\/\/www.villa-manaaki.com\/es\/wp-json\/wp\/v2\/pages"}],"about":[{"href":"https:\/\/www.villa-manaaki.com\/es\/wp-json\/wp\/v2\/types\/page"}],"author":[{"embeddable":true,"href":"https:\/\/www.villa-manaaki.com\/es\/wp-json\/wp\/v2\/users\/1"}],"replies":[{"embeddable":true,"href":"https:\/\/www.villa-manaaki.com\/es\/wp-json\/wp\/v2\/comments?post=2660"}],"version-history":[{"count":2,"href":"https:\/\/www.villa-manaaki.com\/es\/wp-json\/wp\/v2\/pages\/2660\/revisions"}],"predecessor-version":[{"id":2662,"href":"https:\/\/www.villa-manaaki.com\/es\/wp-json\/wp\/v2\/pages\/2660\/revisions\/2662"}],"wp:attachment":[{"href":"https:\/\/www.villa-manaaki.com\/es\/wp-json\/wp\/v2\/media?parent=2660"}],"curies":[{"name":"wp","href":"https:\/\/api.w.org\/{rel}","templated":true}]}}